{"id":2783,"date":"2021-08-30T11:26:56","date_gmt":"2021-08-30T09:26:56","guid":{"rendered":"https:\/\/talentinpeople.com\/talent-in-training\/"},"modified":"2021-09-01T10:22:25","modified_gmt":"2021-09-01T08:22:25","slug":"talent-in-training","status":"publish","type":"page","link":"https:\/\/talentinpeople.com\/fr\/talent-in-training\/","title":{"rendered":"Talent in training"},"content":{"rendered":"\t\t<div data-elementor-type=\"wp-page\" data-elementor-id=\"2783\" class=\"elementor elementor-2783 elementor-1824\" data-elementor-settings=\"{&quot;element_pack_global_tooltip_width&quot;:{&quot;unit&quot;:&quot;px&quot;,&quot;size&quot;:&quot;&quot;,&quot;sizes&quot;:[]},&quot;element_pack_global_tooltip_width_tablet&quot;:{&quot;unit&quot;:&quot;px&quot;,&quot;size&quot;:&quot;&quot;,&quot;sizes&quot;:[]},&quot;element_pack_global_tooltip_width_mobile&quot;:{&quot;unit&quot;:&quot;px&quot;,&quot;size&quot;:&quot;&quot;,&quot;sizes&quot;:[]},&quot;element_pack_global_tooltip_padding&quot;:{&quot;unit&quot;:&quot;px&quot;,&quot;top&quot;:&quot;&quot;,&quot;right&quot;:&quot;&quot;,&quot;bottom&quot;:&quot;&quot;,&quot;left&quot;:&quot;&quot;,&quot;isLinked&quot;:true},&quot;element_pack_global_tooltip_padding_tablet&quot;:{&quot;unit&quot;:&quot;px&quot;,&quot;top&quot;:&quot;&quot;,&quot;right&quot;:&quot;&quot;,&quot;bottom&quot;:&quot;&quot;,&quot;left&quot;:&quot;&quot;,&quot;isLinked&quot;:true},&quot;element_pack_global_tooltip_padding_mobile&quot;:{&quot;unit&quot;:&quot;px&quot;,&quot;top&quot;:&quot;&quot;,&quot;right&quot;:&quot;&quot;,&quot;bottom&quot;:&quot;&quot;,&quot;left&quot;:&quot;&quot;,&quot;isLinked&quot;:true},&quot;element_pack_global_tooltip_border_radius&quot;:{&quot;unit&quot;:&quot;px&quot;,&quot;top&quot;:&quot;&quot;,&quot;right&quot;:&quot;&quot;,&quot;bottom&quot;:&quot;&quot;,&quot;left&quot;:&quot;&quot;,&quot;isLinked&quot;:true},&quot;element_pack_global_tooltip_border_radius_tablet&quot;:{&quot;unit&quot;:&quot;px&quot;,&quot;top&quot;:&quot;&quot;,&quot;right&quot;:&quot;&quot;,&quot;bottom&quot;:&quot;&quot;,&quot;left&quot;:&quot;&quot;,&quot;isLinked&quot;:true},&quot;element_pack_global_tooltip_border_radius_mobile&quot;:{&quot;unit&quot;:&quot;px&quot;,&quot;top&quot;:&quot;&quot;,&quot;right&quot;:&quot;&quot;,&quot;bottom&quot;:&quot;&quot;,&quot;left&quot;:&quot;&quot;,&quot;isLinked&quot;:true}}\" data-elementor-post-type=\"page\">\n\t\t\t\t\t\t<section class=\"elementor-section elementor-top-section elementor-element elementor-element-1149217 elementor-section-boxed elementor-section-height-default elementor-section-height-default\" data-id=\"1149217\" data-element_type=\"section\" data-e-type=\"section\">\n\t\t\t\t\t\t<div class=\"elementor-container elementor-column-gap-default\">\n\t\t\t\t\t<div class=\"elementor-column elementor-col-100 elementor-top-column elementor-element elementor-element-669b47d\" data-id=\"669b47d\" data-element_type=\"column\" data-e-type=\"column\">\n\t\t\t<div class=\"elementor-widget-wrap elementor-element-populated\">\n\t\t\t\t\t\t<div class=\"elementor-element elementor-element-8c114cf elementor-widget elementor-widget-html\" data-id=\"8c114cf\" data-element_type=\"widget\" data-e-type=\"widget\" data-widget_type=\"html.default\">\n\t\t\t\t<div class=\"elementor-widget-container\">\n\t\t\t\t\t<div class=\"titulos_web_talent titulo_training_descripcion\">\r\n    <img decoding=\"async\" src=\"https:\/\/talentinpeople.com\/wp-content\/uploads\/2021\/03\/detalletitulo.png\">\r\n    <h2 class=\"titulo\">DESCRIPTION<\/h2>\r\n    <div class=\"textos-alineados\">\r\n        <span class=\"textos texto_a\">Talent in Training<\/span>\r\n    <\/div>\r\n<\/div>\t\t\t\t<\/div>\n\t\t\t\t<\/div>\n\t\t\t\t\t<\/div>\n\t\t<\/div>\n\t\t\t\t\t<\/div>\n\t\t<\/section>\n\t\t\t\t<section class=\"elementor-section elementor-top-section elementor-element elementor-element-d88016f bloques-talent-web elementor-section-boxed elementor-section-height-default elementor-section-height-default\" data-id=\"d88016f\" data-element_type=\"section\" data-e-type=\"section\">\n\t\t\t\t\t\t<div class=\"elementor-container elementor-column-gap-default\">\n\t\t\t\t\t<div class=\"elementor-column elementor-col-100 elementor-top-column elementor-element elementor-element-0632c0e\" data-id=\"0632c0e\" data-element_type=\"column\" data-e-type=\"column\">\n\t\t\t<div class=\"elementor-widget-wrap elementor-element-populated\">\n\t\t\t\t\t\t<div class=\"elementor-element elementor-element-9b2ec54 imagen elementor-widget elementor-widget-image\" data-id=\"9b2ec54\" data-element_type=\"widget\" data-e-type=\"widget\" data-widget_type=\"image.default\">\n\t\t\t\t<div class=\"elementor-widget-container\">\n\t\t\t\t\t\t\t\t\t\t\t\t\t\t\t<img fetchpriority=\"high\" decoding=\"async\" width=\"2560\" height=\"1470\" src=\"https:\/\/talentinpeople.com\/wp-content\/uploads\/2021\/05\/3D9A9734-training-scaled.jpg\" class=\"attachment-full size-full wp-image-2277\" alt=\"Trainer y Formador para empresas\" srcset=\"https:\/\/talentinpeople.com\/wp-content\/uploads\/2021\/05\/3D9A9734-training-scaled.jpg 2560w, https:\/\/talentinpeople.com\/wp-content\/uploads\/2021\/05\/3D9A9734-training-300x172.jpg 300w, https:\/\/talentinpeople.com\/wp-content\/uploads\/2021\/05\/3D9A9734-training-1024x588.jpg 1024w, https:\/\/talentinpeople.com\/wp-content\/uploads\/2021\/05\/3D9A9734-training-768x441.jpg 768w, https:\/\/talentinpeople.com\/wp-content\/uploads\/2021\/05\/3D9A9734-training-1536x882.jpg 1536w, https:\/\/talentinpeople.com\/wp-content\/uploads\/2021\/05\/3D9A9734-training-2048x1176.jpg 2048w\" sizes=\"(max-width: 2560px) 100vw, 2560px\" \/>\t\t\t\t\t\t\t\t\t\t\t\t\t\t\t<\/div>\n\t\t\t\t<\/div>\n\t\t\t\t<div class=\"elementor-element elementor-element-06c9b0a texto elementor-widget elementor-widget-text-editor\" data-id=\"06c9b0a\" data-element_type=\"widget\" data-e-type=\"widget\" data-widget_type=\"text-editor.default\">\n\t\t\t\t<div class=\"elementor-widget-container\">\n\t\t\t\t\t\t\t\t\t<h1>FORMATION ET \u00c9DUCATION POUR LES ENTREPRISES<\/h1>\n<p><strong>La formation comme exp\u00e9rience transformatrice des personnes et des organisations.<\/strong><\/p>\n<p><strong>Talent in Training<\/strong> propose des programmes et des parcours de formation orient\u00e9s vers le d\u00e9veloppement des <strong>soft skills<\/strong>, un ensemble d&rsquo;<strong>aptitudes personnelles, relationnelles<\/strong> et <strong>directives<\/strong>, dont les organisations ont besoin et qu&rsquo;elles recherchent de plus en plus chez leurs professionnels.<\/p>\n<p><span style=\"font-weight: var( --e-global-typography-text-font-weight );\">Renforcer la cr\u00e9ativit\u00e9 et la flexibilit\u00e9 dans un environnement collaboratif, s&rsquo;entra\u00eener sainement \u00e0 des conversations difficiles, mener des \u00e9quipes virtuelles et d\u00e9velopper des personnes \u00e0 distance, sont quelques exemples d&rsquo;objectifs que les participants peuvent atteindre afin de renforcer leurs comp\u00e9tences.<\/span><\/p>\n<p>Notre philosophie consiste \u00e0 placer la personne au centre de son propre <strong>itin\u00e9raire de formation<\/strong>, au moyen d&rsquo;un <strong>accompagnement individualis\u00e9<\/strong> et adapt\u00e9 \u00e0 la r\u00e9alit\u00e9 de chaque organisation.<\/p>\n<p>Nous sommes experts dans l&rsquo;utilisation de <strong>m\u00e9thodologies d&rsquo;apprentissage exp\u00e9rientiel<\/strong> qui nous permettent d&rsquo;appliquer le mod\u00e8le de Kolb \u00e0 la formation en comp\u00e9tences :<\/p>\n<ul>\n<li>Nous commen\u00e7ons par une mise en situation des personnes en r\u00e9alisant des exercices et des dynamiques qui leur permettent de pratiquer diff\u00e9rentes comp\u00e9tences.<\/li>\n<li>Nous facilitons un processus d&rsquo;analyse de groupe et individuelle de ce qui s&rsquo;est produit, afin de tirer des enseignements de cette phase de r\u00e9flexion.<\/li>\n<li>Nous conceptualisons l&rsquo;exp\u00e9rience des participants \u00e0 travers des id\u00e9es et des r\u00e8gles qui aident \u00e0 expliquer les comportements observ\u00e9s.<\/li>\n<li>Nous appliquons l&rsquo;apprentissage au quotidien des participants afin de les aider \u00e0 mettre en pratique leurs propres plans d&rsquo;am\u00e9lioration. Nous atteignons ainsi l&rsquo;objectif de la formation qui consiste \u00e0 orienter les personnes vers l&rsquo;action.<\/li>\n<\/ul>\n\t\t\t\t\t\t\t\t<\/div>\n\t\t\t\t<\/div>\n\t\t\t\t\t<\/div>\n\t\t<\/div>\n\t\t\t\t\t<\/div>\n\t\t<\/section>\n\t\t\t\t<section class=\"elementor-section elementor-top-section elementor-element elementor-element-24c5720 elementor-section-boxed elementor-section-height-default elementor-section-height-default\" data-id=\"24c5720\" data-element_type=\"section\" data-e-type=\"section\">\n\t\t\t\t\t\t<div class=\"elementor-container elementor-column-gap-default\">\n\t\t\t\t\t<div class=\"elementor-column elementor-col-100 elementor-top-column elementor-element elementor-element-2e4e892\" data-id=\"2e4e892\" data-element_type=\"column\" data-e-type=\"column\">\n\t\t\t<div class=\"elementor-widget-wrap elementor-element-populated\">\n\t\t\t\t\t\t<div class=\"elementor-element elementor-element-5018555 elementor-widget elementor-widget-html\" data-id=\"5018555\" data-element_type=\"widget\" data-e-type=\"widget\" data-widget_type=\"html.default\">\n\t\t\t\t<div class=\"elementor-widget-container\">\n\t\t\t\t\t<div class=\"titulos_web_talent titulo_training_nuestros_clientes\">\r\n    <img decoding=\"async\" src=\"https:\/\/talentinpeople.com\/wp-content\/uploads\/2021\/03\/detalletitulo.png\">\r\n    <h2 class=\"titulo\">NOS CLIENTS<\/h2>\r\n    <div class=\"textos-alineados\">\r\n        <span class=\"textos texto_a\">Talent in Training<\/span>\r\n    <\/div>\r\n<\/div>\t\t\t\t<\/div>\n\t\t\t\t<\/div>\n\t\t\t\t\t<\/div>\n\t\t<\/div>\n\t\t\t\t\t<\/div>\n\t\t<\/section>\n\t\t\t\t<section class=\"elementor-section elementor-top-section elementor-element elementor-element-1b6f8ca elementor-section-full_width elementor-section-stretched elementor-section-height-default elementor-section-height-default\" data-id=\"1b6f8ca\" data-element_type=\"section\" data-e-type=\"section\" data-settings=\"{&quot;stretch_section&quot;:&quot;section-stretched&quot;}\">\n\t\t\t\t\t\t<div class=\"elementor-container elementor-column-gap-default\">\n\t\t\t\t\t<div class=\"elementor-column elementor-col-100 elementor-top-column elementor-element elementor-element-c6a1339\" data-id=\"c6a1339\" data-element_type=\"column\" data-e-type=\"column\">\n\t\t\t<div class=\"elementor-widget-wrap elementor-element-populated\">\n\t\t\t\t\t\t<div class=\"elementor-element elementor-element-e5d24e7 elementor-pagination-position-outside elementor-widget elementor-widget-image-carousel\" data-id=\"e5d24e7\" data-element_type=\"widget\" data-e-type=\"widget\" data-settings=\"{&quot;slides_to_show&quot;:&quot;5&quot;,&quot;navigation&quot;:&quot;dots&quot;,&quot;slides_to_show_tablet&quot;:&quot;3&quot;,&quot;slides_to_show_mobile&quot;:&quot;1&quot;,&quot;autoplay&quot;:&quot;no&quot;,&quot;infinite&quot;:&quot;yes&quot;,&quot;speed&quot;:500}\" data-widget_type=\"image-carousel.default\">\n\t\t\t\t<div class=\"elementor-widget-container\">\n\t\t\t\t\t\t\t<div class=\"elementor-image-carousel-wrapper swiper\" role=\"region\" aria-roledescription=\"carousel\" aria-label=\"Carrousel d\u2019images\" dir=\"ltr\">\n\t\t\t<div class=\"elementor-image-carousel swiper-wrapper\" aria-live=\"polite\">\n\t\t\t\t\t\t\t\t<div class=\"swiper-slide\" role=\"group\" aria-roledescription=\"slide\" aria-label=\"1 sur 9\"><figure class=\"swiper-slide-inner\"><img decoding=\"async\" class=\"swiper-slide-image\" src=\"https:\/\/talentinpeople.com\/wp-content\/uploads\/2021\/05\/Logo-ALK-Abello-1.png\" alt=\"Logo-ALK-Abell\u00f3\" \/><\/figure><\/div><div class=\"swiper-slide\" role=\"group\" aria-roledescription=\"slide\" aria-label=\"2 sur 9\"><figure class=\"swiper-slide-inner\"><img decoding=\"async\" class=\"swiper-slide-image\" src=\"https:\/\/talentinpeople.com\/wp-content\/uploads\/2021\/05\/Logo-abb.png\" alt=\"Logo-abb\" \/><\/figure><\/div><div class=\"swiper-slide\" role=\"group\" aria-roledescription=\"slide\" aria-label=\"3 sur 9\"><figure class=\"swiper-slide-inner\"><img decoding=\"async\" class=\"swiper-slide-image\" src=\"https:\/\/talentinpeople.com\/wp-content\/uploads\/2021\/05\/Logo-Conafe.jpg.png\" alt=\"Logo-Conafe.jpg\" \/><\/figure><\/div><div class=\"swiper-slide\" role=\"group\" aria-roledescription=\"slide\" aria-label=\"4 sur 9\"><figure class=\"swiper-slide-inner\"><img decoding=\"async\" class=\"swiper-slide-image\" src=\"https:\/\/talentinpeople.com\/wp-content\/uploads\/2021\/05\/Logo-esade.jpg.png\" alt=\"Logo-esade.jpg\" \/><\/figure><\/div><div class=\"swiper-slide\" role=\"group\" aria-roledescription=\"slide\" aria-label=\"5 sur 9\"><figure class=\"swiper-slide-inner\"><img decoding=\"async\" class=\"swiper-slide-image\" src=\"https:\/\/talentinpeople.com\/wp-content\/uploads\/2021\/05\/Logo-Fnac-1.png\" alt=\"Logo-Fnac\" \/><\/figure><\/div><div class=\"swiper-slide\" role=\"group\" aria-roledescription=\"slide\" aria-label=\"6 sur 9\"><figure class=\"swiper-slide-inner\"><img decoding=\"async\" class=\"swiper-slide-image\" src=\"https:\/\/talentinpeople.com\/wp-content\/uploads\/2021\/05\/Logo-Global-Switch-1.png\" alt=\"Logo-Global Switch\" \/><\/figure><\/div><div class=\"swiper-slide\" role=\"group\" aria-roledescription=\"slide\" aria-label=\"7 sur 9\"><figure class=\"swiper-slide-inner\"><img decoding=\"async\" class=\"swiper-slide-image\" src=\"https:\/\/talentinpeople.com\/wp-content\/uploads\/2021\/05\/Logo-hospital-universitario-severo-ochoa.jpg.png\" alt=\"Logo-hospital-universitario-severo-ochoa.jpg\" \/><\/figure><\/div><div class=\"swiper-slide\" role=\"group\" aria-roledescription=\"slide\" aria-label=\"8 sur 9\"><figure class=\"swiper-slide-inner\"><img decoding=\"async\" class=\"swiper-slide-image\" src=\"https:\/\/talentinpeople.com\/wp-content\/uploads\/2021\/05\/Logo-microsoft.jpg.png\" alt=\"Logo-microsoft.jpg\" \/><\/figure><\/div><div class=\"swiper-slide\" role=\"group\" aria-roledescription=\"slide\" aria-label=\"9 sur 9\"><figure class=\"swiper-slide-inner\"><img decoding=\"async\" class=\"swiper-slide-image\" src=\"https:\/\/talentinpeople.com\/wp-content\/uploads\/2021\/05\/Logo-SportsNet-1.png\" alt=\"Logo-SportsNet\" \/><\/figure><\/div>\t\t\t<\/div>\n\t\t\t\t\t\t\t\n\t\t\t\t\t\t\t\t\t<div class=\"swiper-pagination\"><\/div>\n\t\t\t\t\t\t\t\t\t<\/div>\n\t\t\t\t\t\t<\/div>\n\t\t\t\t<\/div>\n\t\t\t\t\t<\/div>\n\t\t<\/div>\n\t\t\t\t\t<\/div>\n\t\t<\/section>\n\t\t\t\t<section class=\"elementor-section elementor-top-section elementor-element elementor-element-764a750 elementor-section-boxed elementor-section-height-default elementor-section-height-default\" data-id=\"764a750\" data-element_type=\"section\" data-e-type=\"section\">\n\t\t\t\t\t\t<div class=\"elementor-container elementor-column-gap-default\">\n\t\t\t\t\t<div class=\"elementor-column elementor-col-100 elementor-top-column elementor-element elementor-element-20b60dd\" data-id=\"20b60dd\" data-element_type=\"column\" data-e-type=\"column\">\n\t\t\t<div class=\"elementor-widget-wrap elementor-element-populated\">\n\t\t\t\t\t\t<div class=\"elementor-element elementor-element-69a2967 elementor-widget elementor-widget-html\" data-id=\"69a2967\" data-element_type=\"widget\" data-e-type=\"widget\" data-widget_type=\"html.default\">\n\t\t\t\t<div class=\"elementor-widget-container\">\n\t\t\t\t\t<div class=\"titulos_web_talent titulo_training_proceso\">\r\n    <img decoding=\"async\" src=\"https:\/\/talentinpeople.com\/wp-content\/uploads\/2021\/03\/detalletitulo.png\">\r\n    <h2 class=\"titulo\">PROCESSUS DE TRAVAIL<\/h2>\r\n    <div class=\"textos-alineados\">\r\n        <span class=\"textos texto_a\">Talent in Training<\/span>\r\n    <\/div>\r\n<\/div>\t\t\t\t<\/div>\n\t\t\t\t<\/div>\n\t\t\t\t<div class=\"elementor-element elementor-element-d14c3d3 elementor-widget elementor-widget-text-editor\" data-id=\"d14c3d3\" data-element_type=\"widget\" data-e-type=\"widget\" data-widget_type=\"text-editor.default\">\n\t\t\t\t<div class=\"elementor-widget-container\">\n\t\t\t\t\t\t\t\t\t<p>Tous nos programmes et nos parcours de formation se d\u00e9roulent g\u00e9n\u00e9ralement en trois phases:<\/p>\n<ol>\n<li><strong>Au d\u00e9but de chaque projet:<\/strong><\/li>\n<\/ol>\n<ul>\n<li>Utilisation de questionnaires et d&rsquo;outils de diagnostic pour \u00e9valuer les personnes, les \u00e9quipes et les organisations.<\/li>\n<li>Mise en place d&rsquo;entretiens de d\u00e9tection de besoins.<\/li>\n<li>Application de focus groups, de mystery shopping et d&rsquo;autres processus d&rsquo;observation on-the-job en fonction des besoins de chaque programme.<\/li>\n<\/ul>\n<ol start=\"2\">\n<li><strong>Pendant le parcours de formation:<\/strong><\/li>\n<\/ol>\n<ul>\n<li>Mise en place de jeux de r\u00f4le et de dynamiques, en format pr\u00e9sentiel ou en ligne.<\/li>\n<li>Application de la gamification aux activit\u00e9s et au processus d&rsquo;apprentissage.<\/li>\n<li>Utilisation d&rsquo;outils de facilitation des processus d&rsquo;analyse et de r\u00e9flexion.<\/li>\n<li>Alternance de sessions de groupe et d&rsquo;activit\u00e9s \u00e0 distance pour renforcer et\/ou appliquer les connaissances \u00e0 la r\u00e9alit\u00e9 des participants.<\/li>\n<li>R\u00e9alisation de plans d&rsquo;action individuels et collectifs.<\/li>\n<\/ul>\n<ol start=\"3\">\n<li><strong>Suivi post\u00e9rieur<\/strong><\/li>\n<\/ol>\n<ul>\n<li>Entretiens individuels afin d\u2019\u00e9valuer l&rsquo;application des plans d&rsquo;am\u00e9lioration.<\/li>\n<li>Mise en pratique au moyen d&rsquo;activit\u00e9s on-the-job.<\/li>\n<li>Questionnaire et outils de diagnostic afin de comparer les r\u00e9sultats obtenus avec la phase initiale.<\/li>\n<\/ul>\n\t\t\t\t\t\t\t\t<\/div>\n\t\t\t\t<\/div>\n\t\t\t\t\t<\/div>\n\t\t<\/div>\n\t\t\t\t\t<\/div>\n\t\t<\/section>\n\t\t\t\t<section class=\"elementor-section elementor-top-section elementor-element elementor-element-e90a762 elementor-section-boxed elementor-section-height-default elementor-section-height-default\" data-id=\"e90a762\" data-element_type=\"section\" data-e-type=\"section\">\n\t\t\t\t\t\t<div class=\"elementor-container elementor-column-gap-default\">\n\t\t\t\t\t<div class=\"elementor-column elementor-col-100 elementor-top-column elementor-element elementor-element-160b5bd\" data-id=\"160b5bd\" data-element_type=\"column\" data-e-type=\"column\">\n\t\t\t<div class=\"elementor-widget-wrap elementor-element-populated\">\n\t\t\t\t\t\t<div class=\"elementor-element elementor-element-e2946a3 elementor-widget elementor-widget-html\" data-id=\"e2946a3\" data-element_type=\"widget\" data-e-type=\"widget\" data-widget_type=\"html.default\">\n\t\t\t\t<div class=\"elementor-widget-container\">\n\t\t\t\t\t<div class=\"titulos_web_talent titulo_training_experiencia\">\r\n    <img decoding=\"async\" src=\"https:\/\/talentinpeople.com\/wp-content\/uploads\/2021\/03\/detalletitulo.png\">\r\n    <h2 class=\"titulo\">NOTRE EXP\u00c9RIENCE<\/h2>\r\n    <div class=\"textos-alineados\">\r\n        <span class=\"textos texto_a\">Talent in Training<\/span>\r\n    <\/div>\r\n<\/div>\t\t\t\t<\/div>\n\t\t\t\t<\/div>\n\t\t\t\t<div class=\"elementor-element elementor-element-4adebf7 elementor-widget elementor-widget-text-editor\" data-id=\"4adebf7\" data-element_type=\"widget\" data-e-type=\"widget\" data-widget_type=\"text-editor.default\">\n\t\t\t\t<div class=\"elementor-widget-container\">\n\t\t\t\t\t\t\t\t\t<p>Fr\u00e9d\u00e9ric Charrier a consacr\u00e9 la majeure partie de sa vie professionnelle \u00e0 la formation dans le domaine des aptitudes directives et sociales, \u00e9galement connues sous le nom de \u00ab soft skills.<\/p>\n<p>Ses connaissances et son exp\u00e9rience en ont fait un expert dans les domaines et les th\u00e9matiques suivants:<\/p>\n<ul>\n<li>Leadership et \u00e9panouissement de collaborateurs.<\/li>\n<li>Travail en \u00e9quipe, pr\u00e9sentiel et virtuel.<\/li>\n<li>Communication sous tous ses aspects : communication interpersonnelle, en public, en r\u00e9union.<\/li>\n<li>N\u00e9gociation et gestion de conflits.<\/li>\n<li>Gestion du changement, cr\u00e9ativit\u00e9 et innovation.<\/li>\n<li>Efficacit\u00e9 personnelle et gestion du temps.<\/li>\n<li>Gestion du stress et des \u00e9motions.<\/li>\n<\/ul>\n<p>Fr\u00e9d\u00e9ric con\u00e7oit la formation en soft skills comme l&rsquo;union de trois aspects cl\u00e9:<\/p>\n<ol>\n<li><strong>S\u2019engager envers les objectifs  <\/strong>d&rsquo;am\u00e9lioration des aptitudes identifi\u00e9es par l&rsquo;entreprise pour ses collaborateurs.<\/li>\n<li><strong>Cultiver l\u2019empathie  <\/strong>comme moyen de se rapprocher du contexte des participants et d\u2019adapter la formation \u00e0 leurs besoins.<\/li>\n<li><strong>Promouvoir l\u2019apprentissage exp\u00e9rientiel <\/strong> comme m\u00e9thodologie de mise en situation des personnes et les accompagner dans la voie du changement.<\/li>\n<\/ol>\n\t\t\t\t\t\t\t\t<\/div>\n\t\t\t\t<\/div>\n\t\t\t\t<div class=\"elementor-element elementor-element-537f7b0 elementor-align-left elementor-widget elementor-widget-button\" data-id=\"537f7b0\" data-element_type=\"widget\" data-e-type=\"widget\" data-widget_type=\"button.default\">\n\t\t\t\t<div class=\"elementor-widget-container\">\n\t\t\t\t\t\t\t\t\t<div class=\"elementor-button-wrapper\">\n\t\t\t\t\t<a class=\"elementor-button elementor-button-link elementor-size-sm\" href=\"https:\/\/www.linkedin.com\/in\/frederic-charrier\/\" target=\"_blank\">\n\t\t\t\t\t\t<span class=\"elementor-button-content-wrapper\">\n\t\t\t\t\t\t\t\t\t<span class=\"elementor-button-text\">MON LINKEDIN<\/span>\n\t\t\t\t\t<\/span>\n\t\t\t\t\t<\/a>\n\t\t\t\t<\/div>\n\t\t\t\t\t\t\t\t<\/div>\n\t\t\t\t<\/div>\n\t\t\t\t\t<\/div>\n\t\t<\/div>\n\t\t\t\t\t<\/div>\n\t\t<\/section>\n\t\t\t\t<section class=\"elementor-section elementor-top-section elementor-element elementor-element-2b45eab elementor-section-boxed elementor-section-height-default elementor-section-height-default\" data-id=\"2b45eab\" data-element_type=\"section\" data-e-type=\"section\">\n\t\t\t\t\t\t<div class=\"elementor-container elementor-column-gap-default\">\n\t\t\t\t\t<div class=\"elementor-column elementor-col-100 elementor-top-column elementor-element elementor-element-0382c84\" data-id=\"0382c84\" data-element_type=\"column\" data-e-type=\"column\">\n\t\t\t<div class=\"elementor-widget-wrap elementor-element-populated\">\n\t\t\t\t\t\t<div class=\"elementor-element elementor-element-c93fba9 elementor-widget elementor-widget-heading\" data-id=\"c93fba9\" data-element_type=\"widget\" data-e-type=\"widget\" data-widget_type=\"heading.default\">\n\t\t\t\t<div class=\"elementor-widget-container\">\n\t\t\t\t\t<h2 class=\"elementor-heading-title elementor-size-default\">Nos derni\u00e8res entr\u00e9es du blog<\/h2>\t\t\t\t<\/div>\n\t\t\t\t<\/div>\n\t\t\t\t\t<\/div>\n\t\t<\/div>\n\t\t\t\t\t<\/div>\n\t\t<\/section>\n\t\t\t\t<section class=\"elementor-section elementor-top-section elementor-element elementor-element-10016c1 elementor-section-boxed elementor-section-height-default elementor-section-height-default\" data-id=\"10016c1\" data-element_type=\"section\" data-e-type=\"section\">\n\t\t\t\t\t\t<div class=\"elementor-container elementor-column-gap-default\">\n\t\t\t\t\t<div class=\"elementor-column elementor-col-100 elementor-top-column elementor-element elementor-element-ddb6363\" data-id=\"ddb6363\" data-element_type=\"column\" data-e-type=\"column\">\n\t\t\t<div class=\"elementor-widget-wrap elementor-element-populated\">\n\t\t\t\t\t\t<div class=\"elementor-element elementor-element-88deedd elementor-widget elementor-widget-heading\" data-id=\"88deedd\" data-element_type=\"widget\" data-e-type=\"widget\" data-widget_type=\"heading.default\">\n\t\t\t\t<div class=\"elementor-widget-container\">\n\t\t\t\t\t<h2 class=\"elementor-heading-title elementor-size-default\">Exemples de r\u00e9ussite <\/h2>\t\t\t\t<\/div>\n\t\t\t\t<\/div>\n\t\t\t\t\t<\/div>\n\t\t<\/div>\n\t\t\t\t\t<\/div>\n\t\t<\/section>\n\t\t\t\t<\/div>\n\t\t","protected":false},"excerpt":{"rendered":"<p>DESCRIPTION Talent in Training FORMATION ET \u00c9DUCATION POUR LES ENTREPRISES La formation comme exp\u00e9rience transformatrice des personnes et des organisations. Talent in Training propose des programmes et des parcours de formation orient\u00e9s vers le d\u00e9veloppement des soft skills, un ensemble d&rsquo;aptitudes personnelles, relationnelles et directives, dont les organisations ont besoin et qu&rsquo;elles recherchent de plus&#8230;<\/p>\n","protected":false},"author":2,"featured_media":0,"parent":0,"menu_order":0,"comment_status":"closed","ping_status":"closed","template":"","meta":{"footnotes":""},"class_list":["post-2783","page","type-page","status-publish","hentry"],"yoast_head":"<!-- This site is optimized with the Yoast SEO Premium plugin v26.9 (Yoast SEO v27.0) - https:\/\/yoast.com\/product\/yoast-seo-premium-wordpress\/ -->\n<title>\u25b7 Formation et \u00e9ducation pour les entreprises \u3010 Talent In People \u00a9 \u3011<\/title>\n<meta name=\"description\" content=\"llll\u27a4 Plus de 25 ans d&#039;exp\u00e9rience \u3010 FORMATION POUR LES ENTREPRISES \u3011 Soft Skills \u2714\ufe0f Comp\u00e9tences personnelles, comp\u00e9tences en gestion... Plus de 10 000 histoires de r\u00e9ussite \u26a1\" \/>\n<meta name=\"robots\" content=\"index, follow, max-snippet:-1, max-image-preview:large, max-video-preview:-1\" \/>\n<link rel=\"canonical\" href=\"https:\/\/talentinpeople.com\/talent-in-training\/\" \/>\n<meta property=\"og:locale\" content=\"fr_FR\" \/>\n<meta property=\"og:type\" content=\"article\" \/>\n<meta property=\"og:title\" content=\"Talent in training\" \/>\n<meta property=\"og:description\" content=\"llll\u27a4 Plus de 25 ans d&#039;exp\u00e9rience \u3010 FORMATION POUR LES ENTREPRISES \u3011 Soft Skills \u2714\ufe0f Comp\u00e9tences personnelles, comp\u00e9tences en gestion... Plus de 10 000 histoires de r\u00e9ussite \u26a1\" \/>\n<meta property=\"og:url\" content=\"https:\/\/talentinpeople.com\/talent-in-training\/\" \/>\n<meta property=\"og:site_name\" content=\"Talent In People\" \/>\n<meta property=\"article:modified_time\" content=\"2021-09-01T08:22:25+00:00\" \/>\n<meta property=\"og:image\" content=\"https:\/\/talentinpeople.com\/wp-content\/uploads\/2021\/03\/detalletitulo.png\" \/>\n<meta name=\"twitter:card\" content=\"summary_large_image\" \/>\n<meta name=\"twitter:label1\" content=\"Dur\u00e9e de lecture estim\u00e9e\" \/>\n\t<meta name=\"twitter:data1\" content=\"3 minutes\" \/>\n<script type=\"application\/ld+json\" class=\"yoast-schema-graph\">{\"@context\":\"https:\/\/schema.org\",\"@graph\":[{\"@type\":\"WebPage\",\"@id\":\"https:\/\/talentinpeople.com\/talent-in-training\/\",\"url\":\"https:\/\/talentinpeople.com\/talent-in-training\/\",\"name\":\"\u25b7 Formation et \u00e9ducation pour les entreprises \u3010 Talent In People \u00a9 \u3011\",\"isPartOf\":{\"@id\":\"https:\/\/talentinpeople.com\/#website\"},\"primaryImageOfPage\":{\"@id\":\"https:\/\/talentinpeople.com\/talent-in-training\/#primaryimage\"},\"image\":{\"@id\":\"https:\/\/talentinpeople.com\/talent-in-training\/#primaryimage\"},\"thumbnailUrl\":\"https:\/\/talentinpeople.com\/wp-content\/uploads\/2021\/03\/detalletitulo.png\",\"datePublished\":\"2021-08-30T09:26:56+00:00\",\"dateModified\":\"2021-09-01T08:22:25+00:00\",\"description\":\"llll\u27a4 Plus de 25 ans d'exp\u00e9rience \u3010 FORMATION POUR LES ENTREPRISES \u3011 Soft Skills \u2714\ufe0f Comp\u00e9tences personnelles, comp\u00e9tences en gestion... Plus de 10 000 histoires de r\u00e9ussite \u26a1\",\"breadcrumb\":{\"@id\":\"https:\/\/talentinpeople.com\/talent-in-training\/#breadcrumb\"},\"inLanguage\":\"fr-FR\",\"potentialAction\":[{\"@type\":\"ReadAction\",\"target\":[\"https:\/\/talentinpeople.com\/talent-in-training\/\"]}]},{\"@type\":\"ImageObject\",\"inLanguage\":\"fr-FR\",\"@id\":\"https:\/\/talentinpeople.com\/talent-in-training\/#primaryimage\",\"url\":\"https:\/\/talentinpeople.com\/wp-content\/uploads\/2021\/03\/detalletitulo.png\",\"contentUrl\":\"https:\/\/talentinpeople.com\/wp-content\/uploads\/2021\/03\/detalletitulo.png\"},{\"@type\":\"BreadcrumbList\",\"@id\":\"https:\/\/talentinpeople.com\/talent-in-training\/#breadcrumb\",\"itemListElement\":[{\"@type\":\"ListItem\",\"position\":1,\"name\":\"Home\",\"item\":\"https:\/\/talentinpeople.com\/fr\/\"},{\"@type\":\"ListItem\",\"position\":2,\"name\":\"Talent in training\"}]},{\"@type\":\"WebSite\",\"@id\":\"https:\/\/talentinpeople.com\/#website\",\"url\":\"https:\/\/talentinpeople.com\/\",\"name\":\"Talent In People\",\"description\":\"Es tu momento, consigue objetivos.\",\"potentialAction\":[{\"@type\":\"SearchAction\",\"target\":{\"@type\":\"EntryPoint\",\"urlTemplate\":\"https:\/\/talentinpeople.com\/?s={search_term_string}\"},\"query-input\":{\"@type\":\"PropertyValueSpecification\",\"valueRequired\":true,\"valueName\":\"search_term_string\"}}],\"inLanguage\":\"fr-FR\"}]}<\/script>\n<!-- \/ Yoast SEO Premium plugin. -->","yoast_head_json":{"title":"\u25b7 Formation et \u00e9ducation pour les entreprises \u3010 Talent In People \u00a9 \u3011","description":"llll\u27a4 Plus de 25 ans d'exp\u00e9rience \u3010 FORMATION POUR LES ENTREPRISES \u3011 Soft Skills \u2714\ufe0f Comp\u00e9tences personnelles, comp\u00e9tences en gestion... Plus de 10 000 histoires de r\u00e9ussite \u26a1","robots":{"index":"index","follow":"follow","max-snippet":"max-snippet:-1","max-image-preview":"max-image-preview:large","max-video-preview":"max-video-preview:-1"},"canonical":"https:\/\/talentinpeople.com\/talent-in-training\/","og_locale":"fr_FR","og_type":"article","og_title":"Talent in training","og_description":"llll\u27a4 Plus de 25 ans d'exp\u00e9rience \u3010 FORMATION POUR LES ENTREPRISES \u3011 Soft Skills \u2714\ufe0f Comp\u00e9tences personnelles, comp\u00e9tences en gestion... Plus de 10 000 histoires de r\u00e9ussite \u26a1","og_url":"https:\/\/talentinpeople.com\/talent-in-training\/","og_site_name":"Talent In People","article_modified_time":"2021-09-01T08:22:25+00:00","og_image":[{"url":"https:\/\/talentinpeople.com\/wp-content\/uploads\/2021\/03\/detalletitulo.png","type":"","width":"","height":""}],"twitter_card":"summary_large_image","twitter_misc":{"Dur\u00e9e de lecture estim\u00e9e":"3 minutes"},"schema":{"@context":"https:\/\/schema.org","@graph":[{"@type":"WebPage","@id":"https:\/\/talentinpeople.com\/talent-in-training\/","url":"https:\/\/talentinpeople.com\/talent-in-training\/","name":"\u25b7 Formation et \u00e9ducation pour les entreprises \u3010 Talent In People \u00a9 \u3011","isPartOf":{"@id":"https:\/\/talentinpeople.com\/#website"},"primaryImageOfPage":{"@id":"https:\/\/talentinpeople.com\/talent-in-training\/#primaryimage"},"image":{"@id":"https:\/\/talentinpeople.com\/talent-in-training\/#primaryimage"},"thumbnailUrl":"https:\/\/talentinpeople.com\/wp-content\/uploads\/2021\/03\/detalletitulo.png","datePublished":"2021-08-30T09:26:56+00:00","dateModified":"2021-09-01T08:22:25+00:00","description":"llll\u27a4 Plus de 25 ans d'exp\u00e9rience \u3010 FORMATION POUR LES ENTREPRISES \u3011 Soft Skills \u2714\ufe0f Comp\u00e9tences personnelles, comp\u00e9tences en gestion... Plus de 10 000 histoires de r\u00e9ussite \u26a1","breadcrumb":{"@id":"https:\/\/talentinpeople.com\/talent-in-training\/#breadcrumb"},"inLanguage":"fr-FR","potentialAction":[{"@type":"ReadAction","target":["https:\/\/talentinpeople.com\/talent-in-training\/"]}]},{"@type":"ImageObject","inLanguage":"fr-FR","@id":"https:\/\/talentinpeople.com\/talent-in-training\/#primaryimage","url":"https:\/\/talentinpeople.com\/wp-content\/uploads\/2021\/03\/detalletitulo.png","contentUrl":"https:\/\/talentinpeople.com\/wp-content\/uploads\/2021\/03\/detalletitulo.png"},{"@type":"BreadcrumbList","@id":"https:\/\/talentinpeople.com\/talent-in-training\/#breadcrumb","itemListElement":[{"@type":"ListItem","position":1,"name":"Home","item":"https:\/\/talentinpeople.com\/fr\/"},{"@type":"ListItem","position":2,"name":"Talent in training"}]},{"@type":"WebSite","@id":"https:\/\/talentinpeople.com\/#website","url":"https:\/\/talentinpeople.com\/","name":"Talent In People","description":"Es tu momento, consigue objetivos.","potentialAction":[{"@type":"SearchAction","target":{"@type":"EntryPoint","urlTemplate":"https:\/\/talentinpeople.com\/?s={search_term_string}"},"query-input":{"@type":"PropertyValueSpecification","valueRequired":true,"valueName":"search_term_string"}}],"inLanguage":"fr-FR"}]}},"_links":{"self":[{"href":"https:\/\/talentinpeople.com\/fr\/wp-json\/wp\/v2\/pages\/2783","targetHints":{"allow":["GET"]}}],"collection":[{"href":"https:\/\/talentinpeople.com\/fr\/wp-json\/wp\/v2\/pages"}],"about":[{"href":"https:\/\/talentinpeople.com\/fr\/wp-json\/wp\/v2\/types\/page"}],"author":[{"embeddable":true,"href":"https:\/\/talentinpeople.com\/fr\/wp-json\/wp\/v2\/users\/2"}],"replies":[{"embeddable":true,"href":"https:\/\/talentinpeople.com\/fr\/wp-json\/wp\/v2\/comments?post=2783"}],"version-history":[{"count":5,"href":"https:\/\/talentinpeople.com\/fr\/wp-json\/wp\/v2\/pages\/2783\/revisions"}],"predecessor-version":[{"id":3007,"href":"https:\/\/talentinpeople.com\/fr\/wp-json\/wp\/v2\/pages\/2783\/revisions\/3007"}],"wp:attachment":[{"href":"https:\/\/talentinpeople.com\/fr\/wp-json\/wp\/v2\/media?parent=2783"}],"curies":[{"name":"wp","href":"https:\/\/api.w.org\/{rel}","templated":true}]}}