{"id":2791,"date":"2021-08-30T12:09:58","date_gmt":"2021-08-30T10:09:58","guid":{"rendered":"https:\/\/talentinpeople.com\/talent-in-motivation\/"},"modified":"2021-09-01T10:22:28","modified_gmt":"2021-09-01T08:22:28","slug":"talent-in-motivation","status":"publish","type":"page","link":"https:\/\/talentinpeople.com\/fr\/talent-in-motivation\/","title":{"rendered":"Talent in motivation"},"content":{"rendered":"\t\t<div data-elementor-type=\"wp-page\" data-elementor-id=\"2791\" class=\"elementor elementor-2791 elementor-1995\" data-elementor-settings=\"{&quot;element_pack_global_tooltip_width&quot;:{&quot;unit&quot;:&quot;px&quot;,&quot;size&quot;:&quot;&quot;,&quot;sizes&quot;:[]},&quot;element_pack_global_tooltip_width_tablet&quot;:{&quot;unit&quot;:&quot;px&quot;,&quot;size&quot;:&quot;&quot;,&quot;sizes&quot;:[]},&quot;element_pack_global_tooltip_width_mobile&quot;:{&quot;unit&quot;:&quot;px&quot;,&quot;size&quot;:&quot;&quot;,&quot;sizes&quot;:[]},&quot;element_pack_global_tooltip_padding&quot;:{&quot;unit&quot;:&quot;px&quot;,&quot;top&quot;:&quot;&quot;,&quot;right&quot;:&quot;&quot;,&quot;bottom&quot;:&quot;&quot;,&quot;left&quot;:&quot;&quot;,&quot;isLinked&quot;:true},&quot;element_pack_global_tooltip_padding_tablet&quot;:{&quot;unit&quot;:&quot;px&quot;,&quot;top&quot;:&quot;&quot;,&quot;right&quot;:&quot;&quot;,&quot;bottom&quot;:&quot;&quot;,&quot;left&quot;:&quot;&quot;,&quot;isLinked&quot;:true},&quot;element_pack_global_tooltip_padding_mobile&quot;:{&quot;unit&quot;:&quot;px&quot;,&quot;top&quot;:&quot;&quot;,&quot;right&quot;:&quot;&quot;,&quot;bottom&quot;:&quot;&quot;,&quot;left&quot;:&quot;&quot;,&quot;isLinked&quot;:true},&quot;element_pack_global_tooltip_border_radius&quot;:{&quot;unit&quot;:&quot;px&quot;,&quot;top&quot;:&quot;&quot;,&quot;right&quot;:&quot;&quot;,&quot;bottom&quot;:&quot;&quot;,&quot;left&quot;:&quot;&quot;,&quot;isLinked&quot;:true},&quot;element_pack_global_tooltip_border_radius_tablet&quot;:{&quot;unit&quot;:&quot;px&quot;,&quot;top&quot;:&quot;&quot;,&quot;right&quot;:&quot;&quot;,&quot;bottom&quot;:&quot;&quot;,&quot;left&quot;:&quot;&quot;,&quot;isLinked&quot;:true},&quot;element_pack_global_tooltip_border_radius_mobile&quot;:{&quot;unit&quot;:&quot;px&quot;,&quot;top&quot;:&quot;&quot;,&quot;right&quot;:&quot;&quot;,&quot;bottom&quot;:&quot;&quot;,&quot;left&quot;:&quot;&quot;,&quot;isLinked&quot;:true}}\" data-elementor-post-type=\"page\">\n\t\t\t\t\t\t<section class=\"elementor-section elementor-top-section elementor-element elementor-element-a329b43 elementor-section-boxed elementor-section-height-default elementor-section-height-default\" data-id=\"a329b43\" data-element_type=\"section\" data-e-type=\"section\">\n\t\t\t\t\t\t<div class=\"elementor-container elementor-column-gap-default\">\n\t\t\t\t\t<div class=\"elementor-column elementor-col-100 elementor-top-column elementor-element elementor-element-038800e\" data-id=\"038800e\" data-element_type=\"column\" data-e-type=\"column\">\n\t\t\t<div class=\"elementor-widget-wrap elementor-element-populated\">\n\t\t\t\t\t\t<div class=\"elementor-element elementor-element-8c114cf elementor-widget elementor-widget-html\" data-id=\"8c114cf\" data-element_type=\"widget\" data-e-type=\"widget\" data-widget_type=\"html.default\">\n\t\t\t\t<div class=\"elementor-widget-container\">\n\t\t\t\t\t<div class=\"titulos_web_talent titulo_training_descripcion\">\r\n    <img decoding=\"async\" src=\"https:\/\/talentinpeople.com\/wp-content\/uploads\/2021\/03\/detalletitulo.png\">\r\n    <h2 class=\"titulo\">DESCRIPTION<\/h2>\r\n    <div class=\"textos-alineados\">\r\n        <span class=\"textos texto_a\">Talent in Motivation<\/span>\r\n    <\/div>\r\n<\/div>\t\t\t\t<\/div>\n\t\t\t\t<\/div>\n\t\t\t\t\t<\/div>\n\t\t<\/div>\n\t\t\t\t\t<\/div>\n\t\t<\/section>\n\t\t\t\t<section class=\"elementor-section elementor-top-section elementor-element elementor-element-1149217 bloques-talent-web elementor-section-boxed elementor-section-height-default elementor-section-height-default\" data-id=\"1149217\" data-element_type=\"section\" data-e-type=\"section\">\n\t\t\t\t\t\t<div class=\"elementor-container elementor-column-gap-default\">\n\t\t\t\t\t<div class=\"elementor-column elementor-col-100 elementor-top-column elementor-element elementor-element-669b47d\" data-id=\"669b47d\" data-element_type=\"column\" data-e-type=\"column\">\n\t\t\t<div class=\"elementor-widget-wrap elementor-element-populated\">\n\t\t\t\t\t\t<div class=\"elementor-element elementor-element-9b2ec54 imagen elementor-widget elementor-widget-image\" data-id=\"9b2ec54\" data-element_type=\"widget\" data-e-type=\"widget\" data-widget_type=\"image.default\">\n\t\t\t\t<div class=\"elementor-widget-container\">\n\t\t\t\t\t\t\t\t\t\t\t\t\t\t\t<img fetchpriority=\"high\" decoding=\"async\" width=\"1020\" height=\"586\" src=\"https:\/\/talentinpeople.com\/wp-content\/uploads\/2021\/05\/3D9A9734-motivation-1024x588.jpg\" class=\"attachment-large size-large wp-image-2283\" alt=\"Formador en liderazgo y motivaci\u00f3n de equipos\" srcset=\"https:\/\/talentinpeople.com\/wp-content\/uploads\/2021\/05\/3D9A9734-motivation-1024x588.jpg 1024w, https:\/\/talentinpeople.com\/wp-content\/uploads\/2021\/05\/3D9A9734-motivation-300x172.jpg 300w, https:\/\/talentinpeople.com\/wp-content\/uploads\/2021\/05\/3D9A9734-motivation-768x441.jpg 768w, https:\/\/talentinpeople.com\/wp-content\/uploads\/2021\/05\/3D9A9734-motivation-1536x882.jpg 1536w, https:\/\/talentinpeople.com\/wp-content\/uploads\/2021\/05\/3D9A9734-motivation-2048x1176.jpg 2048w\" sizes=\"(max-width: 1020px) 100vw, 1020px\" \/>\t\t\t\t\t\t\t\t\t\t\t\t\t\t\t<\/div>\n\t\t\t\t<\/div>\n\t\t\t\t<div class=\"elementor-element elementor-element-06c9b0a texto elementor-widget elementor-widget-text-editor\" data-id=\"06c9b0a\" data-element_type=\"widget\" data-e-type=\"widget\" data-widget_type=\"text-editor.default\">\n\t\t\t\t<div class=\"elementor-widget-container\">\n\t\t\t\t\t\t\t\t\t<h1>LEADERSHIP ET MOTIVATION DES \u00c9QUIPES : COURS ET PROGRAMMES DE FORMATION<\/h1>\n<p><strong>Un stimulus pour le d\u00e9passement des personnes et des \u00e9quipes dans un m\u00eame \u00e9cosyst\u00e8me.<\/strong><\/p>\n<p>Dans la poursuite d\u2019objectifs hors formation pour le d\u00e9veloppement d&rsquo;\u00e9quipes et d&rsquo;organisations, <strong>Talent in Motivation<\/strong> propose diff\u00e9rents programmes et solutions sur mesure afin de:<\/p>\n<ul>\n<li>Promouvoir l&rsquo;engagement et cr\u00e9er le sentiment d&rsquo;appartenance.<\/li>\n<li>Cr\u00e9er et d\u00e9velopper des \u00e9quipes de haute performance.<\/li>\n<li>Renforcer les relations intra et interd\u00e9partementaux.<\/li>\n<li>Favoriser la coh\u00e9sion et la coop\u00e9ration dans des \u00e9quipes de travail.<\/li>\n<li>G\u00e9n\u00e9rer et entretenir la confiance dans des moments de changement et de transformation.<\/li>\n<\/ul>\n\t\t\t\t\t\t\t\t<\/div>\n\t\t\t\t<\/div>\n\t\t\t\t\t<\/div>\n\t\t<\/div>\n\t\t\t\t\t<\/div>\n\t\t<\/section>\n\t\t\t\t<section class=\"elementor-section elementor-top-section elementor-element elementor-element-24c5720 elementor-section-boxed elementor-section-height-default elementor-section-height-default\" data-id=\"24c5720\" data-element_type=\"section\" data-e-type=\"section\">\n\t\t\t\t\t\t<div class=\"elementor-container elementor-column-gap-default\">\n\t\t\t\t\t<div class=\"elementor-column elementor-col-100 elementor-top-column elementor-element elementor-element-2e4e892\" data-id=\"2e4e892\" data-element_type=\"column\" data-e-type=\"column\">\n\t\t\t<div class=\"elementor-widget-wrap elementor-element-populated\">\n\t\t\t\t\t\t<div class=\"elementor-element elementor-element-5018555 elementor-widget elementor-widget-html\" data-id=\"5018555\" data-element_type=\"widget\" data-e-type=\"widget\" data-widget_type=\"html.default\">\n\t\t\t\t<div class=\"elementor-widget-container\">\n\t\t\t\t\t<div class=\"titulos_web_talent titulo_training_nuestros_clientes\">\r\n    <img decoding=\"async\" src=\"https:\/\/talentinpeople.com\/wp-content\/uploads\/2021\/03\/detalletitulo.png\">\r\n    <h2 class=\"titulo\">Nos clients<\/h2>\r\n    <div class=\"textos-alineados\">\r\n        <span class=\"textos texto_a\">Talent in Motivation<\/span>\r\n    <\/div>\r\n<\/div>\t\t\t\t<\/div>\n\t\t\t\t<\/div>\n\t\t\t\t\t<\/div>\n\t\t<\/div>\n\t\t\t\t\t<\/div>\n\t\t<\/section>\n\t\t\t\t<section class=\"elementor-section elementor-top-section elementor-element elementor-element-daf6739 elementor-section-full_width elementor-section-stretched elementor-section-height-default elementor-section-height-default\" data-id=\"daf6739\" data-element_type=\"section\" data-e-type=\"section\" data-settings=\"{&quot;stretch_section&quot;:&quot;section-stretched&quot;}\">\n\t\t\t\t\t\t<div class=\"elementor-container elementor-column-gap-default\">\n\t\t\t\t\t<div class=\"elementor-column elementor-col-100 elementor-top-column elementor-element elementor-element-ad64d57\" data-id=\"ad64d57\" data-element_type=\"column\" data-e-type=\"column\">\n\t\t\t<div class=\"elementor-widget-wrap elementor-element-populated\">\n\t\t\t\t\t\t<div class=\"elementor-element elementor-element-142806c elementor-pagination-position-outside elementor-widget elementor-widget-image-carousel\" data-id=\"142806c\" data-element_type=\"widget\" data-e-type=\"widget\" data-settings=\"{&quot;slides_to_show&quot;:&quot;5&quot;,&quot;navigation&quot;:&quot;dots&quot;,&quot;slides_to_show_tablet&quot;:&quot;3&quot;,&quot;slides_to_show_mobile&quot;:&quot;1&quot;,&quot;autoplay&quot;:&quot;yes&quot;,&quot;pause_on_hover&quot;:&quot;yes&quot;,&quot;pause_on_interaction&quot;:&quot;yes&quot;,&quot;autoplay_speed&quot;:5000,&quot;infinite&quot;:&quot;yes&quot;,&quot;speed&quot;:500}\" data-widget_type=\"image-carousel.default\">\n\t\t\t\t<div class=\"elementor-widget-container\">\n\t\t\t\t\t\t\t<div class=\"elementor-image-carousel-wrapper swiper\" role=\"region\" aria-roledescription=\"carousel\" aria-label=\"Carrousel d\u2019images\" dir=\"ltr\">\n\t\t\t<div class=\"elementor-image-carousel swiper-wrapper\" aria-live=\"off\">\n\t\t\t\t\t\t\t\t<div class=\"swiper-slide\" role=\"group\" aria-roledescription=\"slide\" aria-label=\"1 sur 6\"><figure class=\"swiper-slide-inner\"><img decoding=\"async\" class=\"swiper-slide-image\" src=\"https:\/\/talentinpeople.com\/wp-content\/uploads\/2021\/05\/Logo-UFV.png\" alt=\"Logo-UFV\" \/><\/figure><\/div><div class=\"swiper-slide\" role=\"group\" aria-roledescription=\"slide\" aria-label=\"2 sur 6\"><figure class=\"swiper-slide-inner\"><img decoding=\"async\" class=\"swiper-slide-image\" src=\"https:\/\/talentinpeople.com\/wp-content\/uploads\/2021\/05\/Logo-abb.png\" alt=\"Logo-abb\" \/><\/figure><\/div><div class=\"swiper-slide\" role=\"group\" aria-roledescription=\"slide\" aria-label=\"3 sur 6\"><figure class=\"swiper-slide-inner\"><img decoding=\"async\" class=\"swiper-slide-image\" src=\"https:\/\/talentinpeople.com\/wp-content\/uploads\/2021\/05\/Logo-edp-renovaveis.png\" alt=\"Logo-edp-renovaveis\" \/><\/figure><\/div><div class=\"swiper-slide\" role=\"group\" aria-roledescription=\"slide\" aria-label=\"4 sur 6\"><figure class=\"swiper-slide-inner\"><img decoding=\"async\" class=\"swiper-slide-image\" src=\"https:\/\/talentinpeople.com\/wp-content\/uploads\/2021\/05\/Logo-esade.jpg-1.png\" alt=\"Logo-esade.jpg\" \/><\/figure><\/div><div class=\"swiper-slide\" role=\"group\" aria-roledescription=\"slide\" aria-label=\"5 sur 6\"><figure class=\"swiper-slide-inner\"><img decoding=\"async\" class=\"swiper-slide-image\" src=\"https:\/\/talentinpeople.com\/wp-content\/uploads\/2021\/05\/Logo-google.jpg-1.png\" alt=\"Logo-google.jpg\" \/><\/figure><\/div><div class=\"swiper-slide\" role=\"group\" aria-roledescription=\"slide\" aria-label=\"6 sur 6\"><figure class=\"swiper-slide-inner\"><img decoding=\"async\" class=\"swiper-slide-image\" src=\"https:\/\/talentinpeople.com\/wp-content\/uploads\/2021\/05\/Logo-majorel.jpg.png\" alt=\"Logo-majorel.jpg\" \/><\/figure><\/div>\t\t\t<\/div>\n\t\t\t\t\t\t\t\n\t\t\t\t\t\t\t\t\t<div class=\"swiper-pagination\"><\/div>\n\t\t\t\t\t\t\t\t\t<\/div>\n\t\t\t\t\t\t<\/div>\n\t\t\t\t<\/div>\n\t\t\t\t\t<\/div>\n\t\t<\/div>\n\t\t\t\t\t<\/div>\n\t\t<\/section>\n\t\t\t\t<section class=\"elementor-section elementor-top-section elementor-element elementor-element-764a750 elementor-section-boxed elementor-section-height-default elementor-section-height-default\" data-id=\"764a750\" data-element_type=\"section\" data-e-type=\"section\">\n\t\t\t\t\t\t<div class=\"elementor-container elementor-column-gap-default\">\n\t\t\t\t\t<div class=\"elementor-column elementor-col-100 elementor-top-column elementor-element elementor-element-20b60dd\" data-id=\"20b60dd\" data-element_type=\"column\" data-e-type=\"column\">\n\t\t\t<div class=\"elementor-widget-wrap elementor-element-populated\">\n\t\t\t\t\t\t<div class=\"elementor-element elementor-element-69a2967 elementor-widget elementor-widget-html\" data-id=\"69a2967\" data-element_type=\"widget\" data-e-type=\"widget\" data-widget_type=\"html.default\">\n\t\t\t\t<div class=\"elementor-widget-container\">\n\t\t\t\t\t<div class=\"titulos_web_talent titulo_training_proceso\">\r\n    <img decoding=\"async\" src=\"https:\/\/talentinpeople.com\/wp-content\/uploads\/2021\/03\/detalletitulo.png\">\r\n    <h2 class=\"titulo\">PROCESSUS DE TRAVAIL<\/h2>\r\n    <div class=\"textos-alineados\">\r\n        <span class=\"textos texto_a\">Talent in Motivation<\/span>\r\n    <\/div>\r\n<\/div>\t\t\t\t<\/div>\n\t\t\t\t<\/div>\n\t\t\t\t<div class=\"elementor-element elementor-element-d14c3d3 elementor-widget elementor-widget-text-editor\" data-id=\"d14c3d3\" data-element_type=\"widget\" data-e-type=\"widget\" data-widget_type=\"text-editor.default\">\n\t\t\t\t<div class=\"elementor-widget-container\">\n\t\t\t\t\t\t\t\t\t<p>Les programmes de <strong>Talent in Motivation<\/strong> suivent g\u00e9n\u00e9ralement la structure suivante :<\/p>\n<ol>\n<li><strong>Point de d\u00e9part: <\/strong><\/li>\n<\/ol>\n<ul>\n<li><strong>Enqu\u00eate de climat<\/strong> ou tout autre outil utilis\u00e9 par l&rsquo;entreprise pour d\u00e9tecter des besoins.<\/li>\n<li><strong>Situation de changement <\/strong> requ\u00e9rant des attitudes et des comportements diff\u00e9rents de la part des personnes.<\/li>\n<li><strong>R\u00e9union d&rsquo;\u00e9quipe ou de d\u00e9partement<\/strong> afin d&rsquo;\u00e9tablir des objectifs et d\u2019en f\u00e9d\u00e9rer les membres.<\/li>\n<li><strong>\u00c9quipe de travail <\/strong> traversant un moment difficile ou ayant besoin d&rsquo;un nouvel \u00e9lan pour motiver les personnes.<\/li>\n<\/ul>\n<ol start=\"2\">\n<li><strong>D\u00e9veloppement d&rsquo;un programme sur mesure pour atteindre les objectifs \u00e9tablis:<\/strong><\/li>\n<\/ol>\n<ul>\n<li>Utilisation d&rsquo;<strong>outils de diagnostic<\/strong> de l&rsquo;\u00e9quipe ou de l&rsquo;organisation pour d\u00e9tecter des domaines \u00e0 travailler et impliquer les personnes dans le processus d&rsquo;am\u00e9lioration.<\/li>\n<li>D\u00e9veloppement d&rsquo;<strong>activit\u00e9s et de dynamiques de groupe<\/strong> afin de mettre les participants en situation, en favorisant les relations interpersonnelles et l&rsquo;esprit d&rsquo;\u00e9quipe dans un contexte motivant (gamification).<\/li>\n<li>\u2022\tSessions d&rsquo;analyse des activit\u00e9s destin\u00e9es \u00e0 encourager la r\u00e9flexion et la g\u00e9n\u00e9ration d&rsquo;id\u00e9es dans un processus qui renforce l&rsquo;<strong>intelligence de groupe.<\/strong><\/li>\n<li>Pr\u00e9paration de <strong>plans d&rsquo;action<\/strong> de groupe qui seront post\u00e9rieurement mis en \u0153uvre par l&rsquo;\u00e9quipe ou l&rsquo;organisation.<\/li>\n<\/ul>\n<ol start=\"3\">\n<li><strong>Suivi: <\/strong><\/li>\n<\/ol>\n<ul>\n<li>Remise d&rsquo;un <strong>rapport de conclusions et de recommandations<\/strong>, incluant le diagnostic initial, les activit\u00e9s r\u00e9alis\u00e9es et les r\u00e9sultats obtenus lors des processus de r\u00e9flexion.<\/li>\n<li><strong><strong>Mise en pratique<\/strong> des actions propos\u00e9es par les participants eux-m\u00eames pour atteindre les objectifs \u00e9tablis afin de responsabiliser les personnes dans le cadre du processus d&rsquo;am\u00e9lioration.<\/li>\n<li>Une nouvelle enqu\u00eate ou un nouvel outil de mesure est ensuite utilis\u00e9 pour \u00e9valuer les <strong>avanc\u00e9es obtenues <\/strong>par les personnes et par les \u00e9quipes impliqu\u00e9es dans le projet.<\/li>\n<\/ul>\n\t\t\t\t\t\t\t\t<\/div>\n\t\t\t\t<\/div>\n\t\t\t\t\t<\/div>\n\t\t<\/div>\n\t\t\t\t\t<\/div>\n\t\t<\/section>\n\t\t\t\t<section class=\"elementor-section elementor-top-section elementor-element elementor-element-e90a762 elementor-section-boxed elementor-section-height-default elementor-section-height-default\" data-id=\"e90a762\" data-element_type=\"section\" data-e-type=\"section\">\n\t\t\t\t\t\t<div class=\"elementor-container elementor-column-gap-default\">\n\t\t\t\t\t<div class=\"elementor-column elementor-col-100 elementor-top-column elementor-element elementor-element-160b5bd\" data-id=\"160b5bd\" data-element_type=\"column\" data-e-type=\"column\">\n\t\t\t<div class=\"elementor-widget-wrap elementor-element-populated\">\n\t\t\t\t\t\t<div class=\"elementor-element elementor-element-e2946a3 elementor-widget elementor-widget-html\" data-id=\"e2946a3\" data-element_type=\"widget\" data-e-type=\"widget\" data-widget_type=\"html.default\">\n\t\t\t\t<div class=\"elementor-widget-container\">\n\t\t\t\t\t<div class=\"titulos_web_talent titulo_training_experiencia\">\r\n    <img decoding=\"async\" src=\"https:\/\/talentinpeople.com\/wp-content\/uploads\/2021\/03\/detalletitulo.png\">\r\n    <h2 class=\"titulo\">NOTRE EXP\u00c9RIENCE<\/h2>\r\n    <div class=\"textos-alineados\">\r\n        <span class=\"textos texto_a\">Talent in Motivation<\/span>\r\n    <\/div>\r\n<\/div>\t\t\t\t<\/div>\n\t\t\t\t<\/div>\n\t\t\t\t<div class=\"elementor-element elementor-element-4adebf7 elementor-widget elementor-widget-text-editor\" data-id=\"4adebf7\" data-element_type=\"widget\" data-e-type=\"widget\" data-widget_type=\"text-editor.default\">\n\t\t\t\t<div class=\"elementor-widget-container\">\n\t\t\t\t\t\t\t\t\t<ul>\n<li>Au cours de sa carri\u00e8re professionnelle dans le cadre du conseil en formation et d\u00e9veloppement, Fr\u00e9d\u00e9ric Charrier a eu l&rsquo;occasion de mener et de participer \u00e0 l&rsquo;organisation de dizaines de programmes de coh\u00e9sion et de motivation d&rsquo;\u00e9quipes et de d\u00e9partements pour toute sorte de collectifs et d&rsquo;organisations, dont certains ont mobilis\u00e9 jusqu&rsquo;\u00e0 500 participants.<\/li>\n<li>Tout au long de son exp\u00e9rience et de sa formation, Fr\u00e9d\u00e9ric a accumul\u00e9 des connaissances dans plusieurs domaines : dynamiques outdoor, techniques de th\u00e9\u00e2tre, ou encore gamification dans le cadre de jeux de formation et de simulation (entre autres m\u00e9thodologies). Il a \u00e9galement d\u00e9velopp\u00e9 d\u2019importantes aptitudes de facilitation d&rsquo;\u00e9quipes et de groupes.<\/li>\n<li>Au-del\u00e0 des activit\u00e9s en elles-m\u00eames, son exp\u00e9rience a vis\u00e9 \u00e0 tirer de la valeur de ces outils pour atteindre des objectifs en lien avec la mission, la vision et les valeurs d&rsquo;entreprise, la coh\u00e9sion et la motivation d&rsquo;\u00e9quipes de travail et l\u2019am\u00e9lioration du climat de travail.<\/li>\n<\/ul>\n\t\t\t\t\t\t\t\t<\/div>\n\t\t\t\t<\/div>\n\t\t\t\t<div class=\"elementor-element elementor-element-537f7b0 elementor-align-left elementor-widget elementor-widget-button\" data-id=\"537f7b0\" data-element_type=\"widget\" data-e-type=\"widget\" data-widget_type=\"button.default\">\n\t\t\t\t<div class=\"elementor-widget-container\">\n\t\t\t\t\t\t\t\t\t<div class=\"elementor-button-wrapper\">\n\t\t\t\t\t<a class=\"elementor-button elementor-button-link elementor-size-sm\" href=\"https:\/\/www.linkedin.com\/in\/frederic-charrier\/\" target=\"_blank\">\n\t\t\t\t\t\t<span class=\"elementor-button-content-wrapper\">\n\t\t\t\t\t\t\t\t\t<span class=\"elementor-button-text\">MON LINKEDIN<\/span>\n\t\t\t\t\t<\/span>\n\t\t\t\t\t<\/a>\n\t\t\t\t<\/div>\n\t\t\t\t\t\t\t\t<\/div>\n\t\t\t\t<\/div>\n\t\t\t\t\t<\/div>\n\t\t<\/div>\n\t\t\t\t\t<\/div>\n\t\t<\/section>\n\t\t\t\t<section class=\"elementor-section elementor-top-section elementor-element elementor-element-2b45eab elementor-section-boxed elementor-section-height-default elementor-section-height-default\" data-id=\"2b45eab\" data-element_type=\"section\" data-e-type=\"section\">\n\t\t\t\t\t\t<div class=\"elementor-container elementor-column-gap-default\">\n\t\t\t\t\t<div class=\"elementor-column elementor-col-100 elementor-top-column elementor-element elementor-element-0382c84\" data-id=\"0382c84\" data-element_type=\"column\" data-e-type=\"column\">\n\t\t\t<div class=\"elementor-widget-wrap elementor-element-populated\">\n\t\t\t\t\t\t<div class=\"elementor-element elementor-element-8ef49dc elementor-widget elementor-widget-heading\" data-id=\"8ef49dc\" data-element_type=\"widget\" data-e-type=\"widget\" data-widget_type=\"heading.default\">\n\t\t\t\t<div class=\"elementor-widget-container\">\n\t\t\t\t\t<h2 class=\"elementor-heading-title elementor-size-default\">Nos derni\u00e8res entr\u00e9es du blog<\/h2>\t\t\t\t<\/div>\n\t\t\t\t<\/div>\n\t\t\t\t\t<\/div>\n\t\t<\/div>\n\t\t\t\t\t<\/div>\n\t\t<\/section>\n\t\t\t\t<section class=\"elementor-section elementor-top-section elementor-element elementor-element-10016c1 elementor-section-boxed elementor-section-height-default elementor-section-height-default\" data-id=\"10016c1\" data-element_type=\"section\" data-e-type=\"section\">\n\t\t\t\t\t\t<div class=\"elementor-container elementor-column-gap-default\">\n\t\t\t\t\t<div class=\"elementor-column elementor-col-100 elementor-top-column elementor-element elementor-element-ddb6363\" data-id=\"ddb6363\" data-element_type=\"column\" data-e-type=\"column\">\n\t\t\t<div class=\"elementor-widget-wrap elementor-element-populated\">\n\t\t\t\t\t\t<div class=\"elementor-element elementor-element-66aaf37 elementor-widget elementor-widget-heading\" data-id=\"66aaf37\" data-element_type=\"widget\" data-e-type=\"widget\" data-widget_type=\"heading.default\">\n\t\t\t\t<div class=\"elementor-widget-container\">\n\t\t\t\t\t<h2 class=\"elementor-heading-title elementor-size-default\">Exemples de r\u00e9ussite <\/h2>\t\t\t\t<\/div>\n\t\t\t\t<\/div>\n\t\t\t\t\t<\/div>\n\t\t<\/div>\n\t\t\t\t\t<\/div>\n\t\t<\/section>\n\t\t\t\t<\/div>\n\t\t","protected":false},"excerpt":{"rendered":"<p>DESCRIPTION Talent in Motivation LEADERSHIP ET MOTIVATION DES \u00c9QUIPES : COURS ET PROGRAMMES DE FORMATION Un stimulus pour le d\u00e9passement des personnes et des \u00e9quipes dans un m\u00eame \u00e9cosyst\u00e8me. Dans la poursuite d\u2019objectifs hors formation pour le d\u00e9veloppement d&rsquo;\u00e9quipes et d&rsquo;organisations, Talent in Motivation propose diff\u00e9rents programmes et solutions sur mesure afin de: Promouvoir l&rsquo;engagement&#8230;<\/p>\n","protected":false},"author":2,"featured_media":0,"parent":0,"menu_order":0,"comment_status":"closed","ping_status":"closed","template":"","meta":{"footnotes":""},"class_list":["post-2791","page","type-page","status-publish","hentry"],"yoast_head":"<!-- This site is optimized with the Yoast SEO Premium plugin v26.9 (Yoast SEO v27.0) - https:\/\/yoast.com\/product\/yoast-seo-premium-wordpress\/ -->\n<title>\u25b7 Cours de leadership et de motivation d&#039;\u00e9quipe \u3010 Talent In People \u00a9 \u3011<\/title>\n<meta name=\"description\" content=\"llll\u27a4 25 ans d&#039;exp\u00e9rience en \u3010 Formation au leadership et \u00e0 la motivation d&#039;\u00e9quipe \u3011 Programmes de formation sur mesure \u2714\ufe0f Augmentez les performances de votre \u00e9quipe \u26a1\" \/>\n<meta name=\"robots\" content=\"index, follow, max-snippet:-1, max-image-preview:large, max-video-preview:-1\" \/>\n<link rel=\"canonical\" href=\"https:\/\/talentinpeople.com\/talent-in-motivation\/\" \/>\n<meta property=\"og:locale\" content=\"fr_FR\" \/>\n<meta property=\"og:type\" content=\"article\" \/>\n<meta property=\"og:title\" content=\"Talent in motivation\" \/>\n<meta property=\"og:description\" content=\"llll\u27a4 25 ans d&#039;exp\u00e9rience en \u3010 Formation au leadership et \u00e0 la motivation d&#039;\u00e9quipe \u3011 Programmes de formation sur mesure \u2714\ufe0f Augmentez les performances de votre \u00e9quipe \u26a1\" \/>\n<meta property=\"og:url\" content=\"https:\/\/talentinpeople.com\/talent-in-motivation\/\" \/>\n<meta property=\"og:site_name\" content=\"Talent In People\" \/>\n<meta property=\"article:modified_time\" content=\"2021-09-01T08:22:28+00:00\" \/>\n<meta property=\"og:image\" content=\"https:\/\/talentinpeople.com\/wp-content\/uploads\/2021\/03\/detalletitulo.png\" \/>\n<meta name=\"twitter:card\" content=\"summary_large_image\" \/>\n<meta name=\"twitter:label1\" content=\"Dur\u00e9e de lecture estim\u00e9e\" \/>\n\t<meta name=\"twitter:data1\" content=\"3 minutes\" \/>\n<script type=\"application\/ld+json\" class=\"yoast-schema-graph\">{\"@context\":\"https:\/\/schema.org\",\"@graph\":[{\"@type\":\"WebPage\",\"@id\":\"https:\/\/talentinpeople.com\/talent-in-motivation\/\",\"url\":\"https:\/\/talentinpeople.com\/talent-in-motivation\/\",\"name\":\"\u25b7 Cours de leadership et de motivation d'\u00e9quipe \u3010 Talent In People \u00a9 \u3011\",\"isPartOf\":{\"@id\":\"https:\/\/talentinpeople.com\/#website\"},\"primaryImageOfPage\":{\"@id\":\"https:\/\/talentinpeople.com\/talent-in-motivation\/#primaryimage\"},\"image\":{\"@id\":\"https:\/\/talentinpeople.com\/talent-in-motivation\/#primaryimage\"},\"thumbnailUrl\":\"https:\/\/talentinpeople.com\/wp-content\/uploads\/2021\/03\/detalletitulo.png\",\"datePublished\":\"2021-08-30T10:09:58+00:00\",\"dateModified\":\"2021-09-01T08:22:28+00:00\",\"description\":\"llll\u27a4 25 ans d'exp\u00e9rience en \u3010 Formation au leadership et \u00e0 la motivation d'\u00e9quipe \u3011 Programmes de formation sur mesure \u2714\ufe0f Augmentez les performances de votre \u00e9quipe \u26a1\",\"breadcrumb\":{\"@id\":\"https:\/\/talentinpeople.com\/talent-in-motivation\/#breadcrumb\"},\"inLanguage\":\"fr-FR\",\"potentialAction\":[{\"@type\":\"ReadAction\",\"target\":[\"https:\/\/talentinpeople.com\/talent-in-motivation\/\"]}]},{\"@type\":\"ImageObject\",\"inLanguage\":\"fr-FR\",\"@id\":\"https:\/\/talentinpeople.com\/talent-in-motivation\/#primaryimage\",\"url\":\"https:\/\/talentinpeople.com\/wp-content\/uploads\/2021\/03\/detalletitulo.png\",\"contentUrl\":\"https:\/\/talentinpeople.com\/wp-content\/uploads\/2021\/03\/detalletitulo.png\"},{\"@type\":\"BreadcrumbList\",\"@id\":\"https:\/\/talentinpeople.com\/talent-in-motivation\/#breadcrumb\",\"itemListElement\":[{\"@type\":\"ListItem\",\"position\":1,\"name\":\"Home\",\"item\":\"https:\/\/talentinpeople.com\/fr\/\"},{\"@type\":\"ListItem\",\"position\":2,\"name\":\"Talent in motivation\"}]},{\"@type\":\"WebSite\",\"@id\":\"https:\/\/talentinpeople.com\/#website\",\"url\":\"https:\/\/talentinpeople.com\/\",\"name\":\"Talent In People\",\"description\":\"Es tu momento, consigue objetivos.\",\"potentialAction\":[{\"@type\":\"SearchAction\",\"target\":{\"@type\":\"EntryPoint\",\"urlTemplate\":\"https:\/\/talentinpeople.com\/?s={search_term_string}\"},\"query-input\":{\"@type\":\"PropertyValueSpecification\",\"valueRequired\":true,\"valueName\":\"search_term_string\"}}],\"inLanguage\":\"fr-FR\"}]}<\/script>\n<!-- \/ Yoast SEO Premium plugin. -->","yoast_head_json":{"title":"\u25b7 Cours de leadership et de motivation d'\u00e9quipe \u3010 Talent In People \u00a9 \u3011","description":"llll\u27a4 25 ans d'exp\u00e9rience en \u3010 Formation au leadership et \u00e0 la motivation d'\u00e9quipe \u3011 Programmes de formation sur mesure \u2714\ufe0f Augmentez les performances de votre \u00e9quipe \u26a1","robots":{"index":"index","follow":"follow","max-snippet":"max-snippet:-1","max-image-preview":"max-image-preview:large","max-video-preview":"max-video-preview:-1"},"canonical":"https:\/\/talentinpeople.com\/talent-in-motivation\/","og_locale":"fr_FR","og_type":"article","og_title":"Talent in motivation","og_description":"llll\u27a4 25 ans d'exp\u00e9rience en \u3010 Formation au leadership et \u00e0 la motivation d'\u00e9quipe \u3011 Programmes de formation sur mesure \u2714\ufe0f Augmentez les performances de votre \u00e9quipe \u26a1","og_url":"https:\/\/talentinpeople.com\/talent-in-motivation\/","og_site_name":"Talent In People","article_modified_time":"2021-09-01T08:22:28+00:00","og_image":[{"url":"https:\/\/talentinpeople.com\/wp-content\/uploads\/2021\/03\/detalletitulo.png","type":"","width":"","height":""}],"twitter_card":"summary_large_image","twitter_misc":{"Dur\u00e9e de lecture estim\u00e9e":"3 minutes"},"schema":{"@context":"https:\/\/schema.org","@graph":[{"@type":"WebPage","@id":"https:\/\/talentinpeople.com\/talent-in-motivation\/","url":"https:\/\/talentinpeople.com\/talent-in-motivation\/","name":"\u25b7 Cours de leadership et de motivation d'\u00e9quipe \u3010 Talent In People \u00a9 \u3011","isPartOf":{"@id":"https:\/\/talentinpeople.com\/#website"},"primaryImageOfPage":{"@id":"https:\/\/talentinpeople.com\/talent-in-motivation\/#primaryimage"},"image":{"@id":"https:\/\/talentinpeople.com\/talent-in-motivation\/#primaryimage"},"thumbnailUrl":"https:\/\/talentinpeople.com\/wp-content\/uploads\/2021\/03\/detalletitulo.png","datePublished":"2021-08-30T10:09:58+00:00","dateModified":"2021-09-01T08:22:28+00:00","description":"llll\u27a4 25 ans d'exp\u00e9rience en \u3010 Formation au leadership et \u00e0 la motivation d'\u00e9quipe \u3011 Programmes de formation sur mesure \u2714\ufe0f Augmentez les performances de votre \u00e9quipe \u26a1","breadcrumb":{"@id":"https:\/\/talentinpeople.com\/talent-in-motivation\/#breadcrumb"},"inLanguage":"fr-FR","potentialAction":[{"@type":"ReadAction","target":["https:\/\/talentinpeople.com\/talent-in-motivation\/"]}]},{"@type":"ImageObject","inLanguage":"fr-FR","@id":"https:\/\/talentinpeople.com\/talent-in-motivation\/#primaryimage","url":"https:\/\/talentinpeople.com\/wp-content\/uploads\/2021\/03\/detalletitulo.png","contentUrl":"https:\/\/talentinpeople.com\/wp-content\/uploads\/2021\/03\/detalletitulo.png"},{"@type":"BreadcrumbList","@id":"https:\/\/talentinpeople.com\/talent-in-motivation\/#breadcrumb","itemListElement":[{"@type":"ListItem","position":1,"name":"Home","item":"https:\/\/talentinpeople.com\/fr\/"},{"@type":"ListItem","position":2,"name":"Talent in motivation"}]},{"@type":"WebSite","@id":"https:\/\/talentinpeople.com\/#website","url":"https:\/\/talentinpeople.com\/","name":"Talent In People","description":"Es tu momento, consigue objetivos.","potentialAction":[{"@type":"SearchAction","target":{"@type":"EntryPoint","urlTemplate":"https:\/\/talentinpeople.com\/?s={search_term_string}"},"query-input":{"@type":"PropertyValueSpecification","valueRequired":true,"valueName":"search_term_string"}}],"inLanguage":"fr-FR"}]}},"_links":{"self":[{"href":"https:\/\/talentinpeople.com\/fr\/wp-json\/wp\/v2\/pages\/2791","targetHints":{"allow":["GET"]}}],"collection":[{"href":"https:\/\/talentinpeople.com\/fr\/wp-json\/wp\/v2\/pages"}],"about":[{"href":"https:\/\/talentinpeople.com\/fr\/wp-json\/wp\/v2\/types\/page"}],"author":[{"embeddable":true,"href":"https:\/\/talentinpeople.com\/fr\/wp-json\/wp\/v2\/users\/2"}],"replies":[{"embeddable":true,"href":"https:\/\/talentinpeople.com\/fr\/wp-json\/wp\/v2\/comments?post=2791"}],"version-history":[{"count":5,"href":"https:\/\/talentinpeople.com\/fr\/wp-json\/wp\/v2\/pages\/2791\/revisions"}],"predecessor-version":[{"id":3009,"href":"https:\/\/talentinpeople.com\/fr\/wp-json\/wp\/v2\/pages\/2791\/revisions\/3009"}],"wp:attachment":[{"href":"https:\/\/talentinpeople.com\/fr\/wp-json\/wp\/v2\/media?parent=2791"}],"curies":[{"name":"wp","href":"https:\/\/api.w.org\/{rel}","templated":true}]}}