{"id":2797,"date":"2021-08-30T13:16:39","date_gmt":"2021-08-30T11:16:39","guid":{"rendered":"https:\/\/talentinpeople.com\/talent-in-coaching\/"},"modified":"2021-09-01T10:21:22","modified_gmt":"2021-09-01T08:21:22","slug":"talent-in-coaching","status":"publish","type":"page","link":"https:\/\/talentinpeople.com\/fr\/talent-in-coaching\/","title":{"rendered":"Talent in coaching"},"content":{"rendered":"\t\t<div data-elementor-type=\"wp-page\" data-elementor-id=\"2797\" class=\"elementor elementor-2797 elementor-1997\" data-elementor-settings=\"{&quot;element_pack_global_tooltip_width&quot;:{&quot;unit&quot;:&quot;px&quot;,&quot;size&quot;:&quot;&quot;,&quot;sizes&quot;:[]},&quot;element_pack_global_tooltip_width_tablet&quot;:{&quot;unit&quot;:&quot;px&quot;,&quot;size&quot;:&quot;&quot;,&quot;sizes&quot;:[]},&quot;element_pack_global_tooltip_width_mobile&quot;:{&quot;unit&quot;:&quot;px&quot;,&quot;size&quot;:&quot;&quot;,&quot;sizes&quot;:[]},&quot;element_pack_global_tooltip_padding&quot;:{&quot;unit&quot;:&quot;px&quot;,&quot;top&quot;:&quot;&quot;,&quot;right&quot;:&quot;&quot;,&quot;bottom&quot;:&quot;&quot;,&quot;left&quot;:&quot;&quot;,&quot;isLinked&quot;:true},&quot;element_pack_global_tooltip_padding_tablet&quot;:{&quot;unit&quot;:&quot;px&quot;,&quot;top&quot;:&quot;&quot;,&quot;right&quot;:&quot;&quot;,&quot;bottom&quot;:&quot;&quot;,&quot;left&quot;:&quot;&quot;,&quot;isLinked&quot;:true},&quot;element_pack_global_tooltip_padding_mobile&quot;:{&quot;unit&quot;:&quot;px&quot;,&quot;top&quot;:&quot;&quot;,&quot;right&quot;:&quot;&quot;,&quot;bottom&quot;:&quot;&quot;,&quot;left&quot;:&quot;&quot;,&quot;isLinked&quot;:true},&quot;element_pack_global_tooltip_border_radius&quot;:{&quot;unit&quot;:&quot;px&quot;,&quot;top&quot;:&quot;&quot;,&quot;right&quot;:&quot;&quot;,&quot;bottom&quot;:&quot;&quot;,&quot;left&quot;:&quot;&quot;,&quot;isLinked&quot;:true},&quot;element_pack_global_tooltip_border_radius_tablet&quot;:{&quot;unit&quot;:&quot;px&quot;,&quot;top&quot;:&quot;&quot;,&quot;right&quot;:&quot;&quot;,&quot;bottom&quot;:&quot;&quot;,&quot;left&quot;:&quot;&quot;,&quot;isLinked&quot;:true},&quot;element_pack_global_tooltip_border_radius_mobile&quot;:{&quot;unit&quot;:&quot;px&quot;,&quot;top&quot;:&quot;&quot;,&quot;right&quot;:&quot;&quot;,&quot;bottom&quot;:&quot;&quot;,&quot;left&quot;:&quot;&quot;,&quot;isLinked&quot;:true}}\" data-elementor-post-type=\"page\">\n\t\t\t\t\t\t<section class=\"elementor-section elementor-top-section elementor-element elementor-element-a329b43 elementor-section-boxed elementor-section-height-default elementor-section-height-default\" data-id=\"a329b43\" data-element_type=\"section\" data-e-type=\"section\">\n\t\t\t\t\t\t<div class=\"elementor-container elementor-column-gap-default\">\n\t\t\t\t\t<div class=\"elementor-column elementor-col-100 elementor-top-column elementor-element elementor-element-038800e\" data-id=\"038800e\" data-element_type=\"column\" data-e-type=\"column\">\n\t\t\t<div class=\"elementor-widget-wrap elementor-element-populated\">\n\t\t\t\t\t\t<div class=\"elementor-element elementor-element-8c114cf elementor-widget elementor-widget-html\" data-id=\"8c114cf\" data-element_type=\"widget\" data-e-type=\"widget\" data-widget_type=\"html.default\">\n\t\t\t\t<div class=\"elementor-widget-container\">\n\t\t\t\t\t<div class=\"titulos_web_talent titulo_training_descripcion\">\r\n    <img decoding=\"async\" src=\"https:\/\/talentinpeople.com\/wp-content\/uploads\/2021\/03\/detalletitulo.png\">\r\n    <h2 class=\"titulo\">DESCRIPTION<\/h2>\r\n    <div class=\"textos-alineados\">\r\n        <span class=\"textos texto_a\">Talent in Coaching<\/span>\r\n    <\/div>\r\n<\/div>\t\t\t\t<\/div>\n\t\t\t\t<\/div>\n\t\t\t\t\t<\/div>\n\t\t<\/div>\n\t\t\t\t\t<\/div>\n\t\t<\/section>\n\t\t\t\t<section class=\"elementor-section elementor-top-section elementor-element elementor-element-1149217 bloques-talent-web elementor-section-boxed elementor-section-height-default elementor-section-height-default\" data-id=\"1149217\" data-element_type=\"section\" data-e-type=\"section\">\n\t\t\t\t\t\t<div class=\"elementor-container elementor-column-gap-default\">\n\t\t\t\t\t<div class=\"elementor-column elementor-col-100 elementor-top-column elementor-element elementor-element-669b47d\" data-id=\"669b47d\" data-element_type=\"column\" data-e-type=\"column\">\n\t\t\t<div class=\"elementor-widget-wrap elementor-element-populated\">\n\t\t\t\t\t\t<div class=\"elementor-element elementor-element-9b2ec54 imagen elementor-widget elementor-widget-image\" data-id=\"9b2ec54\" data-element_type=\"widget\" data-e-type=\"widget\" data-widget_type=\"image.default\">\n\t\t\t\t<div class=\"elementor-widget-container\">\n\t\t\t\t\t\t\t\t\t\t\t\t\t\t\t<img fetchpriority=\"high\" decoding=\"async\" width=\"1020\" height=\"586\" src=\"https:\/\/talentinpeople.com\/wp-content\/uploads\/2021\/05\/3D9A9734-coaching-1024x588.jpg\" class=\"attachment-large size-large wp-image-2280\" alt=\"Coach para empresas\" srcset=\"https:\/\/talentinpeople.com\/wp-content\/uploads\/2021\/05\/3D9A9734-coaching-1024x588.jpg 1024w, https:\/\/talentinpeople.com\/wp-content\/uploads\/2021\/05\/3D9A9734-coaching-300x172.jpg 300w, https:\/\/talentinpeople.com\/wp-content\/uploads\/2021\/05\/3D9A9734-coaching-768x441.jpg 768w, https:\/\/talentinpeople.com\/wp-content\/uploads\/2021\/05\/3D9A9734-coaching-1536x882.jpg 1536w, https:\/\/talentinpeople.com\/wp-content\/uploads\/2021\/05\/3D9A9734-coaching-2048x1176.jpg 2048w\" sizes=\"(max-width: 1020px) 100vw, 1020px\" \/>\t\t\t\t\t\t\t\t\t\t\t\t\t\t\t<\/div>\n\t\t\t\t<\/div>\n\t\t\t\t<div class=\"elementor-element elementor-element-06c9b0a texto elementor-widget elementor-widget-text-editor\" data-id=\"06c9b0a\" data-element_type=\"widget\" data-e-type=\"widget\" data-widget_type=\"text-editor.default\">\n\t\t\t\t<div class=\"elementor-widget-container\">\n\t\t\t\t\t\t\t\t\t<h1>COACHING POUR LES ENTREPRISES<\/h1>\n<p><strong>C&rsquo;est votre moment, atteignez vos objectifs gr\u00e2ce \u00e0 notre accompagnement.<\/strong><\/p>\n<p><strong>Talent in Coaching<\/strong> d\u00e9veloppe des processus individuels d&rsquo;apprentissage et d\u2019\u00e9panouissement personnel visant \u00e0 obtenir des changements de comportement professionnel afin que les personnes qui en b\u00e9n\u00e9ficient, ainsi que leur environnement professionnel le plus proche, puissent en percevoir l&rsquo;impact et l&rsquo;efficacit\u00e9.<\/p>\n<p>Les processus de coaching apportent des <strong>\u00e9l\u00e9ments diff\u00e9renciateurs<\/strong> par rapport \u00e0 d&rsquo;autres types de programmes, les rendant particuli\u00e8rement puissants:<\/p>\n<ul>\n<li>Ils se basent sur l&rsquo;<strong>adaptation personnalis\u00e9e<\/strong> \u00e0 des objectifs concrets li\u00e9s \u00e0 l\u2019\u00e9panouissement du professionnel dans son entreprise.<\/li>\n<li>Ils se centrent sur la r\u00e9alisation d&rsquo;un <strong>plan individuel<\/strong> adapt\u00e9 \u00e0 une situation professionnelle et personnelle sp\u00e9cifique.<\/li>\n<li>Ils tendent \u00e0 l&rsquo;<strong>am\u00e9lioration de l&rsquo;action<\/strong> d&rsquo;une personne et de son rendement.<\/li>\n<li>Ils aident \u00e0 <strong>d\u00e9tecter des barri\u00e8res internes et des croyances limitantes<\/strong> qui freinent l\u2019\u00e9panouissement professionnel.<\/li>\n<li>Ils soutiennent le <strong>d\u00e9veloppement de comp\u00e9tences sp\u00e9cifiques<\/strong> telles que le leadership, la communication, la prise de d\u00e9cisions ou la r\u00e9solution de conflits.<\/li>\n<\/ul>\n\t\t\t\t\t\t\t\t<\/div>\n\t\t\t\t<\/div>\n\t\t\t\t\t<\/div>\n\t\t<\/div>\n\t\t\t\t\t<\/div>\n\t\t<\/section>\n\t\t\t\t<section class=\"elementor-section elementor-top-section elementor-element elementor-element-24c5720 elementor-section-boxed elementor-section-height-default elementor-section-height-default\" data-id=\"24c5720\" data-element_type=\"section\" data-e-type=\"section\">\n\t\t\t\t\t\t<div class=\"elementor-container elementor-column-gap-default\">\n\t\t\t\t\t<div class=\"elementor-column elementor-col-100 elementor-top-column elementor-element elementor-element-2e4e892\" data-id=\"2e4e892\" data-element_type=\"column\" data-e-type=\"column\">\n\t\t\t<div class=\"elementor-widget-wrap elementor-element-populated\">\n\t\t\t\t\t\t<div class=\"elementor-element elementor-element-5018555 elementor-widget elementor-widget-html\" data-id=\"5018555\" data-element_type=\"widget\" data-e-type=\"widget\" data-widget_type=\"html.default\">\n\t\t\t\t<div class=\"elementor-widget-container\">\n\t\t\t\t\t<div class=\"titulos_web_talent titulo_training_nuestros_clientes\">\r\n    <img decoding=\"async\" src=\"https:\/\/talentinpeople.com\/wp-content\/uploads\/2021\/03\/detalletitulo.png\">\r\n    <h2 class=\"titulo\">NOS CLIENTS<\/h2>\r\n    <div class=\"textos-alineados\">\r\n        <span class=\"textos texto_a\">Talent in Coaching<\/span>\r\n    <\/div>\r\n<\/div>\t\t\t\t<\/div>\n\t\t\t\t<\/div>\n\t\t\t\t\t<\/div>\n\t\t<\/div>\n\t\t\t\t\t<\/div>\n\t\t<\/section>\n\t\t\t\t<section class=\"elementor-section elementor-top-section elementor-element elementor-element-e1a0f52 elementor-section-full_width elementor-section-stretched elementor-section-height-default elementor-section-height-default\" data-id=\"e1a0f52\" data-element_type=\"section\" data-e-type=\"section\" data-settings=\"{&quot;stretch_section&quot;:&quot;section-stretched&quot;}\">\n\t\t\t\t\t\t<div class=\"elementor-container elementor-column-gap-default\">\n\t\t\t\t\t<div class=\"elementor-column elementor-col-100 elementor-top-column elementor-element elementor-element-8944d40\" data-id=\"8944d40\" data-element_type=\"column\" data-e-type=\"column\">\n\t\t\t<div class=\"elementor-widget-wrap elementor-element-populated\">\n\t\t\t\t\t\t<div class=\"elementor-element elementor-element-a91cf18 elementor-pagination-position-outside elementor-widget elementor-widget-image-carousel\" data-id=\"a91cf18\" data-element_type=\"widget\" data-e-type=\"widget\" data-settings=\"{&quot;slides_to_show&quot;:&quot;5&quot;,&quot;navigation&quot;:&quot;dots&quot;,&quot;slides_to_show_tablet&quot;:&quot;3&quot;,&quot;slides_to_show_mobile&quot;:&quot;1&quot;,&quot;autoplay&quot;:&quot;yes&quot;,&quot;pause_on_hover&quot;:&quot;yes&quot;,&quot;pause_on_interaction&quot;:&quot;yes&quot;,&quot;autoplay_speed&quot;:5000,&quot;infinite&quot;:&quot;yes&quot;,&quot;speed&quot;:500}\" data-widget_type=\"image-carousel.default\">\n\t\t\t\t<div class=\"elementor-widget-container\">\n\t\t\t\t\t\t\t<div class=\"elementor-image-carousel-wrapper swiper\" role=\"region\" aria-roledescription=\"carousel\" aria-label=\"Carrousel d\u2019images\" dir=\"ltr\">\n\t\t\t<div class=\"elementor-image-carousel swiper-wrapper\" aria-live=\"off\">\n\t\t\t\t\t\t\t\t<div class=\"swiper-slide\" role=\"group\" aria-roledescription=\"slide\" aria-label=\"1 sur 4\"><figure class=\"swiper-slide-inner\"><img decoding=\"async\" class=\"swiper-slide-image\" src=\"https:\/\/talentinpeople.com\/wp-content\/uploads\/2021\/05\/Logo-ALK-Abello-2.png\" alt=\"Logo-ALK-Abell\u00f3\" \/><\/figure><\/div><div class=\"swiper-slide\" role=\"group\" aria-roledescription=\"slide\" aria-label=\"2 sur 4\"><figure class=\"swiper-slide-inner\"><img decoding=\"async\" class=\"swiper-slide-image\" src=\"https:\/\/talentinpeople.com\/wp-content\/uploads\/2021\/05\/Logo-google.jpg.png\" alt=\"Logo-google.jpg\" \/><\/figure><\/div><div class=\"swiper-slide\" role=\"group\" aria-roledescription=\"slide\" aria-label=\"3 sur 4\"><figure class=\"swiper-slide-inner\"><img decoding=\"async\" class=\"swiper-slide-image\" src=\"https:\/\/talentinpeople.com\/wp-content\/uploads\/2021\/05\/Logo-Psya.png\" alt=\"Logo-Psya\" \/><\/figure><\/div><div class=\"swiper-slide\" role=\"group\" aria-roledescription=\"slide\" aria-label=\"4 sur 4\"><figure class=\"swiper-slide-inner\"><img decoding=\"async\" class=\"swiper-slide-image\" src=\"https:\/\/talentinpeople.com\/wp-content\/uploads\/2021\/05\/Logo-YEES.jpg.png\" alt=\"Logo-YEES.jpg\" \/><\/figure><\/div>\t\t\t<\/div>\n\t\t\t\t\t\t\t\n\t\t\t\t\t\t\t\t\t<div class=\"swiper-pagination\"><\/div>\n\t\t\t\t\t\t\t\t\t<\/div>\n\t\t\t\t\t\t<\/div>\n\t\t\t\t<\/div>\n\t\t\t\t\t<\/div>\n\t\t<\/div>\n\t\t\t\t\t<\/div>\n\t\t<\/section>\n\t\t\t\t<section class=\"elementor-section elementor-top-section elementor-element elementor-element-764a750 elementor-section-boxed elementor-section-height-default elementor-section-height-default\" data-id=\"764a750\" data-element_type=\"section\" data-e-type=\"section\">\n\t\t\t\t\t\t<div class=\"elementor-container elementor-column-gap-default\">\n\t\t\t\t\t<div class=\"elementor-column elementor-col-100 elementor-top-column elementor-element elementor-element-20b60dd\" data-id=\"20b60dd\" data-element_type=\"column\" data-e-type=\"column\">\n\t\t\t<div class=\"elementor-widget-wrap elementor-element-populated\">\n\t\t\t\t\t\t<div class=\"elementor-element elementor-element-69a2967 elementor-widget elementor-widget-html\" data-id=\"69a2967\" data-element_type=\"widget\" data-e-type=\"widget\" data-widget_type=\"html.default\">\n\t\t\t\t<div class=\"elementor-widget-container\">\n\t\t\t\t\t<div class=\"titulos_web_talent titulo_training_proceso titulo_proceso_y_metodologia\">\r\n    <img decoding=\"async\" src=\"https:\/\/talentinpeople.com\/wp-content\/uploads\/2021\/03\/detalletitulo.png\">\r\n    <h2 class=\"titulo\">PROCESSUS ET M\u00c9THODOLOGIE<\/h2>\r\n    <div class=\"textos-alineados\">\r\n        <span class=\"textos texto_a\">Talent in Coaching<\/span>\r\n    <\/div>\r\n<\/div>\t\t\t\t<\/div>\n\t\t\t\t<\/div>\n\t\t\t\t<div class=\"elementor-element elementor-element-d14c3d3 elementor-widget elementor-widget-text-editor\" data-id=\"d14c3d3\" data-element_type=\"widget\" data-e-type=\"widget\" data-widget_type=\"text-editor.default\">\n\t\t\t\t<div class=\"elementor-widget-container\">\n\t\t\t\t\t\t\t\t\t<p>Notre m\u00e9thodologie se base sur la <strong>question r\u00e9flexive<\/strong> et l&rsquo;<strong>\u00e9coute empathique<\/strong>. C&rsquo;est le point de d\u00e9part qu&rsquo;utilise le coach pour aider la personne \u00e0:<\/p>\n<ul>\n<li>Trouver ses propres r\u00e9ponses et prendre ses d\u00e9cisions en tenant compte de ses <strong>valeurs<\/strong>, ses <strong>attentes<\/strong> et sa <strong>personnalit\u00e9<\/strong>.<\/li>\n<li>Identifier et renforcer ses <strong>domaines d&rsquo;am\u00e9lioration<\/strong>.<\/li>\n<li>Assumer ses limitations, ses pr\u00e9jug\u00e9s ou ses croyances n\u00e9gatives sur lui-m\u00eame ou sur ses capacit\u00e9s, et <strong>mettre en marche des actions<\/strong> destin\u00e9es \u00e0 les d\u00e9passer ou \u00e0 les rendre positives.<\/li>\n<\/ul>\n<p>En mati\u00e8re de coaching, nous partons du principe que chaque personne est unique et diff\u00e9rente et qu&rsquo;il n&rsquo;existe ni recettes g\u00e9n\u00e9ralisables ni solutions universelles. C&rsquo;est la raison pour laquelle le coach accompagne la personne dans son processus de changement sans offrir de solutions ni de conseils, mais avec l&rsquo;engagement ferme de:<\/p>\n<ul>\n<li>Entra\u00eener et engager la personne vers ses <strong>objectifs<\/strong>.<\/li>\n<li>Pousser la personne \u00e0 observer la r\u00e9alit\u00e9 depuis une <strong>autre perspective<\/strong>.<\/li>\n<li>L&rsquo;aider \u00e0 d\u00e9velopper des <strong>comportements d&rsquo;adaptation<\/strong>.<\/li>\n<\/ul>\n<p>Le <strong>plan d&rsquo;action<\/strong> \u00e9tabli implique que la personne effectue des actions entre les sessions, ce qui est un aspect cl\u00e9 de cette m\u00e9thodologie.<\/p>\n<p>Les sessions de coaching peuvent \u00eatre effectu\u00e9es en <strong>pr\u00e9sentiel<\/strong> ou <strong>\u00e0 distance<\/strong>, via des <strong>appels t\u00e9l\u00e9phoniques<\/strong> ou des <strong>visioconf\u00e9rences<\/strong>.<\/p>\n\t\t\t\t\t\t\t\t<\/div>\n\t\t\t\t<\/div>\n\t\t\t\t\t<\/div>\n\t\t<\/div>\n\t\t\t\t\t<\/div>\n\t\t<\/section>\n\t\t\t\t<section class=\"elementor-section elementor-top-section elementor-element elementor-element-e90a762 elementor-section-boxed elementor-section-height-default elementor-section-height-default\" data-id=\"e90a762\" data-element_type=\"section\" data-e-type=\"section\">\n\t\t\t\t\t\t<div class=\"elementor-container elementor-column-gap-default\">\n\t\t\t\t\t<div class=\"elementor-column elementor-col-100 elementor-top-column elementor-element elementor-element-160b5bd\" data-id=\"160b5bd\" data-element_type=\"column\" data-e-type=\"column\">\n\t\t\t<div class=\"elementor-widget-wrap elementor-element-populated\">\n\t\t\t\t\t\t<div class=\"elementor-element elementor-element-e2946a3 elementor-widget elementor-widget-html\" data-id=\"e2946a3\" data-element_type=\"widget\" data-e-type=\"widget\" data-widget_type=\"html.default\">\n\t\t\t\t<div class=\"elementor-widget-container\">\n\t\t\t\t\t<div class=\"titulos_web_talent titulo_training_experiencia\">\r\n    <img decoding=\"async\" src=\"https:\/\/talentinpeople.com\/wp-content\/uploads\/2021\/03\/detalletitulo.png\">\r\n    <h2 class=\"titulo\">NOTRE EXP\u00c9RIENCE<\/h2>\r\n    <div class=\"textos-alineados\">\r\n        <span class=\"textos texto_a\">Talent in Coaching<\/span>\r\n    <\/div>\r\n<\/div>\t\t\t\t<\/div>\n\t\t\t\t<\/div>\n\t\t\t\t<div class=\"elementor-element elementor-element-4adebf7 elementor-widget elementor-widget-text-editor\" data-id=\"4adebf7\" data-element_type=\"widget\" data-e-type=\"widget\" data-widget_type=\"text-editor.default\">\n\t\t\t\t<div class=\"elementor-widget-container\">\n\t\t\t\t\t\t\t\t\t<p>Sa passion pour les relations interpersonnelles et sa mission d&rsquo;aider les personnes \u00e0 am\u00e9liorer leurs comp\u00e9tences et leurs aptitudes, ont naturellement amen\u00e9 Fr\u00e9d\u00e9ric Charrier \u00e0 s&rsquo;int\u00e9resser au coaching afin d&rsquo;\u00e9tendre sa capacit\u00e9 d&rsquo;intervention.<\/p>\n<p>Depuis janvier 2013, il est coach certifi\u00e9 en coaching coactif par le CTI (Co-Active Training Institute).<\/p>\n<p>Outre la r\u00e9alisation de nombreux processus de coaching personnel et professionnel, Fr\u00e9d\u00e9ric inclut cette m\u00e9thodologie dans diff\u00e9rents programmes de formation afin d&rsquo;effectuer un suivi post\u00e9rieur et de consolider les r\u00e9sultats obtenus dans le temps.<\/p>\n\t\t\t\t\t\t\t\t<\/div>\n\t\t\t\t<\/div>\n\t\t\t\t<div class=\"elementor-element elementor-element-537f7b0 elementor-align-left elementor-widget elementor-widget-button\" data-id=\"537f7b0\" data-element_type=\"widget\" data-e-type=\"widget\" data-widget_type=\"button.default\">\n\t\t\t\t<div class=\"elementor-widget-container\">\n\t\t\t\t\t\t\t\t\t<div class=\"elementor-button-wrapper\">\n\t\t\t\t\t<a class=\"elementor-button elementor-button-link elementor-size-sm\" href=\"https:\/\/www.linkedin.com\/in\/frederic-charrier\/\" target=\"_blank\">\n\t\t\t\t\t\t<span class=\"elementor-button-content-wrapper\">\n\t\t\t\t\t\t\t\t\t<span class=\"elementor-button-text\">MON LINKEDIN<\/span>\n\t\t\t\t\t<\/span>\n\t\t\t\t\t<\/a>\n\t\t\t\t<\/div>\n\t\t\t\t\t\t\t\t<\/div>\n\t\t\t\t<\/div>\n\t\t\t\t\t<\/div>\n\t\t<\/div>\n\t\t\t\t\t<\/div>\n\t\t<\/section>\n\t\t\t\t<section class=\"elementor-section elementor-top-section elementor-element elementor-element-2b45eab elementor-section-boxed elementor-section-height-default elementor-section-height-default\" data-id=\"2b45eab\" data-element_type=\"section\" data-e-type=\"section\">\n\t\t\t\t\t\t<div class=\"elementor-container elementor-column-gap-default\">\n\t\t\t\t\t<div class=\"elementor-column elementor-col-100 elementor-top-column elementor-element elementor-element-0382c84\" data-id=\"0382c84\" data-element_type=\"column\" data-e-type=\"column\">\n\t\t\t<div class=\"elementor-widget-wrap elementor-element-populated\">\n\t\t\t\t\t\t<div class=\"elementor-element elementor-element-be75abe elementor-widget elementor-widget-heading\" data-id=\"be75abe\" data-element_type=\"widget\" data-e-type=\"widget\" data-widget_type=\"heading.default\">\n\t\t\t\t<div class=\"elementor-widget-container\">\n\t\t\t\t\t<h2 class=\"elementor-heading-title elementor-size-default\">Nos derni\u00e8res entr\u00e9es du blog<\/h2>\t\t\t\t<\/div>\n\t\t\t\t<\/div>\n\t\t\t\t\t<\/div>\n\t\t<\/div>\n\t\t\t\t\t<\/div>\n\t\t<\/section>\n\t\t\t\t<section class=\"elementor-section elementor-top-section elementor-element elementor-element-10016c1 elementor-section-boxed elementor-section-height-default elementor-section-height-default\" data-id=\"10016c1\" data-element_type=\"section\" data-e-type=\"section\">\n\t\t\t\t\t\t<div class=\"elementor-container elementor-column-gap-default\">\n\t\t\t\t\t<div class=\"elementor-column elementor-col-100 elementor-top-column elementor-element elementor-element-ddb6363\" data-id=\"ddb6363\" data-element_type=\"column\" data-e-type=\"column\">\n\t\t\t<div class=\"elementor-widget-wrap elementor-element-populated\">\n\t\t\t\t\t\t<div class=\"elementor-element elementor-element-9a650e0 elementor-widget elementor-widget-heading\" data-id=\"9a650e0\" data-element_type=\"widget\" data-e-type=\"widget\" data-widget_type=\"heading.default\">\n\t\t\t\t<div class=\"elementor-widget-container\">\n\t\t\t\t\t<h2 class=\"elementor-heading-title elementor-size-default\">Exemples de r\u00e9ussite <\/h2>\t\t\t\t<\/div>\n\t\t\t\t<\/div>\n\t\t\t\t\t<\/div>\n\t\t<\/div>\n\t\t\t\t\t<\/div>\n\t\t<\/section>\n\t\t\t\t<\/div>\n\t\t","protected":false},"excerpt":{"rendered":"<p>DESCRIPTION Talent in Coaching COACHING POUR LES ENTREPRISES C&rsquo;est votre moment, atteignez vos objectifs gr\u00e2ce \u00e0 notre accompagnement. Talent in Coaching d\u00e9veloppe des processus individuels d&rsquo;apprentissage et d\u2019\u00e9panouissement personnel visant \u00e0 obtenir des changements de comportement professionnel afin que les personnes qui en b\u00e9n\u00e9ficient, ainsi que leur environnement professionnel le plus proche, puissent en percevoir&#8230;<\/p>\n","protected":false},"author":2,"featured_media":0,"parent":0,"menu_order":0,"comment_status":"closed","ping_status":"closed","template":"","meta":{"footnotes":""},"class_list":["post-2797","page","type-page","status-publish","hentry"],"yoast_head":"<!-- This site is optimized with the Yoast SEO Premium plugin v26.9 (Yoast SEO v27.0) - https:\/\/yoast.com\/product\/yoast-seo-premium-wordpress\/ -->\n<title>\u25b7 Coaching pour les entreprises \u3010 Talent In People \u00a9 \u3011<\/title>\n<meta name=\"description\" content=\"llll\u27a4 25 ans d&#039;exp\u00e9rience \u3010 COACHING POUR LES ENTREPRISES \u3010 COACHING POUR LES ENTREPRISES \u3011. Nous collaborons avec plus de 100 entreprises de premier plan \u2714\ufe0f Plus de 10 000 histoires de r\u00e9ussite dans le personnel \u26a1\" \/>\n<meta name=\"robots\" content=\"index, follow, max-snippet:-1, max-image-preview:large, max-video-preview:-1\" \/>\n<link rel=\"canonical\" href=\"https:\/\/talentinpeople.com\/talent-in-coaching\/\" \/>\n<meta property=\"og:locale\" content=\"fr_FR\" \/>\n<meta property=\"og:type\" content=\"article\" \/>\n<meta property=\"og:title\" content=\"Talent in coaching\" \/>\n<meta property=\"og:description\" content=\"llll\u27a4 25 ans d&#039;exp\u00e9rience \u3010 COACHING POUR LES ENTREPRISES \u3010 COACHING POUR LES ENTREPRISES \u3011. Nous collaborons avec plus de 100 entreprises de premier plan \u2714\ufe0f Plus de 10 000 histoires de r\u00e9ussite dans le personnel \u26a1\" \/>\n<meta property=\"og:url\" content=\"https:\/\/talentinpeople.com\/talent-in-coaching\/\" \/>\n<meta property=\"og:site_name\" content=\"Talent In People\" \/>\n<meta property=\"article:modified_time\" content=\"2021-09-01T08:21:22+00:00\" \/>\n<meta property=\"og:image\" content=\"https:\/\/talentinpeople.com\/wp-content\/uploads\/2021\/03\/detalletitulo.png\" \/>\n<meta name=\"twitter:card\" content=\"summary_large_image\" \/>\n<meta name=\"twitter:label1\" content=\"Dur\u00e9e de lecture estim\u00e9e\" \/>\n\t<meta name=\"twitter:data1\" content=\"3 minutes\" \/>\n<script type=\"application\/ld+json\" class=\"yoast-schema-graph\">{\"@context\":\"https:\/\/schema.org\",\"@graph\":[{\"@type\":\"WebPage\",\"@id\":\"https:\/\/talentinpeople.com\/talent-in-coaching\/\",\"url\":\"https:\/\/talentinpeople.com\/talent-in-coaching\/\",\"name\":\"\u25b7 Coaching pour les entreprises \u3010 Talent In People \u00a9 \u3011\",\"isPartOf\":{\"@id\":\"https:\/\/talentinpeople.com\/#website\"},\"primaryImageOfPage\":{\"@id\":\"https:\/\/talentinpeople.com\/talent-in-coaching\/#primaryimage\"},\"image\":{\"@id\":\"https:\/\/talentinpeople.com\/talent-in-coaching\/#primaryimage\"},\"thumbnailUrl\":\"https:\/\/talentinpeople.com\/wp-content\/uploads\/2021\/03\/detalletitulo.png\",\"datePublished\":\"2021-08-30T11:16:39+00:00\",\"dateModified\":\"2021-09-01T08:21:22+00:00\",\"description\":\"llll\u27a4 25 ans d'exp\u00e9rience \u3010 COACHING POUR LES ENTREPRISES \u3010 COACHING POUR LES ENTREPRISES \u3011. Nous collaborons avec plus de 100 entreprises de premier plan \u2714\ufe0f Plus de 10 000 histoires de r\u00e9ussite dans le personnel \u26a1\",\"breadcrumb\":{\"@id\":\"https:\/\/talentinpeople.com\/talent-in-coaching\/#breadcrumb\"},\"inLanguage\":\"fr-FR\",\"potentialAction\":[{\"@type\":\"ReadAction\",\"target\":[\"https:\/\/talentinpeople.com\/talent-in-coaching\/\"]}]},{\"@type\":\"ImageObject\",\"inLanguage\":\"fr-FR\",\"@id\":\"https:\/\/talentinpeople.com\/talent-in-coaching\/#primaryimage\",\"url\":\"https:\/\/talentinpeople.com\/wp-content\/uploads\/2021\/03\/detalletitulo.png\",\"contentUrl\":\"https:\/\/talentinpeople.com\/wp-content\/uploads\/2021\/03\/detalletitulo.png\"},{\"@type\":\"BreadcrumbList\",\"@id\":\"https:\/\/talentinpeople.com\/talent-in-coaching\/#breadcrumb\",\"itemListElement\":[{\"@type\":\"ListItem\",\"position\":1,\"name\":\"Home\",\"item\":\"https:\/\/talentinpeople.com\/fr\/\"},{\"@type\":\"ListItem\",\"position\":2,\"name\":\"Talent in coaching\"}]},{\"@type\":\"WebSite\",\"@id\":\"https:\/\/talentinpeople.com\/#website\",\"url\":\"https:\/\/talentinpeople.com\/\",\"name\":\"Talent In People\",\"description\":\"Es tu momento, consigue objetivos.\",\"potentialAction\":[{\"@type\":\"SearchAction\",\"target\":{\"@type\":\"EntryPoint\",\"urlTemplate\":\"https:\/\/talentinpeople.com\/?s={search_term_string}\"},\"query-input\":{\"@type\":\"PropertyValueSpecification\",\"valueRequired\":true,\"valueName\":\"search_term_string\"}}],\"inLanguage\":\"fr-FR\"}]}<\/script>\n<!-- \/ Yoast SEO Premium plugin. -->","yoast_head_json":{"title":"\u25b7 Coaching pour les entreprises \u3010 Talent In People \u00a9 \u3011","description":"llll\u27a4 25 ans d'exp\u00e9rience \u3010 COACHING POUR LES ENTREPRISES \u3010 COACHING POUR LES ENTREPRISES \u3011. Nous collaborons avec plus de 100 entreprises de premier plan \u2714\ufe0f Plus de 10 000 histoires de r\u00e9ussite dans le personnel \u26a1","robots":{"index":"index","follow":"follow","max-snippet":"max-snippet:-1","max-image-preview":"max-image-preview:large","max-video-preview":"max-video-preview:-1"},"canonical":"https:\/\/talentinpeople.com\/talent-in-coaching\/","og_locale":"fr_FR","og_type":"article","og_title":"Talent in coaching","og_description":"llll\u27a4 25 ans d'exp\u00e9rience \u3010 COACHING POUR LES ENTREPRISES \u3010 COACHING POUR LES ENTREPRISES \u3011. Nous collaborons avec plus de 100 entreprises de premier plan \u2714\ufe0f Plus de 10 000 histoires de r\u00e9ussite dans le personnel \u26a1","og_url":"https:\/\/talentinpeople.com\/talent-in-coaching\/","og_site_name":"Talent In People","article_modified_time":"2021-09-01T08:21:22+00:00","og_image":[{"url":"https:\/\/talentinpeople.com\/wp-content\/uploads\/2021\/03\/detalletitulo.png","type":"","width":"","height":""}],"twitter_card":"summary_large_image","twitter_misc":{"Dur\u00e9e de lecture estim\u00e9e":"3 minutes"},"schema":{"@context":"https:\/\/schema.org","@graph":[{"@type":"WebPage","@id":"https:\/\/talentinpeople.com\/talent-in-coaching\/","url":"https:\/\/talentinpeople.com\/talent-in-coaching\/","name":"\u25b7 Coaching pour les entreprises \u3010 Talent In People \u00a9 \u3011","isPartOf":{"@id":"https:\/\/talentinpeople.com\/#website"},"primaryImageOfPage":{"@id":"https:\/\/talentinpeople.com\/talent-in-coaching\/#primaryimage"},"image":{"@id":"https:\/\/talentinpeople.com\/talent-in-coaching\/#primaryimage"},"thumbnailUrl":"https:\/\/talentinpeople.com\/wp-content\/uploads\/2021\/03\/detalletitulo.png","datePublished":"2021-08-30T11:16:39+00:00","dateModified":"2021-09-01T08:21:22+00:00","description":"llll\u27a4 25 ans d'exp\u00e9rience \u3010 COACHING POUR LES ENTREPRISES \u3010 COACHING POUR LES ENTREPRISES \u3011. Nous collaborons avec plus de 100 entreprises de premier plan \u2714\ufe0f Plus de 10 000 histoires de r\u00e9ussite dans le personnel \u26a1","breadcrumb":{"@id":"https:\/\/talentinpeople.com\/talent-in-coaching\/#breadcrumb"},"inLanguage":"fr-FR","potentialAction":[{"@type":"ReadAction","target":["https:\/\/talentinpeople.com\/talent-in-coaching\/"]}]},{"@type":"ImageObject","inLanguage":"fr-FR","@id":"https:\/\/talentinpeople.com\/talent-in-coaching\/#primaryimage","url":"https:\/\/talentinpeople.com\/wp-content\/uploads\/2021\/03\/detalletitulo.png","contentUrl":"https:\/\/talentinpeople.com\/wp-content\/uploads\/2021\/03\/detalletitulo.png"},{"@type":"BreadcrumbList","@id":"https:\/\/talentinpeople.com\/talent-in-coaching\/#breadcrumb","itemListElement":[{"@type":"ListItem","position":1,"name":"Home","item":"https:\/\/talentinpeople.com\/fr\/"},{"@type":"ListItem","position":2,"name":"Talent in coaching"}]},{"@type":"WebSite","@id":"https:\/\/talentinpeople.com\/#website","url":"https:\/\/talentinpeople.com\/","name":"Talent In People","description":"Es tu momento, consigue objetivos.","potentialAction":[{"@type":"SearchAction","target":{"@type":"EntryPoint","urlTemplate":"https:\/\/talentinpeople.com\/?s={search_term_string}"},"query-input":{"@type":"PropertyValueSpecification","valueRequired":true,"valueName":"search_term_string"}}],"inLanguage":"fr-FR"}]}},"_links":{"self":[{"href":"https:\/\/talentinpeople.com\/fr\/wp-json\/wp\/v2\/pages\/2797","targetHints":{"allow":["GET"]}}],"collection":[{"href":"https:\/\/talentinpeople.com\/fr\/wp-json\/wp\/v2\/pages"}],"about":[{"href":"https:\/\/talentinpeople.com\/fr\/wp-json\/wp\/v2\/types\/page"}],"author":[{"embeddable":true,"href":"https:\/\/talentinpeople.com\/fr\/wp-json\/wp\/v2\/users\/2"}],"replies":[{"embeddable":true,"href":"https:\/\/talentinpeople.com\/fr\/wp-json\/wp\/v2\/comments?post=2797"}],"version-history":[{"count":3,"href":"https:\/\/talentinpeople.com\/fr\/wp-json\/wp\/v2\/pages\/2797\/revisions"}],"predecessor-version":[{"id":3003,"href":"https:\/\/talentinpeople.com\/fr\/wp-json\/wp\/v2\/pages\/2797\/revisions\/3003"}],"wp:attachment":[{"href":"https:\/\/talentinpeople.com\/fr\/wp-json\/wp\/v2\/media?parent=2797"}],"curies":[{"name":"wp","href":"https:\/\/api.w.org\/{rel}","templated":true}]}}