{"id":2843,"date":"2021-08-31T09:25:25","date_gmt":"2021-08-31T07:25:25","guid":{"rendered":"https:\/\/talentinpeople.com\/contact\/"},"modified":"2021-09-01T09:24:57","modified_gmt":"2021-09-01T07:24:57","slug":"contact","status":"publish","type":"page","link":"https:\/\/talentinpeople.com\/fr\/contact\/","title":{"rendered":"Contact"},"content":{"rendered":"\t\t<div data-elementor-type=\"wp-post\" data-elementor-id=\"2843\" class=\"elementor elementor-2843 elementor-81\" data-elementor-settings=\"{&quot;element_pack_global_tooltip_width&quot;:{&quot;unit&quot;:&quot;px&quot;,&quot;size&quot;:&quot;&quot;,&quot;sizes&quot;:[]},&quot;element_pack_global_tooltip_width_tablet&quot;:{&quot;unit&quot;:&quot;px&quot;,&quot;size&quot;:&quot;&quot;,&quot;sizes&quot;:[]},&quot;element_pack_global_tooltip_width_mobile&quot;:{&quot;unit&quot;:&quot;px&quot;,&quot;size&quot;:&quot;&quot;,&quot;sizes&quot;:[]},&quot;element_pack_global_tooltip_padding&quot;:{&quot;unit&quot;:&quot;px&quot;,&quot;top&quot;:&quot;&quot;,&quot;right&quot;:&quot;&quot;,&quot;bottom&quot;:&quot;&quot;,&quot;left&quot;:&quot;&quot;,&quot;isLinked&quot;:true},&quot;element_pack_global_tooltip_padding_tablet&quot;:{&quot;unit&quot;:&quot;px&quot;,&quot;top&quot;:&quot;&quot;,&quot;right&quot;:&quot;&quot;,&quot;bottom&quot;:&quot;&quot;,&quot;left&quot;:&quot;&quot;,&quot;isLinked&quot;:true},&quot;element_pack_global_tooltip_padding_mobile&quot;:{&quot;unit&quot;:&quot;px&quot;,&quot;top&quot;:&quot;&quot;,&quot;right&quot;:&quot;&quot;,&quot;bottom&quot;:&quot;&quot;,&quot;left&quot;:&quot;&quot;,&quot;isLinked&quot;:true},&quot;element_pack_global_tooltip_border_radius&quot;:{&quot;unit&quot;:&quot;px&quot;,&quot;top&quot;:&quot;&quot;,&quot;right&quot;:&quot;&quot;,&quot;bottom&quot;:&quot;&quot;,&quot;left&quot;:&quot;&quot;,&quot;isLinked&quot;:true},&quot;element_pack_global_tooltip_border_radius_tablet&quot;:{&quot;unit&quot;:&quot;px&quot;,&quot;top&quot;:&quot;&quot;,&quot;right&quot;:&quot;&quot;,&quot;bottom&quot;:&quot;&quot;,&quot;left&quot;:&quot;&quot;,&quot;isLinked&quot;:true},&quot;element_pack_global_tooltip_border_radius_mobile&quot;:{&quot;unit&quot;:&quot;px&quot;,&quot;top&quot;:&quot;&quot;,&quot;right&quot;:&quot;&quot;,&quot;bottom&quot;:&quot;&quot;,&quot;left&quot;:&quot;&quot;,&quot;isLinked&quot;:true}}\" data-elementor-post-type=\"page\">\n\t\t\t\t\t\t<section class=\"elementor-section elementor-top-section elementor-element elementor-element-c67d9c6 contacto_talent_web elementor-section-boxed elementor-section-height-default elementor-section-height-default\" data-id=\"c67d9c6\" data-element_type=\"section\" data-e-type=\"section\">\n\t\t\t\t\t\t<div class=\"elementor-container elementor-column-gap-default\">\n\t\t\t\t\t<div class=\"elementor-column elementor-col-100 elementor-top-column elementor-element elementor-element-780149d\" data-id=\"780149d\" data-element_type=\"column\" data-e-type=\"column\">\n\t\t\t<div class=\"elementor-widget-wrap elementor-element-populated\">\n\t\t\t\t\t\t<div class=\"elementor-element elementor-element-24a44e6 elementor-widget elementor-widget-html\" data-id=\"24a44e6\" data-element_type=\"widget\" data-e-type=\"widget\" data-widget_type=\"html.default\">\n\t\t\t\t<div class=\"elementor-widget-container\">\n\t\t\t\t\t<div class=\"titulos_web_talent titulo_recursos titulo_principal_contacto\">\r\n    <img decoding=\"async\" src=\"https:\/\/talentinpeople.com\/wp-content\/uploads\/2021\/03\/detalletitulo.png\">\r\n    <h2 class=\"titulo\">Contact<\/h2>\r\n    <div class=\"textos-alineados\">\r\n        <span class=\"textos texto_a\"><a href=\"https:\/\/talentinpeople.com\/fr\/talent-in-training\/\">Training<\/a><\/span>\r\n        <span class=\"divisor_texto\"><\/span>\r\n        <span class=\"textos text_b\"><a href=\"https:\/\/talentinpeople.com\/fr\/talent-in-motivation\/\">Motivation<\/a><\/span>\r\n        <span class=\"divisor_texto\"><\/span>\r\n        <span class=\"textos texto_c\"><a href=\"https:\/\/talentinpeople.com\/fr\/talent-in-coaching\/\">Coaching<\/a><\/span\r\n    <\/div>\r\n<\/div>\t\t\t\t<\/div>\n\t\t\t\t<\/div>\n\t\t\t\t\t<\/div>\n\t\t<\/div>\n\t\t\t\t\t<\/div>\n\t\t<\/section>\n\t\t\t\t<section class=\"elementor-section elementor-top-section elementor-element elementor-element-4238ffc elementor-section-boxed elementor-section-height-default elementor-section-height-default\" data-id=\"4238ffc\" data-element_type=\"section\" data-e-type=\"section\" data-settings=\"{&quot;background_background&quot;:&quot;classic&quot;}\">\n\t\t\t\t\t\t<div class=\"elementor-container elementor-column-gap-default\">\n\t\t\t\t\t<div class=\"elementor-column elementor-col-100 elementor-top-column elementor-element elementor-element-2801252\" data-id=\"2801252\" data-element_type=\"column\" data-e-type=\"column\">\n\t\t\t<div class=\"elementor-widget-wrap elementor-element-populated\">\n\t\t\t\t\t\t<div class=\"elementor-element elementor-element-c760d93 elementor-widget elementor-widget-bdt-contact-form-7\" data-id=\"c760d93\" data-element_type=\"widget\" data-e-type=\"widget\" data-widget_type=\"bdt-contact-form-7.default\">\n\t\t\t\t<div class=\"elementor-widget-container\">\n\t\t\t\t\t\n<div class=\"wpcf7 no-js\" id=\"wpcf7-f2974-o1\" lang=\"es-ES\" dir=\"ltr\" data-wpcf7-id=\"2974\">\n<div class=\"screen-reader-response\"><p role=\"status\" aria-live=\"polite\" aria-atomic=\"true\"><\/p> <ul><\/ul><\/div>\n<form action=\"\/fr\/wp-json\/wp\/v2\/pages\/2843#wpcf7-f2974-o1\" method=\"post\" class=\"wpcf7-form init\" aria-label=\"Formulario de contacto\" novalidate=\"novalidate\" data-status=\"init\">\n<fieldset class=\"hidden-fields-container\"><input type=\"hidden\" name=\"_wpcf7\" value=\"2974\" \/><input type=\"hidden\" name=\"_wpcf7_version\" value=\"6.1.5\" \/><input type=\"hidden\" name=\"_wpcf7_locale\" value=\"es_ES\" \/><input type=\"hidden\" name=\"_wpcf7_unit_tag\" value=\"wpcf7-f2974-o1\" \/><input type=\"hidden\" name=\"_wpcf7_container_post\" value=\"0\" \/><input type=\"hidden\" name=\"_wpcf7_posted_data_hash\" value=\"\" \/><input type=\"hidden\" name=\"_wpcf7_recaptcha_response\" value=\"\" \/>\n<\/fieldset>\n<div class=\"formulario-de-contacto-talent\">\n\t<p><span class=\"wpcf7-form-control-wrap\" data-name=\"nombre\"><input size=\"40\" maxlength=\"400\" class=\"wpcf7-form-control wpcf7-text wpcf7-validates-as-required\" id=\"campocontactofooter1\" aria-required=\"true\" aria-invalid=\"false\" placeholder=\"Nom *\" value=\"\" type=\"text\" name=\"nombre\" \/><\/span>\n\t<\/p>\n\t<p><span class=\"wpcf7-form-control-wrap\" data-name=\"email\"><input size=\"40\" maxlength=\"400\" class=\"wpcf7-form-control wpcf7-email wpcf7-validates-as-required wpcf7-text wpcf7-validates-as-email\" aria-required=\"true\" aria-invalid=\"false\" placeholder=\"Indiquez votre e-mail *\" value=\"\" type=\"email\" name=\"email\" \/><\/span>\n\t<\/p>\n\t<p><span class=\"wpcf7-form-control-wrap\" data-name=\"telefono\"><input size=\"40\" maxlength=\"400\" class=\"wpcf7-form-control wpcf7-tel wpcf7-validates-as-required wpcf7-text wpcf7-validates-as-tel\" aria-required=\"true\" aria-invalid=\"false\" placeholder=\"T\u00e9l\u00e9phone *\" value=\"\" type=\"tel\" name=\"telefono\" \/><\/span>\n\t<\/p>\n\t<p style=\"margin-bottom:20px;\"><span class=\"wpcf7-form-control-wrap\" data-name=\"mensaje\"><textarea cols=\"40\" rows=\"10\" maxlength=\"2000\" class=\"wpcf7-form-control wpcf7-textarea wpcf7-validates-as-required\" aria-required=\"true\" aria-invalid=\"false\" placeholder=\"Message *\" name=\"mensaje\"><\/textarea><\/span>\n\t<\/p>\n\t<p class=\"texto-info-form-contacto\">Information de base sur la protection des donn\u00e9es personnelles : nous vous informons que TALENT IN PEOPLE BRETEMA, S.L. est responsable du traitement des donn\u00e9es que vous nous fournissez ; elles sont trait\u00e9es afin de donner suite \u00e0 la demande que vous nous envoyez \u00e0 travers du formulaire web, de sorte que la l\u00e9gitimit\u00e9 d\u00e9coule de votre consentement expr\u00e8s. Les donn\u00e9es ne seront transmises directement \u00e0 des tiers que si la protection l\u00e9gale le permet ; dans les autres cas, nous vous demanderons votre consentement expr\u00e8s pr\u00e9alable. Vous avez le droit de savoir si vos donn\u00e9es sont trait\u00e9es et le droit d'acc\u00e9der, de rectifier, de vous opposer, de r\u00e9clamer, de limiter le traitement de vos donn\u00e9es et de ne pas \u00eatre soumis \u00e0 des d\u00e9cisions automatis\u00e9es, ainsi que le droit de supprimer et d'annuler vos donn\u00e9es dans les cas l\u00e9gaux, et vous pouvez exercer ces droits en envoyant votre demande \u00e0 <a href=\"mailto:protecciondedatos@talentinpeople.com\">protecciondedatos@talentinpeople.com<\/a> en indiquant les donn\u00e9es concern\u00e9es et le type de droits indiqu\u00e9s qui sont exerc\u00e9s. Les donn\u00e9es seront conserv\u00e9es tant que l'utilisateur ne r\u00e9silie pas l'abonnement. Une fois qu'elles ont \u00e9t\u00e9 trait\u00e9es dans le but pour lequel elles sont trait\u00e9es, elles seront supprim\u00e9es fonctionnellement et d\u00fbment bloqu\u00e9es, jusqu'\u00e0 ce que l'utilisateur demande leur suppression, jusqu'\u00e0 ce que le d\u00e9lai de prescription l\u00e9gal n\u00e9cessaire pour r\u00e9pondre aux \u00e9ventuelles r\u00e9clamations qui en d\u00e9coulent soit \u00e9coul\u00e9. Vous pouvez adresser vos plaintes \u00e0 l'Agence espagnole de protection des donn\u00e9es, qui se trouve sur le site web de: <a target=\"_blank\" href=\"https:\/\/www.aepd.es\/es\"> aepd<\/a> et \u00e0 Calle Jorge Juan 6, Madrid, 28001. <a target=\"_blank\" href=\"https:\/\/talentinpeople.com\/fr\/politique-de-confidentialite\/\">Politique de confidentialite<\/a>.\n\t<\/p>\n\t<div>\n\t\t<p><span class=\"wpcf7-form-control-wrap\" data-name=\"check-politica\"><span class=\"wpcf7-form-control wpcf7-acceptance\"><span class=\"wpcf7-list-item\"><label><input type=\"checkbox\" name=\"check-politica\" value=\"1\" id=\"aceptolopd\" aria-invalid=\"false\" \/><span class=\"wpcf7-list-item-label\"><span class=\"textolopd\">J'ai lu et j'accepte la <a target=\"_blank\" href=\"https:\/\/talentinpeople.com\/fr\/politique-de-confidentialite\/\">politique de confidentialit\u00e9<\/a><\/span><\/span><\/label><\/span><\/span><\/span>\n\t\t<\/p>\n\t<\/div>\n\t<div>\n\t\t<p><span class=\"wpcf7-form-control-wrap\" data-name=\"check-publicidad\"><span class=\"wpcf7-form-control wpcf7-acceptance optional\"><span class=\"wpcf7-list-item\"><label><input type=\"checkbox\" name=\"check-publicidad\" value=\"1\" aria-invalid=\"false\" \/><span class=\"wpcf7-list-item-label\"><span class=\"textolopd\">Je souhaite m\u2019abonner au bulletin de Talent in People<\/span><\/span><\/label><\/span><\/span><\/span>\n\t\t<\/p>\n\t<\/div>\n\t<p style=\"text-align:center;\"><input class=\"wpcf7-form-control wpcf7-submit has-spinner\" id=\"botonenviar2\" type=\"submit\" value=\"Envoyer\" \/>\n\t<\/p>\n<\/div><input type='hidden' class='wpcf7-pum' value='{\"closepopup\":false,\"closedelay\":0,\"openpopup\":false,\"openpopup_id\":0}' \/><div class=\"wpcf7-response-output\" aria-hidden=\"true\"><\/div>\n<\/form>\n<\/div>\n\t\t\t\t<\/div>\n\t\t\t\t<\/div>\n\t\t\t\t\t<\/div>\n\t\t<\/div>\n\t\t\t\t\t<\/div>\n\t\t<\/section>\n\t\t\t\t<\/div>\n\t\t","protected":false},"excerpt":{"rendered":"<p>Contact Training Motivation Coaching<\/p>\n","protected":false},"author":2,"featured_media":0,"parent":0,"menu_order":0,"comment_status":"closed","ping_status":"closed","template":"page-blank.php","meta":{"footnotes":""},"class_list":["post-2843","page","type-page","status-publish","hentry"],"yoast_head":"<!-- This site is optimized with the Yoast SEO Premium plugin v26.9 (Yoast SEO v27.0) - https:\/\/yoast.com\/product\/yoast-seo-premium-wordpress\/ -->\n<title>Contact | Talent In People<\/title>\n<meta name=\"robots\" content=\"index, follow, max-snippet:-1, max-image-preview:large, max-video-preview:-1\" \/>\n<link rel=\"canonical\" href=\"https:\/\/talentinpeople.com\/contacto\/\" \/>\n<meta property=\"og:locale\" content=\"fr_FR\" \/>\n<meta property=\"og:type\" content=\"article\" \/>\n<meta property=\"og:title\" content=\"Contact\" \/>\n<meta property=\"og:description\" content=\"Contact Training Motivation Coaching\" \/>\n<meta property=\"og:url\" content=\"https:\/\/talentinpeople.com\/contacto\/\" \/>\n<meta property=\"og:site_name\" content=\"Talent In People\" \/>\n<meta property=\"article:modified_time\" content=\"2021-09-01T07:24:57+00:00\" \/>\n<meta property=\"og:image\" content=\"https:\/\/talentinpeople.com\/wp-content\/uploads\/2021\/03\/detalletitulo.png\" \/>\n<meta name=\"twitter:card\" content=\"summary_large_image\" \/>\n<script type=\"application\/ld+json\" class=\"yoast-schema-graph\">{\"@context\":\"https:\/\/schema.org\",\"@graph\":[{\"@type\":\"WebPage\",\"@id\":\"https:\/\/talentinpeople.com\/contacto\/\",\"url\":\"https:\/\/talentinpeople.com\/contacto\/\",\"name\":\"Contact | Talent In People\",\"isPartOf\":{\"@id\":\"https:\/\/talentinpeople.com\/#website\"},\"primaryImageOfPage\":{\"@id\":\"https:\/\/talentinpeople.com\/contacto\/#primaryimage\"},\"image\":{\"@id\":\"https:\/\/talentinpeople.com\/contacto\/#primaryimage\"},\"thumbnailUrl\":\"https:\/\/talentinpeople.com\/wp-content\/uploads\/2021\/03\/detalletitulo.png\",\"datePublished\":\"2021-08-31T07:25:25+00:00\",\"dateModified\":\"2021-09-01T07:24:57+00:00\",\"breadcrumb\":{\"@id\":\"https:\/\/talentinpeople.com\/contacto\/#breadcrumb\"},\"inLanguage\":\"fr-FR\",\"potentialAction\":[{\"@type\":\"ReadAction\",\"target\":[\"https:\/\/talentinpeople.com\/contacto\/\"]}]},{\"@type\":\"ImageObject\",\"inLanguage\":\"fr-FR\",\"@id\":\"https:\/\/talentinpeople.com\/contacto\/#primaryimage\",\"url\":\"https:\/\/talentinpeople.com\/wp-content\/uploads\/2021\/03\/detalletitulo.png\",\"contentUrl\":\"https:\/\/talentinpeople.com\/wp-content\/uploads\/2021\/03\/detalletitulo.png\"},{\"@type\":\"BreadcrumbList\",\"@id\":\"https:\/\/talentinpeople.com\/contacto\/#breadcrumb\",\"itemListElement\":[{\"@type\":\"ListItem\",\"position\":1,\"name\":\"Home\",\"item\":\"https:\/\/talentinpeople.com\/fr\/\"},{\"@type\":\"ListItem\",\"position\":2,\"name\":\"Contact\"}]},{\"@type\":\"WebSite\",\"@id\":\"https:\/\/talentinpeople.com\/#website\",\"url\":\"https:\/\/talentinpeople.com\/\",\"name\":\"Talent In People\",\"description\":\"Es tu momento, consigue objetivos.\",\"potentialAction\":[{\"@type\":\"SearchAction\",\"target\":{\"@type\":\"EntryPoint\",\"urlTemplate\":\"https:\/\/talentinpeople.com\/?s={search_term_string}\"},\"query-input\":{\"@type\":\"PropertyValueSpecification\",\"valueRequired\":true,\"valueName\":\"search_term_string\"}}],\"inLanguage\":\"fr-FR\"}]}<\/script>\n<!-- \/ Yoast SEO Premium plugin. -->","yoast_head_json":{"title":"Contact | Talent In People","robots":{"index":"index","follow":"follow","max-snippet":"max-snippet:-1","max-image-preview":"max-image-preview:large","max-video-preview":"max-video-preview:-1"},"canonical":"https:\/\/talentinpeople.com\/contacto\/","og_locale":"fr_FR","og_type":"article","og_title":"Contact","og_description":"Contact Training Motivation Coaching","og_url":"https:\/\/talentinpeople.com\/contacto\/","og_site_name":"Talent In People","article_modified_time":"2021-09-01T07:24:57+00:00","og_image":[{"url":"https:\/\/talentinpeople.com\/wp-content\/uploads\/2021\/03\/detalletitulo.png","type":"","width":"","height":""}],"twitter_card":"summary_large_image","schema":{"@context":"https:\/\/schema.org","@graph":[{"@type":"WebPage","@id":"https:\/\/talentinpeople.com\/contacto\/","url":"https:\/\/talentinpeople.com\/contacto\/","name":"Contact | Talent In People","isPartOf":{"@id":"https:\/\/talentinpeople.com\/#website"},"primaryImageOfPage":{"@id":"https:\/\/talentinpeople.com\/contacto\/#primaryimage"},"image":{"@id":"https:\/\/talentinpeople.com\/contacto\/#primaryimage"},"thumbnailUrl":"https:\/\/talentinpeople.com\/wp-content\/uploads\/2021\/03\/detalletitulo.png","datePublished":"2021-08-31T07:25:25+00:00","dateModified":"2021-09-01T07:24:57+00:00","breadcrumb":{"@id":"https:\/\/talentinpeople.com\/contacto\/#breadcrumb"},"inLanguage":"fr-FR","potentialAction":[{"@type":"ReadAction","target":["https:\/\/talentinpeople.com\/contacto\/"]}]},{"@type":"ImageObject","inLanguage":"fr-FR","@id":"https:\/\/talentinpeople.com\/contacto\/#primaryimage","url":"https:\/\/talentinpeople.com\/wp-content\/uploads\/2021\/03\/detalletitulo.png","contentUrl":"https:\/\/talentinpeople.com\/wp-content\/uploads\/2021\/03\/detalletitulo.png"},{"@type":"BreadcrumbList","@id":"https:\/\/talentinpeople.com\/contacto\/#breadcrumb","itemListElement":[{"@type":"ListItem","position":1,"name":"Home","item":"https:\/\/talentinpeople.com\/fr\/"},{"@type":"ListItem","position":2,"name":"Contact"}]},{"@type":"WebSite","@id":"https:\/\/talentinpeople.com\/#website","url":"https:\/\/talentinpeople.com\/","name":"Talent In People","description":"Es tu momento, consigue objetivos.","potentialAction":[{"@type":"SearchAction","target":{"@type":"EntryPoint","urlTemplate":"https:\/\/talentinpeople.com\/?s={search_term_string}"},"query-input":{"@type":"PropertyValueSpecification","valueRequired":true,"valueName":"search_term_string"}}],"inLanguage":"fr-FR"}]}},"_links":{"self":[{"href":"https:\/\/talentinpeople.com\/fr\/wp-json\/wp\/v2\/pages\/2843","targetHints":{"allow":["GET"]}}],"collection":[{"href":"https:\/\/talentinpeople.com\/fr\/wp-json\/wp\/v2\/pages"}],"about":[{"href":"https:\/\/talentinpeople.com\/fr\/wp-json\/wp\/v2\/types\/page"}],"author":[{"embeddable":true,"href":"https:\/\/talentinpeople.com\/fr\/wp-json\/wp\/v2\/users\/2"}],"replies":[{"embeddable":true,"href":"https:\/\/talentinpeople.com\/fr\/wp-json\/wp\/v2\/comments?post=2843"}],"version-history":[{"count":4,"href":"https:\/\/talentinpeople.com\/fr\/wp-json\/wp\/v2\/pages\/2843\/revisions"}],"predecessor-version":[{"id":2980,"href":"https:\/\/talentinpeople.com\/fr\/wp-json\/wp\/v2\/pages\/2843\/revisions\/2980"}],"wp:attachment":[{"href":"https:\/\/talentinpeople.com\/fr\/wp-json\/wp\/v2\/media?parent=2843"}],"curies":[{"name":"wp","href":"https:\/\/api.w.org\/{rel}","templated":true}]}}