{"id":2859,"date":"2021-08-31T11:59:48","date_gmt":"2021-08-31T09:59:48","guid":{"rendered":"https:\/\/talentinpeople.com\/politique-de-confidentialite\/"},"modified":"2023-02-21T10:11:02","modified_gmt":"2023-02-21T09:11:02","slug":"politique-de-confidentialite","status":"publish","type":"page","link":"https:\/\/talentinpeople.com\/fr\/politique-de-confidentialite\/","title":{"rendered":"POLITIQUE DE CONFIDENTIALIT\u00c9"},"content":{"rendered":"\t\t<div data-elementor-type=\"wp-post\" data-elementor-id=\"2859\" class=\"elementor elementor-2859 elementor-2048\" data-elementor-settings=\"{&quot;element_pack_global_tooltip_width&quot;:{&quot;unit&quot;:&quot;px&quot;,&quot;size&quot;:&quot;&quot;,&quot;sizes&quot;:[]},&quot;element_pack_global_tooltip_width_tablet&quot;:{&quot;unit&quot;:&quot;px&quot;,&quot;size&quot;:&quot;&quot;,&quot;sizes&quot;:[]},&quot;element_pack_global_tooltip_width_mobile&quot;:{&quot;unit&quot;:&quot;px&quot;,&quot;size&quot;:&quot;&quot;,&quot;sizes&quot;:[]},&quot;element_pack_global_tooltip_padding&quot;:{&quot;unit&quot;:&quot;px&quot;,&quot;top&quot;:&quot;&quot;,&quot;right&quot;:&quot;&quot;,&quot;bottom&quot;:&quot;&quot;,&quot;left&quot;:&quot;&quot;,&quot;isLinked&quot;:true},&quot;element_pack_global_tooltip_padding_tablet&quot;:{&quot;unit&quot;:&quot;px&quot;,&quot;top&quot;:&quot;&quot;,&quot;right&quot;:&quot;&quot;,&quot;bottom&quot;:&quot;&quot;,&quot;left&quot;:&quot;&quot;,&quot;isLinked&quot;:true},&quot;element_pack_global_tooltip_padding_mobile&quot;:{&quot;unit&quot;:&quot;px&quot;,&quot;top&quot;:&quot;&quot;,&quot;right&quot;:&quot;&quot;,&quot;bottom&quot;:&quot;&quot;,&quot;left&quot;:&quot;&quot;,&quot;isLinked&quot;:true},&quot;element_pack_global_tooltip_border_radius&quot;:{&quot;unit&quot;:&quot;px&quot;,&quot;top&quot;:&quot;&quot;,&quot;right&quot;:&quot;&quot;,&quot;bottom&quot;:&quot;&quot;,&quot;left&quot;:&quot;&quot;,&quot;isLinked&quot;:true},&quot;element_pack_global_tooltip_border_radius_tablet&quot;:{&quot;unit&quot;:&quot;px&quot;,&quot;top&quot;:&quot;&quot;,&quot;right&quot;:&quot;&quot;,&quot;bottom&quot;:&quot;&quot;,&quot;left&quot;:&quot;&quot;,&quot;isLinked&quot;:true},&quot;element_pack_global_tooltip_border_radius_mobile&quot;:{&quot;unit&quot;:&quot;px&quot;,&quot;top&quot;:&quot;&quot;,&quot;right&quot;:&quot;&quot;,&quot;bottom&quot;:&quot;&quot;,&quot;left&quot;:&quot;&quot;,&quot;isLinked&quot;:true}}\" data-elementor-post-type=\"page\">\n\t\t\t\t\t\t<section class=\"elementor-section elementor-top-section elementor-element elementor-element-edb48b4 elementor-section-boxed elementor-section-height-default elementor-section-height-default\" data-id=\"edb48b4\" data-element_type=\"section\" data-e-type=\"section\">\n\t\t\t\t\t\t<div class=\"elementor-container elementor-column-gap-default\">\n\t\t\t\t\t<div class=\"elementor-column elementor-col-100 elementor-top-column elementor-element elementor-element-a0abb72\" data-id=\"a0abb72\" data-element_type=\"column\" data-e-type=\"column\">\n\t\t\t<div class=\"elementor-widget-wrap elementor-element-populated\">\n\t\t\t\t\t\t<div class=\"elementor-element elementor-element-cfd902d elementor-widget elementor-widget-html\" data-id=\"cfd902d\" data-element_type=\"widget\" data-e-type=\"widget\" data-widget_type=\"html.default\">\n\t\t\t\t<div class=\"elementor-widget-container\">\n\t\t\t\t\t<div class=\"titulos_web_talent titulo_recursos titulo_privacidad\">\r\n    <img decoding=\"async\" src=\"https:\/\/talentinpeople.com\/wp-content\/uploads\/2021\/03\/detalletitulo.png\">\r\n    <h2 class=\"titulo\">POLITIQUE DE CONFIDENTIALIT\u00c9<\/h2>\r\n    <div class=\"textos-alineados\">\r\n        <span class=\"textos texto_a\"><a href=\"https:\/\/talentinpeople.com\/fr\/talent-in-training\/\">Training<\/a><\/span>\r\n        <span class=\"divisor_texto\"><\/span>\r\n        <span class=\"textos text_b\"><a href=\"https:\/\/talentinpeople.com\/fr\/talent-in-motivation\/\">Motivation<\/a><\/span>\r\n        <span class=\"divisor_texto\"><\/span>\r\n        <span class=\"textos texto_c\"><a href=\"https:\/\/talentinpeople.com\/fr\/talent-in-coaching\/\">Coaching<\/a><\/span>\r\n    <\/div>\r\n<\/div>\t\t\t\t<\/div>\n\t\t\t\t<\/div>\n\t\t\t\t\t<\/div>\n\t\t<\/div>\n\t\t\t\t\t<\/div>\n\t\t<\/section>\n\t\t\t\t<section class=\"elementor-section elementor-top-section elementor-element elementor-element-b06ca7a elementor-section-boxed elementor-section-height-default elementor-section-height-default\" data-id=\"b06ca7a\" data-element_type=\"section\" data-e-type=\"section\" id=\"blog_principal_home\" data-settings=\"{&quot;background_background&quot;:&quot;classic&quot;}\">\n\t\t\t\t\t\t<div class=\"elementor-container elementor-column-gap-default\">\n\t\t\t\t\t<div class=\"elementor-column elementor-col-100 elementor-top-column elementor-element elementor-element-d8ce368\" data-id=\"d8ce368\" data-element_type=\"column\" data-e-type=\"column\">\n\t\t\t<div class=\"elementor-widget-wrap elementor-element-populated\">\n\t\t\t\t\t\t<div class=\"elementor-element elementor-element-5096e9f elementor-widget elementor-widget-text-editor\" data-id=\"5096e9f\" data-element_type=\"widget\" data-e-type=\"widget\" data-widget_type=\"text-editor.default\">\n\t\t\t\t<div class=\"elementor-widget-container\">\n\t\t\t\t\t\t\t\t\t<strong>Protection des donn\u00e9es personnelles<\/strong>\n\nConform\u00e9ment au r\u00e8glement europ\u00e9en sur la protection des donn\u00e9es, \u00e0 la LOPD, aux crit\u00e8res de l&rsquo;Agence espagnole de protection des donn\u00e9es et \u00e0 la LSSIC, nous vous informons de vos droits en mati\u00e8re de protection des donn\u00e9es personnelles.\n\n<strong>Qui est responsable du traitement de vos donn\u00e9es ?<\/strong>\n<ul>\n \t<li style=\"list-style-type: none;\">\n<ul>\n \t<li>Nom de la soci\u00e9t\u00e9: TALENT IN PEOPLE BRETEMA, S.L.<\/li>\n \t<li>NUM\u00c9RO D&rsquo;IDENTIFICATION FISCALE: B81.930.737<\/li>\n \t<li>Adresse postale: C\/ Loreto y Chicote2 ; Madrid CP. 28004, Madrid<\/li>\n \t<li>Web: https:\/\/talentinpeople.com\/<\/li>\n \t<li>T\u00e9l\u00e9phone: 915940644<\/li>\n \t<li>Courrier: protecciondedatos@talentinpeople.com<\/li>\n \t<li>Registre des fondations : Volume 12.789, Folio 42, Section 8, Page M-205188, Entr\u00e9e 10 (Registre du Commerce de Madrid).<\/li>\n \t<li>D\u00e9l\u00e9gu\u00e9 \u00e0 la protection des donn\u00e9es: <a href=\"mailto:protecciondedatos@talentinpeople.com\">protecciondedatos@talentinpeople.com<\/a>;<\/li>\n<\/ul>\n<\/li>\n<\/ul>\n<strong>Quels sont vos droits lorsque vous nous communiquez vos donn\u00e9es ?<\/strong>\n<ul>\n \t<li style=\"list-style-type: none;\">\n<ul>\n \t<li>Le droit de savoir si vos donn\u00e9es personnelles sont trait\u00e9es.<\/li>\n \t<li>Le droit de demander l&rsquo;acc\u00e8s \u00e0 vos donn\u00e9es personnelles.<\/li>\n \t<li>Le droit de rectification.<\/li>\n \t<li>Droit d&rsquo;annulation ou de suppression.<\/li>\n \t<li>Le droit d&rsquo;opposition.<\/li>\n \t<li>Le droit de demander la limitation de leur traitement.<\/li>\n \t<li>Le droit \u00e0 la portabilit\u00e9 des donn\u00e9es.<\/li>\n \t<li>Le droit de ne pas faire l&rsquo;objet de d\u00e9cisions automatis\u00e9es.<\/li>\n<\/ul>\n<\/li>\n<\/ul>\nLes titulaires de donn\u00e9es \u00e0 caract\u00e8re personnel peuvent exercer leurs droits en \u00e9crivant \u00e0 l&rsquo;adresse postale du responsable du traitement indiqu\u00e9e ci-dessus, ou \u00e0 protecciondedatos@talentinpeople.com, en joignant dans les deux cas une photocopie de la carte d&rsquo;identit\u00e9 ou d&rsquo;un autre document d&rsquo;identification \u00e9quivalent tant du titulaire que de son repr\u00e9sentant s&rsquo;il agit par son interm\u00e9diaire et, dans ce cas, un document accr\u00e9ditant cette qualit\u00e9. Le ou les droits sp\u00e9cifiques exerc\u00e9s doivent \u00eatre indiqu\u00e9s.\n\n<strong>Mineurs<\/strong>\n\nLes enfants de moins de 14 ans ne doivent pas envoyer, et il leur est interdit d&rsquo;envoyer, des informations personnelles sans le consentement de leurs parents ou de leur tuteur. Le responsable du traitement des donn\u00e9es n&rsquo;est pas responsable des informations personnelles soumises par des enfants de moins de 14 ans sans l&rsquo;autorisation appropri\u00e9e et requise.\n\n<strong>Le consentement peut-il \u00eatre retir\u00e9 ?<\/strong>\n\nVous pouvez r\u00e9voquer votre consentement au traitement de vos donn\u00e9es \u00e0 tout moment et cela prendra effet dans les cas l\u00e9gaux, mais les op\u00e9rations de traitement qui ont \u00e9t\u00e9 effectu\u00e9es sur la base du consentement pr\u00e9alable que vous avez donn\u00e9 seront valides.\n\n<strong>O\u00f9 pouvez-vous d\u00e9poser une plainte concernant la protection des donn\u00e9es personnelles ?<\/strong>\n\nVous pouvez adresser vos plaintes \u00e0 l&rsquo;Agence espagnole de protection des donn\u00e9es, qui se trouve \u00e0 l&rsquo;adresse suivante : <a href=\"http:\/\/www.aepd.es\">www.aepd.es<\/a> y en la calle Jorge Juan 6, Madrid, 28001.\n\n<strong>Quelles sont les donn\u00e9es, les finalit\u00e9s, les d\u00e9lais, les bases de l\u00e9gitimation et les transferts ?<\/strong>\n\nLe tableau suivant fournit des informations sur chacun de ces aspects :\n<div style=\"overflow-x: auto;\">\n<table width=\"107%\">\n<thead>\n<tr>\n<td width=\"10%\"><strong>Traitement<\/strong><\/td>\n<td width=\"12%\"><strong>Objectif<\/strong><\/td>\n<td width=\"25%\"><strong>Donn\u00e9es<\/strong><\/td>\n<td width=\"25%\"><strong>Conservation<\/strong><\/td>\n<td width=\"13%\"><strong>L\u00e9gitimation<\/strong><\/td>\n<td width=\"13%\"><strong>Destination<\/strong><\/td>\n<\/tr>\n<tr>\n<td rowspan=\"2\" width=\"10%\"><strong>Utilisateurs du Web<\/strong><\/td>\n<td width=\"12%\">Pour traiter les demandes formul\u00e9es par le visiteur du site web au moyen du formulaire de contact.<\/td>\n<td width=\"25%\">Les donn\u00e9es d&rsquo;identification que nous demandons dans le formulaire de contact fourni (nom, pr\u00e9nom, mail, entreprise,) et celles que vous nous fournissez volontairement dans le champ de texte \u00e9tabli.<\/td>\n<td width=\"25%\">Pendant le temps n\u00e9cessaire pour r\u00e9pondre \u00e0 votre demande lorsque c&rsquo;est le cas, et ensuite pendant un an au maximum.<\/td>\n<td width=\"13%\">Le consentement expr\u00e8s donn\u00e9 par l&rsquo;utilisateur.<\/td>\n<td width=\"13%\">Vos donn\u00e9es ne seront transmises \u00e0 un tiers que si vous avez donn\u00e9 votre consentement expr\u00e8s pr\u00e9alable ou s&rsquo;il existe une base juridique pour le faire.<\/td>\n<\/tr>\n<tr>\n<td width=\"12%\">Analytique<\/td>\n<td width=\"25%\">Lors de votre navigation, vous nous communiquez votre adresse IP, votre adresse MAC, le syst\u00e8me d&rsquo;exploitation ou le navigateur que vous utilisez, la dur\u00e9e de votre visite et d&rsquo;autres m\u00e9tadonn\u00e9es collect\u00e9es par les cookies qui sont signal\u00e9s \u00e0 l&rsquo;URL : https:\/\/talentinpeople.com\/cookies.html.<\/td>\n<td width=\"25%\">Pour la dur\u00e9e de votre navigation sur notre site.\n\nDans le cas des cookies, pendant la dur\u00e9e \u00e9tablie par chaque cookie qui a \u00e9t\u00e9 accept\u00e9 ou qui doit \u00eatre t\u00e9l\u00e9charg\u00e9 pour l&rsquo;ex\u00e9cution technique du service. Pour plus d&rsquo;informations sur ces p\u00e9riodes de conservation : https:\/\/talentinpeople.com\/cookies.html.<\/td>\n<td width=\"13%\">L&rsquo;int\u00e9r\u00eat l\u00e9gitime du responsable du traitement \u00e0 maintenir l&rsquo;accessibilit\u00e9, la lisibilit\u00e9, la convivialit\u00e9 et la s\u00e9curit\u00e9 du syst\u00e8me.<\/td>\n<td width=\"13%\">A Google Inc., pr\u00e9alablement anonymis\u00e9, \u00e0 des fins d&rsquo;analyse de la gestion des sources du site, d&rsquo;analyse du fonctionnement, des performances et des visites du site.\n\nVos donn\u00e9es ne seront divulgu\u00e9es \u00e0 un tiers que si vous avez donn\u00e9 votre consentement expr\u00e8s pr\u00e9alable ou s&rsquo;il existe une base juridique.<\/td>\n<\/tr>\n<tr>\n<td width=\"10%\"><strong>R\u00e9seaux sociaux<\/strong><\/td>\n<td width=\"12%\">Cr\u00e9er une communaut\u00e9 d&rsquo;adeptes autour des activit\u00e9s et des services du contr\u00f4leur.<\/td>\n<td width=\"25%\">Les donn\u00e9es d&rsquo;identification que vous fournissez vous-m\u00eame en tant qu&rsquo;utilisateur du r\u00e9seau social.\n\nLes informations que vous fournissez volontairement lorsque vous nous contactez pour faire des commentaires ou via la messagerie instantan\u00e9e sur le r\u00e9seau.<\/td>\n<td width=\"25%\">Les utilisateurs peuvent annuler le traitement de leurs donn\u00e9es sur le R\u00e9seau social en configurant les options \u00e0 leur disposition pour cesser de nous suivre ou d\u00e9sactiver les \u00a0\u00bb J&rsquo;aime \u00a0\u00bb et autres options similaires activ\u00e9es sur leur profil social.\n\nEn tout cas, pour la dur\u00e9e minimale n\u00e9cessaire \u00e0 l&rsquo;une des finalit\u00e9s d\u00e9crites pour lesquelles elles nous ont \u00e9t\u00e9 fournies.<\/td>\n<td width=\"13%\">Le consentement expr\u00e8s de l&rsquo;utilisateur pour devenir un adepte ou un \u00ab\u00a0Like\u00a0\u00bb sur notre page.\n\nLes conditions contractuelles du r\u00e9seau social.\n\nInt\u00e9r\u00eat l\u00e9gitime du responsable du traitement des donn\u00e9es.<\/td>\n<td width=\"13%\">Les donn\u00e9es de ses followers ne sont communiqu\u00e9es \u00e0 aucun tiers en dehors du r\u00e9seau social.\n\nLes r\u00e9seaux sociaux utilis\u00e9s par le responsable du traitement sont <a href=\"#_ftn1\" name=\"_ftnref1\">[1]<\/a>: LinkedIn; Youtube; Instagram; Facebook; Twitter.\n\nLe cas \u00e9ch\u00e9ant, le responsable du traitement des donn\u00e9es ne communiquera vos donn\u00e9es \u00e0 un tiers que si :\n\na) Vous avez pr\u00e9alablement donn\u00e9 votre consentement expr\u00e8s \u00e0 cet effet ;\n\nb) Parce qu&rsquo;il existe une protection juridique ;\n\nc) Parce que les conditions g\u00e9n\u00e9rales accept\u00e9es par l&rsquo;utilisateur du r\u00e9seau social le permettent pr\u00e9alablement lors de l&rsquo;utilisation de ses fonctionnalit\u00e9s, comme le fait d&rsquo;\u00eatre cit\u00e9 au moyen de l&rsquo;@ dans les commentaires et autres utilisations ou fonctionnalit\u00e9s similaires de la plateforme.<\/td>\n<\/tr>\n<tr>\n<td width=\"10%\"><strong>Fournisseurs<\/strong><\/td>\n<td width=\"12%\">Prendre connaissance des propositions commerciales faites par le fournisseur au responsable du traitement.\n\nLe cas \u00e9ch\u00e9ant, effectuer tous les actes pr\u00e9paratoires \u00e0 la conclusion d&rsquo;un contrat ult\u00e9rieur.\n\nLors de la conclusion d&rsquo;un contrat, pour pouvoir respecter les droits et obligations de la relation contractuelle conclue.<\/td>\n<td width=\"25%\">Les donn\u00e9es d&rsquo;identification d\u00e9coulant des moyens de contact utilis\u00e9s par le prestataire et celles contenues dans les contrats convenus ou celles d\u00e9coulant de l&rsquo;ex\u00e9cution de la relation contractuelle.\n\nNormalement : nom et pr\u00e9nom, num\u00e9ro de TVA, adresse postale, adresse \u00e9lectronique, num\u00e9ro de t\u00e9l\u00e9phone, signature, image (vid\u00e9osurveillance) dans des cas isol\u00e9s.<\/td>\n<td width=\"25%\">En g\u00e9n\u00e9ral, les donn\u00e9es personnelles sont conserv\u00e9es aussi longtemps que la personne concern\u00e9e ne demande pas leur suppression;\n\nEn tout \u00e9tat de cause, pour la dur\u00e9e de la relation contractuelle engag\u00e9e ou des relations pr\u00e9liminaires entretenues;\n\nApr\u00e8s la fin de la relation contractuelle entretenue, elles resteront bloqu\u00e9es pendant le temps l\u00e9gal n\u00e9cessaire pour faire face aux responsabilit\u00e9s pouvant d\u00e9couler de la relation contractuelle entretenue ou pour toute exigence l\u00e9gale;\n\n\u00c0 cet \u00e9gard, en g\u00e9n\u00e9ral :\n\nPour 4 ans en ce qui concerne les obligations fiscales selon l&rsquo;art.66 de la LGT;\n\nPendant 5 ans pour les relations affect\u00e9es par les responsabilit\u00e9s r\u00e9gies par l&rsquo;art.1964 du Code Civil;\n\nPendant 6 ans pour ceux qui d\u00e9coulent de l&rsquo;art.30 du Code de Commerce;\n\nPendant 10 ans pour les responsabilit\u00e9s d\u00e9coulant d&rsquo;infractions d\u00e9finies dans le code p\u00e9nal, sauf si ce dernier pr\u00e9voit une p\u00e9riode plus courte.<\/td>\n<td width=\"13%\">Le consentement expr\u00e8s de la personne concern\u00e9e ou l&rsquo;int\u00e9r\u00eat l\u00e9gitime du responsable du traitement pour des op\u00e9rations pr\u00e9liminaires \u00e0 un \u00e9ventuel contrat.\n\nLe contrat conclu lorsqu&rsquo;il existe une relation contractuelle.<\/td>\n<td width=\"13%\">Les donn\u00e9es ne seront communiqu\u00e9es \u00e0 un tiers qu&rsquo;en cas de consentement expr\u00e8s pr\u00e9alable de votre part, de protection l\u00e9gale ou de traitement direct ou auxiliaire des donn\u00e9es.\n\nEn particulier, aux institutions financi\u00e8res afin de remplir les obligations d\u00e9coulant de la relation contractuelle ; \u00e0 l&rsquo;agence de l&rsquo;administration fiscale de l&rsquo;\u00c9tat ; \u00e0 d&rsquo;autres administrations, comme l&rsquo;administration de la justice, le cas \u00e9ch\u00e9ant.<\/td>\n<\/tr>\n<tr>\n<td width=\"10%\"><strong>Abonn\u00e9s<\/strong><\/td>\n<td width=\"12%\">L&rsquo;envoi de communications sur l&rsquo;actualit\u00e9, les nouvelles et les propositions du responsable du traitement des donn\u00e9es.<\/td>\n<td width=\"25%\">Les donn\u00e9es d&rsquo;identification que nous demandons dans le formulaire de contact fourni (nom, pr\u00e9nom, mail).\n\nEn outre, lors de l&rsquo;envoi de communications, nous recueillons et traitons votre adresse IP, votre adresse MAC, le syst\u00e8me d&rsquo;exploitation ou le navigateur que vous utilisez et des variables analogues de m\u00e9tadonn\u00e9es pour la livraison des communications envoy\u00e9es ; donn\u00e9es d&rsquo;ouverture ; liens cliqu\u00e9s et autres analogues.<\/td>\n<td width=\"25%\">Tant que l&rsquo;int\u00e9ress\u00e9 ne demande pas \u00e0 se d\u00e9sinscrire du service de communication auquel il s&rsquo;est abonn\u00e9.<\/td>\n<td width=\"13%\">Vos donn\u00e9es ne seront communiqu\u00e9es \u00e0 un tiers que si vous avez pr\u00e9alablement donn\u00e9 votre consentement expr\u00e8s ou s&rsquo;il existe une protection l\u00e9gale.\n\nLes donn\u00e9es peuvent \u00e9galement \u00eatre divulgu\u00e9es aux processeurs n\u00e9cessaires \u00e0 la gestion du syst\u00e8me de communication, tels que les services de marketing par courrier, de gestion des DNS ou de protection du cloud.<\/td>\n<td width=\"13%\">Consentement pr\u00e9alable et expr\u00e8s de l&rsquo;utilisateur : lorsque l&rsquo;utilisateur s&rsquo;est volontairement abonn\u00e9 \u00e0 une newsletter annonc\u00e9e sur notre application, site web ou plateforme.\n\nJuridique : la loi sur les services de la soci\u00e9t\u00e9 de l&rsquo;information lorsque les donn\u00e9es collect\u00e9es pour l&rsquo;envoi proviennent d&rsquo;une donation ant\u00e9rieure ou d&rsquo;activit\u00e9s analogues \u00e0 celles qui en d\u00e9coulent.<\/td>\n<\/tr>\n<tr>\n<td width=\"10%\"><strong>Candidats<\/strong><\/td>\n<td width=\"12%\">Choisir de prendre part \u00e0 un processus de recrutement du responsable du traitement et d&rsquo;y participer une fois admis.<\/td>\n<td width=\"25%\">Identification, donn\u00e9es de contact (nom et pr\u00e9nom, num\u00e9ro d\u2019identit\u00e9, t\u00e9l\u00e9phone, adresse postale, email, r\u00e9seaux sociaux&#8230;), formation (acad\u00e9mique, comp\u00e9tences) et profil professionnel (exp\u00e9rience professionnelle, projets) et donn\u00e9es personnelles limit\u00e9es \u00e0 ce qui est sp\u00e9cifique \u00e0 un CV (autres comp\u00e9tences).\n\nLes donn\u00e9es proviennent de la personne concern\u00e9e elle-m\u00eame, qui les fournit lors de l&rsquo;envoi de son CV via des portails d&#8217;emploi ou des r\u00e9seaux sociaux professionnels o\u00f9 la personne concern\u00e9e publie sa demande d&#8217;emploi, ou par l&rsquo;interm\u00e9diaire de tiers qui proposent le profil de la personne concern\u00e9e au responsable du traitement.<\/td>\n<td width=\"25%\">En tout cas, pour la dur\u00e9e minimale que dure le processus de s\u00e9lection jusqu&rsquo;\u00e0 ce que le candidat soit embauch\u00e9 ou \u00e9cart\u00e9.\n\nSi le candidat n&rsquo;est finalement pas s\u00e9lectionn\u00e9, ses donn\u00e9es seront conserv\u00e9es pendant un an maximum pour \u00eatre int\u00e9gr\u00e9es dans des processus ult\u00e9rieurs.<\/td>\n<td width=\"13%\">Le consentement expr\u00e8s de l&rsquo;utilisateur.\n\nContractuel : Lorsque le profil du candidat provient d&rsquo;une plateforme ou d&rsquo;une entit\u00e9 d\u00e9di\u00e9e \u00e0 la s\u00e9lection du personnel.\n\nInt\u00e9r\u00eat l\u00e9gitime du responsable du traitement : lorsqu&rsquo;il re\u00e7oit le profil de la personne concern\u00e9e de la part d&rsquo;autres tiers et qu&rsquo;il n&rsquo;est pas automatiquement \u00e9limin\u00e9.<\/td>\n<td width=\"13%\">Vos donn\u00e9es ne seront transmises \u00e0 un tiers que si vous avez donn\u00e9 votre consentement expr\u00e8s pr\u00e9alable ou s&rsquo;il existe une base juridique pour le faire.<\/td>\n<\/tr>\n<tr>\n<td width=\"10%\"><strong>Publicit\u00e9<\/strong><\/td>\n<td width=\"12%\">Faire de la publicit\u00e9 de mani\u00e8re personnalis\u00e9e et r\u00e9currente pour les activit\u00e9s et services du responsable du traitement.<\/td>\n<td width=\"25%\">Les informations relatives \u00e0 votre compte Google, telles que votre tranche d&rsquo;\u00e2ge et votre sexe.\n\nL&#8217;emplacement g\u00e9n\u00e9ral de l&rsquo;internaute.\n\nL&rsquo;activit\u00e9 de navigation de l&rsquo;internaute.\n\nLa requ\u00eate de recherche actuelle.\n\nActivit\u00e9 de recherche pr\u00e9c\u00e9dente.\n\nActivit\u00e9 de connexion au compte Google.\n\nInteractions publicitaires ant\u00e9rieures.\n\nLes types de sites web que l&rsquo;utilisateur visite.\n\nTypes d&rsquo;activit\u00e9 des applications mobiles sur l&rsquo;appareil de l&rsquo;utilisateur.\n\nActivit\u00e9 sur d&rsquo;autres appareils.\n\nHeure de la journ\u00e9e.\n\nLes informations que vous fournissez \u00e0 un annonceur, par exemple lorsque l&rsquo;utilisateur s&rsquo;inscrit \u00e0 une lettre d&rsquo;information en indiquant son adresse \u00e9lectronique.<\/td>\n<td width=\"25%\">Pendant le temps maximum que la plateforme publicitaire a \u00e9tabli pour montrer l&rsquo;annonce personnalis\u00e9e \u00e0 la partie int\u00e9ress\u00e9e ou que la partie int\u00e9ress\u00e9e clique sur ou bloque l&rsquo;affichage de l&rsquo;annonce.<\/td>\n<td width=\"13%\">Consentement pr\u00e9alable et expr\u00e8s de la personne concern\u00e9e.\n\nInt\u00e9r\u00eat l\u00e9gitime du responsable du traitement des donn\u00e9es.<\/td>\n<td width=\"13%\">Plateforme publicitaire charg\u00e9e de g\u00e9rer les annonces contract\u00e9es par le responsable du traitement des donn\u00e9es (Google Adsense; Doubleclick<a href=\"#_ftn2\" name=\"_ftnref2\">[2]<\/a>).<\/td>\n<\/tr>\n<\/thead>\n<\/table>\n<\/div>\nSi vous souhaitez conna\u00eetre tous les cookies utilis\u00e9s par notre site web et les d\u00e9tails de chacun d&rsquo;entre eux, vous pouvez t\u00e9l\u00e9charger le document suivant via le lien ci-dessous: <strong><a href=\"https:\/\/talentinpeople.com\/wp-content\/uploads\/2021\/09\/Talent-In-People-eu-proof-of-consent-30-junio-2021_FR.pdf\" target=\"_blank\" rel=\"noopener\">T\u00e9l\u00e9charger le PDF<\/a><\/strong>.\n\nSi vous avez des questions sur notre politique de confidentialit\u00e9, vous pouvez consulter <a href=\"https:\/\/www.fisc-ongd.org\/cookies.html\">https:\/\/talentinpeople.com\/cookies.html<\/a> ou contacter TALENT IN PEOPLE BRETEMA, S.L., \u00e0 l&rsquo;adresse \u00e9lectronique <a href=\"mailto:protecciondedatos@talentinpeople.com\">protecciondedatos@talentinpeople.com<\/a>\n\n&nbsp;\t\t\t\t\t\t\t\t<\/div>\n\t\t\t\t<\/div>\n\t\t\t\t\t<\/div>\n\t\t<\/div>\n\t\t\t\t\t<\/div>\n\t\t<\/section>\n\t\t\t\t<\/div>\n\t\t","protected":false},"excerpt":{"rendered":"<p>POLITIQUE DE CONFIDENTIALIT\u00c9 Training Motivation Coaching Protection des donn\u00e9es personnelles Conform\u00e9ment au r\u00e8glement europ\u00e9en sur la protection des donn\u00e9es, \u00e0 la LOPD, aux crit\u00e8res de l&rsquo;Agence espagnole de protection des donn\u00e9es et \u00e0 la LSSIC, nous vous informons de vos droits en mati\u00e8re de protection des donn\u00e9es personnelles. Qui est responsable du traitement de vos&#8230;<\/p>\n","protected":false},"author":2,"featured_media":0,"parent":0,"menu_order":0,"comment_status":"closed","ping_status":"closed","template":"page-blank.php","meta":{"footnotes":""},"class_list":["post-2859","page","type-page","status-publish","hentry"],"yoast_head":"<!-- This site is optimized with the Yoast SEO Premium plugin v26.9 (Yoast SEO v27.0) - https:\/\/yoast.com\/product\/yoast-seo-premium-wordpress\/ -->\n<title>POLITIQUE DE CONFIDENTIALIT\u00c9 | Talent In People<\/title>\n<meta name=\"robots\" content=\"index, follow, max-snippet:-1, max-image-preview:large, max-video-preview:-1\" \/>\n<link rel=\"canonical\" href=\"https:\/\/talentinpeople.com\/politica-de-privacidad\/\" \/>\n<meta property=\"og:locale\" content=\"fr_FR\" \/>\n<meta property=\"og:type\" content=\"article\" \/>\n<meta property=\"og:title\" content=\"POLITIQUE DE CONFIDENTIALIT\u00c9\" \/>\n<meta property=\"og:description\" content=\"POLITIQUE DE CONFIDENTIALIT\u00c9 Training Motivation Coaching Protection des donn\u00e9es personnelles Conform\u00e9ment au r\u00e8glement europ\u00e9en sur la protection des donn\u00e9es, \u00e0 la LOPD, aux crit\u00e8res de l&rsquo;Agence espagnole de protection des donn\u00e9es et \u00e0 la LSSIC, nous vous informons de vos droits en mati\u00e8re de protection des donn\u00e9es personnelles. Qui est responsable du traitement de vos...\" \/>\n<meta property=\"og:url\" content=\"https:\/\/talentinpeople.com\/politica-de-privacidad\/\" \/>\n<meta property=\"og:site_name\" content=\"Talent In People\" \/>\n<meta property=\"article:modified_time\" content=\"2023-02-21T09:11:02+00:00\" \/>\n<meta property=\"og:image\" content=\"https:\/\/talentinpeople.com\/wp-content\/uploads\/2021\/03\/detalletitulo.png\" \/>\n<meta name=\"twitter:card\" content=\"summary_large_image\" \/>\n<meta name=\"twitter:label1\" content=\"Dur\u00e9e de lecture estim\u00e9e\" \/>\n\t<meta name=\"twitter:data1\" content=\"11 minutes\" \/>\n<script type=\"application\/ld+json\" class=\"yoast-schema-graph\">{\"@context\":\"https:\/\/schema.org\",\"@graph\":[{\"@type\":\"WebPage\",\"@id\":\"https:\/\/talentinpeople.com\/politica-de-privacidad\/\",\"url\":\"https:\/\/talentinpeople.com\/politica-de-privacidad\/\",\"name\":\"POLITIQUE DE CONFIDENTIALIT\u00c9 | Talent In People\",\"isPartOf\":{\"@id\":\"https:\/\/talentinpeople.com\/#website\"},\"primaryImageOfPage\":{\"@id\":\"https:\/\/talentinpeople.com\/politica-de-privacidad\/#primaryimage\"},\"image\":{\"@id\":\"https:\/\/talentinpeople.com\/politica-de-privacidad\/#primaryimage\"},\"thumbnailUrl\":\"https:\/\/talentinpeople.com\/wp-content\/uploads\/2021\/03\/detalletitulo.png\",\"datePublished\":\"2021-08-31T09:59:48+00:00\",\"dateModified\":\"2023-02-21T09:11:02+00:00\",\"breadcrumb\":{\"@id\":\"https:\/\/talentinpeople.com\/politica-de-privacidad\/#breadcrumb\"},\"inLanguage\":\"fr-FR\",\"potentialAction\":[{\"@type\":\"ReadAction\",\"target\":[\"https:\/\/talentinpeople.com\/politica-de-privacidad\/\"]}]},{\"@type\":\"ImageObject\",\"inLanguage\":\"fr-FR\",\"@id\":\"https:\/\/talentinpeople.com\/politica-de-privacidad\/#primaryimage\",\"url\":\"https:\/\/talentinpeople.com\/wp-content\/uploads\/2021\/03\/detalletitulo.png\",\"contentUrl\":\"https:\/\/talentinpeople.com\/wp-content\/uploads\/2021\/03\/detalletitulo.png\"},{\"@type\":\"BreadcrumbList\",\"@id\":\"https:\/\/talentinpeople.com\/politica-de-privacidad\/#breadcrumb\",\"itemListElement\":[{\"@type\":\"ListItem\",\"position\":1,\"name\":\"Home\",\"item\":\"https:\/\/talentinpeople.com\/fr\/\"},{\"@type\":\"ListItem\",\"position\":2,\"name\":\"POLITIQUE DE CONFIDENTIALIT\u00c9\"}]},{\"@type\":\"WebSite\",\"@id\":\"https:\/\/talentinpeople.com\/#website\",\"url\":\"https:\/\/talentinpeople.com\/\",\"name\":\"Talent In People\",\"description\":\"Es tu momento, consigue objetivos.\",\"potentialAction\":[{\"@type\":\"SearchAction\",\"target\":{\"@type\":\"EntryPoint\",\"urlTemplate\":\"https:\/\/talentinpeople.com\/?s={search_term_string}\"},\"query-input\":{\"@type\":\"PropertyValueSpecification\",\"valueRequired\":true,\"valueName\":\"search_term_string\"}}],\"inLanguage\":\"fr-FR\"}]}<\/script>\n<!-- \/ Yoast SEO Premium plugin. -->","yoast_head_json":{"title":"POLITIQUE DE CONFIDENTIALIT\u00c9 | Talent In People","robots":{"index":"index","follow":"follow","max-snippet":"max-snippet:-1","max-image-preview":"max-image-preview:large","max-video-preview":"max-video-preview:-1"},"canonical":"https:\/\/talentinpeople.com\/politica-de-privacidad\/","og_locale":"fr_FR","og_type":"article","og_title":"POLITIQUE DE CONFIDENTIALIT\u00c9","og_description":"POLITIQUE DE CONFIDENTIALIT\u00c9 Training Motivation Coaching Protection des donn\u00e9es personnelles Conform\u00e9ment au r\u00e8glement europ\u00e9en sur la protection des donn\u00e9es, \u00e0 la LOPD, aux crit\u00e8res de l&rsquo;Agence espagnole de protection des donn\u00e9es et \u00e0 la LSSIC, nous vous informons de vos droits en mati\u00e8re de protection des donn\u00e9es personnelles. Qui est responsable du traitement de vos...","og_url":"https:\/\/talentinpeople.com\/politica-de-privacidad\/","og_site_name":"Talent In People","article_modified_time":"2023-02-21T09:11:02+00:00","og_image":[{"url":"https:\/\/talentinpeople.com\/wp-content\/uploads\/2021\/03\/detalletitulo.png","type":"","width":"","height":""}],"twitter_card":"summary_large_image","twitter_misc":{"Dur\u00e9e de lecture estim\u00e9e":"11 minutes"},"schema":{"@context":"https:\/\/schema.org","@graph":[{"@type":"WebPage","@id":"https:\/\/talentinpeople.com\/politica-de-privacidad\/","url":"https:\/\/talentinpeople.com\/politica-de-privacidad\/","name":"POLITIQUE DE CONFIDENTIALIT\u00c9 | Talent In People","isPartOf":{"@id":"https:\/\/talentinpeople.com\/#website"},"primaryImageOfPage":{"@id":"https:\/\/talentinpeople.com\/politica-de-privacidad\/#primaryimage"},"image":{"@id":"https:\/\/talentinpeople.com\/politica-de-privacidad\/#primaryimage"},"thumbnailUrl":"https:\/\/talentinpeople.com\/wp-content\/uploads\/2021\/03\/detalletitulo.png","datePublished":"2021-08-31T09:59:48+00:00","dateModified":"2023-02-21T09:11:02+00:00","breadcrumb":{"@id":"https:\/\/talentinpeople.com\/politica-de-privacidad\/#breadcrumb"},"inLanguage":"fr-FR","potentialAction":[{"@type":"ReadAction","target":["https:\/\/talentinpeople.com\/politica-de-privacidad\/"]}]},{"@type":"ImageObject","inLanguage":"fr-FR","@id":"https:\/\/talentinpeople.com\/politica-de-privacidad\/#primaryimage","url":"https:\/\/talentinpeople.com\/wp-content\/uploads\/2021\/03\/detalletitulo.png","contentUrl":"https:\/\/talentinpeople.com\/wp-content\/uploads\/2021\/03\/detalletitulo.png"},{"@type":"BreadcrumbList","@id":"https:\/\/talentinpeople.com\/politica-de-privacidad\/#breadcrumb","itemListElement":[{"@type":"ListItem","position":1,"name":"Home","item":"https:\/\/talentinpeople.com\/fr\/"},{"@type":"ListItem","position":2,"name":"POLITIQUE DE CONFIDENTIALIT\u00c9"}]},{"@type":"WebSite","@id":"https:\/\/talentinpeople.com\/#website","url":"https:\/\/talentinpeople.com\/","name":"Talent In People","description":"Es tu momento, consigue objetivos.","potentialAction":[{"@type":"SearchAction","target":{"@type":"EntryPoint","urlTemplate":"https:\/\/talentinpeople.com\/?s={search_term_string}"},"query-input":{"@type":"PropertyValueSpecification","valueRequired":true,"valueName":"search_term_string"}}],"inLanguage":"fr-FR"}]}},"_links":{"self":[{"href":"https:\/\/talentinpeople.com\/fr\/wp-json\/wp\/v2\/pages\/2859","targetHints":{"allow":["GET"]}}],"collection":[{"href":"https:\/\/talentinpeople.com\/fr\/wp-json\/wp\/v2\/pages"}],"about":[{"href":"https:\/\/talentinpeople.com\/fr\/wp-json\/wp\/v2\/types\/page"}],"author":[{"embeddable":true,"href":"https:\/\/talentinpeople.com\/fr\/wp-json\/wp\/v2\/users\/2"}],"replies":[{"embeddable":true,"href":"https:\/\/talentinpeople.com\/fr\/wp-json\/wp\/v2\/comments?post=2859"}],"version-history":[{"count":16,"href":"https:\/\/talentinpeople.com\/fr\/wp-json\/wp\/v2\/pages\/2859\/revisions"}],"predecessor-version":[{"id":3114,"href":"https:\/\/talentinpeople.com\/fr\/wp-json\/wp\/v2\/pages\/2859\/revisions\/3114"}],"wp:attachment":[{"href":"https:\/\/talentinpeople.com\/fr\/wp-json\/wp\/v2\/media?parent=2859"}],"curies":[{"name":"wp","href":"https:\/\/api.w.org\/{rel}","templated":true}]}}