{"id":2896,"date":"2021-08-31T12:59:53","date_gmt":"2021-08-31T10:59:53","guid":{"rendered":"https:\/\/talentinpeople.com\/?page_id=2896"},"modified":"2021-09-01T09:41:38","modified_gmt":"2021-09-01T07:41:38","slug":"blog","status":"publish","type":"page","link":"https:\/\/talentinpeople.com\/fr\/blog\/","title":{"rendered":"Blog"},"content":{"rendered":"\t\t<div data-elementor-type=\"wp-post\" data-elementor-id=\"2896\" class=\"elementor elementor-2896 elementor-2894\" data-elementor-settings=\"{&quot;element_pack_global_tooltip_width&quot;:{&quot;unit&quot;:&quot;px&quot;,&quot;size&quot;:&quot;&quot;,&quot;sizes&quot;:[]},&quot;element_pack_global_tooltip_width_tablet&quot;:{&quot;unit&quot;:&quot;px&quot;,&quot;size&quot;:&quot;&quot;,&quot;sizes&quot;:[]},&quot;element_pack_global_tooltip_width_mobile&quot;:{&quot;unit&quot;:&quot;px&quot;,&quot;size&quot;:&quot;&quot;,&quot;sizes&quot;:[]},&quot;element_pack_global_tooltip_padding&quot;:{&quot;unit&quot;:&quot;px&quot;,&quot;top&quot;:&quot;&quot;,&quot;right&quot;:&quot;&quot;,&quot;bottom&quot;:&quot;&quot;,&quot;left&quot;:&quot;&quot;,&quot;isLinked&quot;:true},&quot;element_pack_global_tooltip_padding_tablet&quot;:{&quot;unit&quot;:&quot;px&quot;,&quot;top&quot;:&quot;&quot;,&quot;right&quot;:&quot;&quot;,&quot;bottom&quot;:&quot;&quot;,&quot;left&quot;:&quot;&quot;,&quot;isLinked&quot;:true},&quot;element_pack_global_tooltip_padding_mobile&quot;:{&quot;unit&quot;:&quot;px&quot;,&quot;top&quot;:&quot;&quot;,&quot;right&quot;:&quot;&quot;,&quot;bottom&quot;:&quot;&quot;,&quot;left&quot;:&quot;&quot;,&quot;isLinked&quot;:true},&quot;element_pack_global_tooltip_border_radius&quot;:{&quot;unit&quot;:&quot;px&quot;,&quot;top&quot;:&quot;&quot;,&quot;right&quot;:&quot;&quot;,&quot;bottom&quot;:&quot;&quot;,&quot;left&quot;:&quot;&quot;,&quot;isLinked&quot;:true},&quot;element_pack_global_tooltip_border_radius_tablet&quot;:{&quot;unit&quot;:&quot;px&quot;,&quot;top&quot;:&quot;&quot;,&quot;right&quot;:&quot;&quot;,&quot;bottom&quot;:&quot;&quot;,&quot;left&quot;:&quot;&quot;,&quot;isLinked&quot;:true},&quot;element_pack_global_tooltip_border_radius_mobile&quot;:{&quot;unit&quot;:&quot;px&quot;,&quot;top&quot;:&quot;&quot;,&quot;right&quot;:&quot;&quot;,&quot;bottom&quot;:&quot;&quot;,&quot;left&quot;:&quot;&quot;,&quot;isLinked&quot;:true}}\" data-elementor-post-type=\"page\">\n\t\t\t\t\t\t<section class=\"elementor-section elementor-top-section elementor-element elementor-element-edb48b4 elementor-section-boxed elementor-section-height-default elementor-section-height-default\" data-id=\"edb48b4\" data-element_type=\"section\" data-e-type=\"section\">\n\t\t\t\t\t\t<div class=\"elementor-container elementor-column-gap-default\">\n\t\t\t\t\t<div class=\"elementor-column elementor-col-100 elementor-top-column elementor-element elementor-element-a0abb72\" data-id=\"a0abb72\" data-element_type=\"column\" data-e-type=\"column\">\n\t\t\t<div class=\"elementor-widget-wrap elementor-element-populated\">\n\t\t\t\t\t\t<div class=\"elementor-element elementor-element-cfd902d elementor-widget elementor-widget-html\" data-id=\"cfd902d\" data-element_type=\"widget\" data-e-type=\"widget\" data-widget_type=\"html.default\">\n\t\t\t\t<div class=\"elementor-widget-container\">\n\t\t\t\t\t<div class=\"titulos_web_talent titulo_casos_de_exito\">\r\n    <img decoding=\"async\" src=\"https:\/\/talentinpeople.com\/wp-content\/uploads\/2021\/03\/detalletitulo.png\">\r\n    <h2 class=\"titulo\">Blog<\/h2>\r\n    <div class=\"textos-alineados\">\r\n        <span class=\"textos texto_a\"><a href=\"https:\/\/talentinpeople.com\/fr\/talent-in-training\/\">Training<\/a><\/span>\r\n        <span class=\"divisor_texto\"><\/span>\r\n        <span class=\"textos text_b\"><a href=\"https:\/\/talentinpeople.com\/fr\/talent-in-motivation\/\">Motivation<\/a><\/span>\r\n        <span class=\"divisor_texto\"><\/span>\r\n        <span class=\"textos texto_c\"><a href=\"https:\/\/talentinpeople.com\/fr\/talent-in-coaching\/\">Coaching<\/a><\/span>\r\n    <\/div>\r\n<\/div>\t\t\t\t<\/div>\n\t\t\t\t<\/div>\n\t\t\t\t\t<\/div>\n\t\t<\/div>\n\t\t\t\t\t<\/div>\n\t\t<\/section>\n\t\t\t\t<section class=\"elementor-section elementor-top-section elementor-element elementor-element-b06ca7a elementor-section-boxed elementor-section-height-default elementor-section-height-default\" data-id=\"b06ca7a\" data-element_type=\"section\" data-e-type=\"section\" id=\"blog_principal_home\" data-settings=\"{&quot;background_background&quot;:&quot;classic&quot;}\">\n\t\t\t\t\t\t<div class=\"elementor-container elementor-column-gap-default\">\n\t\t\t\t\t<div class=\"elementor-column elementor-col-100 elementor-top-column elementor-element elementor-element-d8ce368\" data-id=\"d8ce368\" data-element_type=\"column\" data-e-type=\"column\">\n\t\t\t<div class=\"elementor-widget-wrap elementor-element-populated\">\n\t\t\t\t\t\t<div class=\"elementor-element elementor-element-1ea9a8d elementor-grid-3 elementor-grid-tablet-2 elementor-grid-mobile-1 elementor-posts--thumbnail-top elementor-widget elementor-widget-posts\" data-id=\"1ea9a8d\" data-element_type=\"widget\" data-e-type=\"widget\" data-settings=\"{&quot;classic_row_gap&quot;:{&quot;unit&quot;:&quot;px&quot;,&quot;size&quot;:40,&quot;sizes&quot;:[]},&quot;classic_columns&quot;:&quot;3&quot;,&quot;classic_columns_tablet&quot;:&quot;2&quot;,&quot;classic_columns_mobile&quot;:&quot;1&quot;,&quot;classic_row_gap_tablet&quot;:{&quot;unit&quot;:&quot;px&quot;,&quot;size&quot;:&quot;&quot;,&quot;sizes&quot;:[]},&quot;classic_row_gap_mobile&quot;:{&quot;unit&quot;:&quot;px&quot;,&quot;size&quot;:&quot;&quot;,&quot;sizes&quot;:[]}}\" data-widget_type=\"posts.classic\">\n\t\t\t\t<div class=\"elementor-widget-container\">\n\t\t\t\t\t\t\t<div class=\"elementor-posts-container elementor-posts elementor-posts--skin-classic elementor-grid\" role=\"list\">\n\t\t\t\t<article class=\"elementor-post elementor-grid-item post-3240 post type-post status-publish format-standard has-post-thumbnail hentry category-training-fr\" role=\"listitem\">\n\t\t\t\t<a class=\"elementor-post__thumbnail__link\" href=\"https:\/\/talentinpeople.com\/fr\/pourquoi-est-il-si-difficile-de-dire-non\/\" tabindex=\"-1\" >\n\t\t\t<div class=\"elementor-post__thumbnail\"><img fetchpriority=\"high\" decoding=\"async\" width=\"1300\" height=\"760\" src=\"https:\/\/talentinpeople.com\/wp-content\/uploads\/2021\/03\/no.jpg\" class=\"attachment-full size-full wp-image-1587\" alt=\"\" srcset=\"https:\/\/talentinpeople.com\/wp-content\/uploads\/2021\/03\/no.jpg 1300w, https:\/\/talentinpeople.com\/wp-content\/uploads\/2021\/03\/no-300x175.jpg 300w, https:\/\/talentinpeople.com\/wp-content\/uploads\/2021\/03\/no-1024x599.jpg 1024w, https:\/\/talentinpeople.com\/wp-content\/uploads\/2021\/03\/no-768x449.jpg 768w\" sizes=\"(max-width: 1300px) 100vw, 1300px\" \/><\/div>\n\t\t<\/a>\n\t\t\t\t<div class=\"elementor-post__text\">\n\t\t\t\t<h3 class=\"elementor-post__title\">\n\t\t\t<a href=\"https:\/\/talentinpeople.com\/fr\/pourquoi-est-il-si-difficile-de-dire-non\/\" >\n\t\t\t\tPOURQUOI EST-IL SI DIFFICILE DE DIRE NON ?\t\t\t<\/a>\n\t\t<\/h3>\n\t\t\t\t<div class=\"elementor-post__meta-data\">\n\t\t\t\t\t<span class=\"elementor-post-date\">\n\t\t\t4 janvier 2022\t\t<\/span>\n\t\t\t\t<\/div>\n\t\t\t\t<div class=\"elementor-post__excerpt\">\n\t\t\t<p>Il semble \u00e9trange qu&rsquo;un mot aussi simple, compos\u00e9 de trois lettres, demande autant d&rsquo;efforts pour \u00eatre prononc\u00e9. Au-del\u00e0 de sa mauvaise image, cet article se<\/p>\n\t\t<\/div>\n\t\t\t\t<\/div>\n\t\t\t\t<\/article>\n\t\t\t\t<article class=\"elementor-post elementor-grid-item post-3225 post type-post status-publish format-standard has-post-thumbnail hentry category-coaching-fr\" role=\"listitem\">\n\t\t\t\t<a class=\"elementor-post__thumbnail__link\" href=\"https:\/\/talentinpeople.com\/fr\/lere-de-la-resilience\/\" tabindex=\"-1\" >\n\t\t\t<div class=\"elementor-post__thumbnail\"><img decoding=\"async\" width=\"1299\" height=\"974\" src=\"https:\/\/talentinpeople.com\/wp-content\/uploads\/2021\/03\/La-era-de-la-resiliencia.jpg\" class=\"attachment-full size-full wp-image-1514\" alt=\"\" srcset=\"https:\/\/talentinpeople.com\/wp-content\/uploads\/2021\/03\/La-era-de-la-resiliencia.jpg 1299w, https:\/\/talentinpeople.com\/wp-content\/uploads\/2021\/03\/La-era-de-la-resiliencia-300x225.jpg 300w, https:\/\/talentinpeople.com\/wp-content\/uploads\/2021\/03\/La-era-de-la-resiliencia-1024x768.jpg 1024w, https:\/\/talentinpeople.com\/wp-content\/uploads\/2021\/03\/La-era-de-la-resiliencia-768x576.jpg 768w\" sizes=\"(max-width: 1299px) 100vw, 1299px\" \/><\/div>\n\t\t<\/a>\n\t\t\t\t<div class=\"elementor-post__text\">\n\t\t\t\t<h3 class=\"elementor-post__title\">\n\t\t\t<a href=\"https:\/\/talentinpeople.com\/fr\/lere-de-la-resilience\/\" >\n\t\t\t\tL\u2019\u00c8RE DE LA R\u00c9SILIENCE\t\t\t<\/a>\n\t\t<\/h3>\n\t\t\t\t<div class=\"elementor-post__meta-data\">\n\t\t\t\t\t<span class=\"elementor-post-date\">\n\t\t\t4 janvier 2022\t\t<\/span>\n\t\t\t\t<\/div>\n\t\t\t\t<div class=\"elementor-post__excerpt\">\n\t\t\t<p>La r\u00e9silience vient du mot latin resilio qui signifie \u00ab\u00a0revenir en arri\u00e8re\u00a0\u00bb. En ing\u00e9nierie, elle d\u00e9signe la capacit\u00e9 de m\u00e9moire d&rsquo;un mat\u00e9riau \u00e0 revenir \u00e0<\/p>\n\t\t<\/div>\n\t\t\t\t<\/div>\n\t\t\t\t<\/article>\n\t\t\t\t<article class=\"elementor-post elementor-grid-item post-3213 post type-post status-publish format-standard has-post-thumbnail hentry category-training-fr\" role=\"listitem\">\n\t\t\t\t<a class=\"elementor-post__thumbnail__link\" href=\"https:\/\/talentinpeople.com\/fr\/la-valeur-de-la-distance\/\" tabindex=\"-1\" >\n\t\t\t<div class=\"elementor-post__thumbnail\"><img decoding=\"async\" width=\"800\" height=\"400\" src=\"https:\/\/talentinpeople.com\/wp-content\/uploads\/2021\/03\/saludos-e1553893552878.jpg\" class=\"attachment-full size-full wp-image-1616\" alt=\"\" srcset=\"https:\/\/talentinpeople.com\/wp-content\/uploads\/2021\/03\/saludos-e1553893552878.jpg 800w, https:\/\/talentinpeople.com\/wp-content\/uploads\/2021\/03\/saludos-e1553893552878-300x150.jpg 300w, https:\/\/talentinpeople.com\/wp-content\/uploads\/2021\/03\/saludos-e1553893552878-768x384.jpg 768w\" sizes=\"(max-width: 800px) 100vw, 800px\" \/><\/div>\n\t\t<\/a>\n\t\t\t\t<div class=\"elementor-post__text\">\n\t\t\t\t<h3 class=\"elementor-post__title\">\n\t\t\t<a href=\"https:\/\/talentinpeople.com\/fr\/la-valeur-de-la-distance\/\" >\n\t\t\t\tLA VALEUR DE LA DISTANCE\t\t\t<\/a>\n\t\t<\/h3>\n\t\t\t\t<div class=\"elementor-post__meta-data\">\n\t\t\t\t\t<span class=\"elementor-post-date\">\n\t\t\t4 janvier 2022\t\t<\/span>\n\t\t\t\t<\/div>\n\t\t\t\t<div class=\"elementor-post__excerpt\">\n\t\t\t<p>La communication non verbale offre aux aidants de nombreuses ressources pour entrer en contact avec les personnes dont ils s\u2019occupent. Dans cet article, Frederic Charrier,<\/p>\n\t\t<\/div>\n\t\t\t\t<\/div>\n\t\t\t\t<\/article>\n\t\t\t\t<article class=\"elementor-post elementor-grid-item post-3201 post type-post status-publish format-standard has-post-thumbnail hentry category-training-fr\" role=\"listitem\">\n\t\t\t\t<a class=\"elementor-post__thumbnail__link\" href=\"https:\/\/talentinpeople.com\/fr\/la-force-de-lempathie\/\" tabindex=\"-1\" >\n\t\t\t<div class=\"elementor-post__thumbnail\"><img loading=\"lazy\" decoding=\"async\" width=\"1300\" height=\"866\" src=\"https:\/\/talentinpeople.com\/wp-content\/uploads\/2021\/03\/poder-empatia.jpg\" class=\"attachment-full size-full wp-image-1517\" alt=\"\" srcset=\"https:\/\/talentinpeople.com\/wp-content\/uploads\/2021\/03\/poder-empatia.jpg 1300w, https:\/\/talentinpeople.com\/wp-content\/uploads\/2021\/03\/poder-empatia-300x200.jpg 300w, https:\/\/talentinpeople.com\/wp-content\/uploads\/2021\/03\/poder-empatia-1024x682.jpg 1024w, https:\/\/talentinpeople.com\/wp-content\/uploads\/2021\/03\/poder-empatia-768x512.jpg 768w\" sizes=\"(max-width: 1300px) 100vw, 1300px\" \/><\/div>\n\t\t<\/a>\n\t\t\t\t<div class=\"elementor-post__text\">\n\t\t\t\t<h3 class=\"elementor-post__title\">\n\t\t\t<a href=\"https:\/\/talentinpeople.com\/fr\/la-force-de-lempathie\/\" >\n\t\t\t\tLA FORCE DE L&rsquo;EMPATHIE\t\t\t<\/a>\n\t\t<\/h3>\n\t\t\t\t<div class=\"elementor-post__meta-data\">\n\t\t\t\t\t<span class=\"elementor-post-date\">\n\t\t\t4 janvier 2022\t\t<\/span>\n\t\t\t\t<\/div>\n\t\t\t\t<div class=\"elementor-post__excerpt\">\n\t\t\t<p>Et si au lieu de confinement, le mot de l&rsquo;ann\u00e9e avait \u00e9t\u00e9 empathie ? Cette comp\u00e9tence m\u00e9rite sa propre place dans l&rsquo;univers des \u00ab&nbsp;soft skills&nbsp;\u00bb<\/p>\n\t\t<\/div>\n\t\t\t\t<\/div>\n\t\t\t\t<\/article>\n\t\t\t\t<article class=\"elementor-post elementor-grid-item post-3171 post type-post status-publish format-standard has-post-thumbnail hentry category-coaching-fr\" role=\"listitem\">\n\t\t\t\t<a class=\"elementor-post__thumbnail__link\" href=\"https:\/\/talentinpeople.com\/fr\/se-reinventer\/\" tabindex=\"-1\" >\n\t\t\t<div class=\"elementor-post__thumbnail\"><img loading=\"lazy\" decoding=\"async\" width=\"1000\" height=\"600\" src=\"https:\/\/talentinpeople.com\/wp-content\/uploads\/2021\/03\/Debes-reinventarte.jpg\" class=\"attachment-full size-full wp-image-1485\" alt=\"\" srcset=\"https:\/\/talentinpeople.com\/wp-content\/uploads\/2021\/03\/Debes-reinventarte.jpg 1000w, https:\/\/talentinpeople.com\/wp-content\/uploads\/2021\/03\/Debes-reinventarte-300x180.jpg 300w, https:\/\/talentinpeople.com\/wp-content\/uploads\/2021\/03\/Debes-reinventarte-768x461.jpg 768w\" sizes=\"(max-width: 1000px) 100vw, 1000px\" \/><\/div>\n\t\t<\/a>\n\t\t\t\t<div class=\"elementor-post__text\">\n\t\t\t\t<h3 class=\"elementor-post__title\">\n\t\t\t<a href=\"https:\/\/talentinpeople.com\/fr\/se-reinventer\/\" >\n\t\t\t\tSe R\u00e9inventer\t\t\t<\/a>\n\t\t<\/h3>\n\t\t\t\t<div class=\"elementor-post__meta-data\">\n\t\t\t\t\t<span class=\"elementor-post-date\">\n\t\t\t4 janvier 2022\t\t<\/span>\n\t\t\t\t<\/div>\n\t\t\t\t<div class=\"elementor-post__excerpt\">\n\t\t\t<p>\u00c0 la fin d&rsquo;une ann\u00e9e qui a \u00e9t\u00e9 perturbante dans tous les sens du terme, se r\u00e9inventer est devenu aussi difficile que n\u00e9cessaire. Cet article<\/p>\n\t\t<\/div>\n\t\t\t\t<\/div>\n\t\t\t\t<\/article>\n\t\t\t\t<article class=\"elementor-post elementor-grid-item post-3131 post type-post status-publish format-standard has-post-thumbnail hentry category-ressource\" role=\"listitem\">\n\t\t\t\t<a class=\"elementor-post__thumbnail__link\" href=\"https:\/\/talentinpeople.com\/fr\/la-carte-dempathie\/\" tabindex=\"-1\" >\n\t\t\t<div class=\"elementor-post__thumbnail\"><img loading=\"lazy\" decoding=\"async\" width=\"1299\" height=\"974\" src=\"https:\/\/talentinpeople.com\/wp-content\/uploads\/2021\/05\/Imagen-Post-mapa-empatia.jpg\" class=\"attachment-full size-full wp-image-2543\" alt=\"\" srcset=\"https:\/\/talentinpeople.com\/wp-content\/uploads\/2021\/05\/Imagen-Post-mapa-empatia.jpg 1299w, https:\/\/talentinpeople.com\/wp-content\/uploads\/2021\/05\/Imagen-Post-mapa-empatia-300x225.jpg 300w, https:\/\/talentinpeople.com\/wp-content\/uploads\/2021\/05\/Imagen-Post-mapa-empatia-1024x768.jpg 1024w, https:\/\/talentinpeople.com\/wp-content\/uploads\/2021\/05\/Imagen-Post-mapa-empatia-768x576.jpg 768w\" sizes=\"(max-width: 1299px) 100vw, 1299px\" \/><\/div>\n\t\t<\/a>\n\t\t\t\t<div class=\"elementor-post__text\">\n\t\t\t\t<h3 class=\"elementor-post__title\">\n\t\t\t<a href=\"https:\/\/talentinpeople.com\/fr\/la-carte-dempathie\/\" >\n\t\t\t\tLA CARTE D&rsquo;EMPATHIE\t\t\t<\/a>\n\t\t<\/h3>\n\t\t\t\t<div class=\"elementor-post__meta-data\">\n\t\t\t\t\t<span class=\"elementor-post-date\">\n\t\t\t23 septembre 2021\t\t<\/span>\n\t\t\t\t<\/div>\n\t\t\t\t<div class=\"elementor-post__excerpt\">\n\t\t\t<p>LA CARTE D&rsquo;EMPATHIE est un outil qui nous aide \u00e0 am\u00e9liorer notre connaissance d&rsquo;une personne, dans ce cas un client, en pr\u00e9vision d&rsquo;une future r\u00e9union<\/p>\n\t\t<\/div>\n\t\t\t\t<\/div>\n\t\t\t\t<\/article>\n\t\t\t\t<article class=\"elementor-post elementor-grid-item post-3059 post type-post status-publish format-standard has-post-thumbnail hentry category-ressource\" role=\"listitem\">\n\t\t\t\t<a class=\"elementor-post__thumbnail__link\" href=\"https:\/\/talentinpeople.com\/fr\/les-10-cles-de-lecoute-active\/\" tabindex=\"-1\" >\n\t\t\t<div class=\"elementor-post__thumbnail\"><img loading=\"lazy\" decoding=\"async\" width=\"1299\" height=\"974\" src=\"https:\/\/talentinpeople.com\/wp-content\/uploads\/2021\/05\/Imagen-Post-escucha-activa.jpg\" class=\"attachment-full size-full wp-image-2540\" alt=\"\" srcset=\"https:\/\/talentinpeople.com\/wp-content\/uploads\/2021\/05\/Imagen-Post-escucha-activa.jpg 1299w, https:\/\/talentinpeople.com\/wp-content\/uploads\/2021\/05\/Imagen-Post-escucha-activa-300x225.jpg 300w, https:\/\/talentinpeople.com\/wp-content\/uploads\/2021\/05\/Imagen-Post-escucha-activa-1024x768.jpg 1024w, https:\/\/talentinpeople.com\/wp-content\/uploads\/2021\/05\/Imagen-Post-escucha-activa-768x576.jpg 768w\" sizes=\"(max-width: 1299px) 100vw, 1299px\" \/><\/div>\n\t\t<\/a>\n\t\t\t\t<div class=\"elementor-post__text\">\n\t\t\t\t<h3 class=\"elementor-post__title\">\n\t\t\t<a href=\"https:\/\/talentinpeople.com\/fr\/les-10-cles-de-lecoute-active\/\" >\n\t\t\t\tLES 10 CL\u00c9S DE L&rsquo;\u00c9COUTE ACTIVE\t\t\t<\/a>\n\t\t<\/h3>\n\t\t\t\t<div class=\"elementor-post__meta-data\">\n\t\t\t\t\t<span class=\"elementor-post-date\">\n\t\t\t23 septembre 2021\t\t<\/span>\n\t\t\t\t<\/div>\n\t\t\t\t<div class=\"elementor-post__excerpt\">\n\t\t\t<p>L&rsquo;\u00e9coute est probablement l&rsquo;une des comp\u00e9tences de communication les plus difficiles \u00e0 appliquer. Voici 10 conseils pour vous aider \u00e0 am\u00e9liorer votre \u00e9coute des autres<\/p>\n\t\t<\/div>\n\t\t\t\t<\/div>\n\t\t\t\t<\/article>\n\t\t\t\t<article class=\"elementor-post elementor-grid-item post-2957 post type-post status-publish format-standard has-post-thumbnail hentry category-exemples-de-reussite\" role=\"listitem\">\n\t\t\t\t<a class=\"elementor-post__thumbnail__link\" href=\"https:\/\/talentinpeople.com\/fr\/talent-in-coaching-processus-de-coaching-pour-se-prepare-a-une-conversation-difficile\/\" tabindex=\"-1\" >\n\t\t\t<div class=\"elementor-post__thumbnail\"><img loading=\"lazy\" decoding=\"async\" width=\"2560\" height=\"1440\" src=\"https:\/\/talentinpeople.com\/wp-content\/uploads\/2021\/05\/Talent-in-Coaching-Caso-de-exito-scaled.jpg\" class=\"attachment-full size-full wp-image-2439\" alt=\"\" srcset=\"https:\/\/talentinpeople.com\/wp-content\/uploads\/2021\/05\/Talent-in-Coaching-Caso-de-exito-scaled.jpg 2560w, https:\/\/talentinpeople.com\/wp-content\/uploads\/2021\/05\/Talent-in-Coaching-Caso-de-exito-300x169.jpg 300w, https:\/\/talentinpeople.com\/wp-content\/uploads\/2021\/05\/Talent-in-Coaching-Caso-de-exito-1024x576.jpg 1024w, https:\/\/talentinpeople.com\/wp-content\/uploads\/2021\/05\/Talent-in-Coaching-Caso-de-exito-768x432.jpg 768w, https:\/\/talentinpeople.com\/wp-content\/uploads\/2021\/05\/Talent-in-Coaching-Caso-de-exito-1536x864.jpg 1536w, https:\/\/talentinpeople.com\/wp-content\/uploads\/2021\/05\/Talent-in-Coaching-Caso-de-exito-2048x1152.jpg 2048w\" sizes=\"(max-width: 2560px) 100vw, 2560px\" \/><\/div>\n\t\t<\/a>\n\t\t\t\t<div class=\"elementor-post__text\">\n\t\t\t\t<h3 class=\"elementor-post__title\">\n\t\t\t<a href=\"https:\/\/talentinpeople.com\/fr\/talent-in-coaching-processus-de-coaching-pour-se-prepare-a-une-conversation-difficile\/\" >\n\t\t\t\tTalent in coaching: Processus de coaching pour se pr\u00e9pare \u00e0 une conversation difficile.\t\t\t<\/a>\n\t\t<\/h3>\n\t\t\t\t<div class=\"elementor-post__meta-data\">\n\t\t\t\t\t<span class=\"elementor-post-date\">\n\t\t\t31 ao\u00fbt 2021\t\t<\/span>\n\t\t\t\t<\/div>\n\t\t\t\t<div class=\"elementor-post__excerpt\">\n\t\t\t<p>Voici un exemple de r\u00e9ussite de Talent in People en mati\u00e8re de coaching, dans lequel les noms ont \u00e9t\u00e9 omis pour une question de confidentialit\u00e9.<\/p>\n\t\t<\/div>\n\t\t\t\t<\/div>\n\t\t\t\t<\/article>\n\t\t\t\t<article class=\"elementor-post elementor-grid-item post-2939 post type-post status-publish format-standard has-post-thumbnail hentry category-exemples-de-reussite\" role=\"listitem\">\n\t\t\t\t<a class=\"elementor-post__thumbnail__link\" href=\"https:\/\/talentinpeople.com\/fr\/talent-in-motivation-conseil-et-amelioration-du-climat-dune-equipe-de-travail-immergee-dans-un-processus-de-changement\/\" tabindex=\"-1\" >\n\t\t\t<div class=\"elementor-post__thumbnail\"><img loading=\"lazy\" decoding=\"async\" width=\"2560\" height=\"1560\" src=\"https:\/\/talentinpeople.com\/wp-content\/uploads\/2021\/05\/Talent-in-Motivation-Caso-de-exito-scaled.jpg\" class=\"attachment-full size-full wp-image-2442\" alt=\"\" srcset=\"https:\/\/talentinpeople.com\/wp-content\/uploads\/2021\/05\/Talent-in-Motivation-Caso-de-exito-scaled.jpg 2560w, https:\/\/talentinpeople.com\/wp-content\/uploads\/2021\/05\/Talent-in-Motivation-Caso-de-exito-300x183.jpg 300w, https:\/\/talentinpeople.com\/wp-content\/uploads\/2021\/05\/Talent-in-Motivation-Caso-de-exito-1024x624.jpg 1024w, https:\/\/talentinpeople.com\/wp-content\/uploads\/2021\/05\/Talent-in-Motivation-Caso-de-exito-768x468.jpg 768w, https:\/\/talentinpeople.com\/wp-content\/uploads\/2021\/05\/Talent-in-Motivation-Caso-de-exito-1536x936.jpg 1536w, https:\/\/talentinpeople.com\/wp-content\/uploads\/2021\/05\/Talent-in-Motivation-Caso-de-exito-2048x1248.jpg 2048w\" sizes=\"(max-width: 2560px) 100vw, 2560px\" \/><\/div>\n\t\t<\/a>\n\t\t\t\t<div class=\"elementor-post__text\">\n\t\t\t\t<h3 class=\"elementor-post__title\">\n\t\t\t<a href=\"https:\/\/talentinpeople.com\/fr\/talent-in-motivation-conseil-et-amelioration-du-climat-dune-equipe-de-travail-immergee-dans-un-processus-de-changement\/\" >\n\t\t\t\tTalent in motivation: Conseil et am\u00e9lioration du climat d&rsquo;une \u00e9quipe de travail immerg\u00e9e dans un processus de changement.\t\t\t<\/a>\n\t\t<\/h3>\n\t\t\t\t<div class=\"elementor-post__meta-data\">\n\t\t\t\t\t<span class=\"elementor-post-date\">\n\t\t\t31 ao\u00fbt 2021\t\t<\/span>\n\t\t\t\t<\/div>\n\t\t\t\t<div class=\"elementor-post__excerpt\">\n\t\t\t<p>Voici un exemple de r\u00e9ussite de Talent in Motivation en mati\u00e8re de d\u00e9veloppement d&rsquo;\u00e9quipe, avec omission des noms pour une question de confidentialit\u00e9. ENTREPRISE :\u00a0multinationale<\/p>\n\t\t<\/div>\n\t\t\t\t<\/div>\n\t\t\t\t<\/article>\n\t\t\t\t<article class=\"elementor-post elementor-grid-item post-2921 post type-post status-publish format-standard has-post-thumbnail hentry category-exemples-de-reussite\" role=\"listitem\">\n\t\t\t\t<a class=\"elementor-post__thumbnail__link\" href=\"https:\/\/talentinpeople.com\/fr\/talent-in-training-programme-de-developpement-de-competences-transversales-pour-lensemble-dune-organisation\/\" tabindex=\"-1\" >\n\t\t\t<div class=\"elementor-post__thumbnail\"><img loading=\"lazy\" decoding=\"async\" width=\"2560\" height=\"877\" src=\"https:\/\/talentinpeople.com\/wp-content\/uploads\/2021\/05\/Talent-in-Training-Caso-de-exito-scaled.jpg\" class=\"attachment-full size-full wp-image-2436\" alt=\"\" srcset=\"https:\/\/talentinpeople.com\/wp-content\/uploads\/2021\/05\/Talent-in-Training-Caso-de-exito-scaled.jpg 2560w, https:\/\/talentinpeople.com\/wp-content\/uploads\/2021\/05\/Talent-in-Training-Caso-de-exito-300x103.jpg 300w, https:\/\/talentinpeople.com\/wp-content\/uploads\/2021\/05\/Talent-in-Training-Caso-de-exito-1024x351.jpg 1024w, https:\/\/talentinpeople.com\/wp-content\/uploads\/2021\/05\/Talent-in-Training-Caso-de-exito-768x263.jpg 768w, https:\/\/talentinpeople.com\/wp-content\/uploads\/2021\/05\/Talent-in-Training-Caso-de-exito-1536x526.jpg 1536w, https:\/\/talentinpeople.com\/wp-content\/uploads\/2021\/05\/Talent-in-Training-Caso-de-exito-2048x702.jpg 2048w\" sizes=\"(max-width: 2560px) 100vw, 2560px\" \/><\/div>\n\t\t<\/a>\n\t\t\t\t<div class=\"elementor-post__text\">\n\t\t\t\t<h3 class=\"elementor-post__title\">\n\t\t\t<a href=\"https:\/\/talentinpeople.com\/fr\/talent-in-training-programme-de-developpement-de-competences-transversales-pour-lensemble-dune-organisation\/\" >\n\t\t\t\tTalent in training: Programme de d\u00e9veloppement de comp\u00e9tences transversales pour l&rsquo;ensemble d&rsquo;une organisation\t\t\t<\/a>\n\t\t<\/h3>\n\t\t\t\t<div class=\"elementor-post__meta-data\">\n\t\t\t\t\t<span class=\"elementor-post-date\">\n\t\t\t31 ao\u00fbt 2021\t\t<\/span>\n\t\t\t\t<\/div>\n\t\t\t\t<div class=\"elementor-post__excerpt\">\n\t\t\t<p>Voici un exemple de programme de formation s&rsquo;adressant \u00e0 un collectif important (plus de 500 personnes d&rsquo;une multinationale) afin de d\u00e9velopper et de renforcer diff\u00e9rentes<\/p>\n\t\t<\/div>\n\t\t\t\t<\/div>\n\t\t\t\t<\/article>\n\t\t\t\t<\/div>\n\t\t\n\t\t\t\t\t\t<\/div>\n\t\t\t\t<\/div>\n\t\t\t\t\t<\/div>\n\t\t<\/div>\n\t\t\t\t\t<\/div>\n\t\t<\/section>\n\t\t\t\t<\/div>\n\t\t","protected":false},"excerpt":{"rendered":"<p>Blog Training Motivation Coaching<\/p>\n","protected":false},"author":2,"featured_media":0,"parent":0,"menu_order":0,"comment_status":"closed","ping_status":"closed","template":"page-blank.php","meta":{"footnotes":""},"class_list":["post-2896","page","type-page","status-publish","hentry"],"yoast_head":"<!-- This site is optimized with the Yoast SEO Premium plugin v26.9 (Yoast SEO v27.0) - https:\/\/yoast.com\/product\/yoast-seo-premium-wordpress\/ -->\n<title>Blog | Talent In People<\/title>\n<meta name=\"robots\" content=\"index, follow, max-snippet:-1, max-image-preview:large, max-video-preview:-1\" \/>\n<link rel=\"canonical\" href=\"https:\/\/talentinpeople.com\/blog\/\" \/>\n<meta property=\"og:locale\" content=\"fr_FR\" \/>\n<meta property=\"og:type\" content=\"article\" \/>\n<meta property=\"og:title\" content=\"Blog\" \/>\n<meta property=\"og:description\" content=\"Blog Training Motivation Coaching\" \/>\n<meta property=\"og:url\" content=\"https:\/\/talentinpeople.com\/blog\/\" \/>\n<meta property=\"og:site_name\" content=\"Talent In People\" \/>\n<meta property=\"article:modified_time\" content=\"2021-09-01T07:41:38+00:00\" \/>\n<meta property=\"og:image\" content=\"https:\/\/talentinpeople.com\/wp-content\/uploads\/2021\/03\/detalletitulo.png\" \/>\n<meta name=\"twitter:card\" content=\"summary_large_image\" \/>\n<script type=\"application\/ld+json\" class=\"yoast-schema-graph\">{\"@context\":\"https:\/\/schema.org\",\"@graph\":[{\"@type\":\"WebPage\",\"@id\":\"https:\/\/talentinpeople.com\/blog\/\",\"url\":\"https:\/\/talentinpeople.com\/blog\/\",\"name\":\"Blog | Talent In People\",\"isPartOf\":{\"@id\":\"https:\/\/talentinpeople.com\/#website\"},\"primaryImageOfPage\":{\"@id\":\"https:\/\/talentinpeople.com\/blog\/#primaryimage\"},\"image\":{\"@id\":\"https:\/\/talentinpeople.com\/blog\/#primaryimage\"},\"thumbnailUrl\":\"https:\/\/talentinpeople.com\/wp-content\/uploads\/2021\/03\/detalletitulo.png\",\"datePublished\":\"2021-08-31T10:59:53+00:00\",\"dateModified\":\"2021-09-01T07:41:38+00:00\",\"breadcrumb\":{\"@id\":\"https:\/\/talentinpeople.com\/blog\/#breadcrumb\"},\"inLanguage\":\"fr-FR\",\"potentialAction\":[{\"@type\":\"ReadAction\",\"target\":[\"https:\/\/talentinpeople.com\/blog\/\"]}]},{\"@type\":\"ImageObject\",\"inLanguage\":\"fr-FR\",\"@id\":\"https:\/\/talentinpeople.com\/blog\/#primaryimage\",\"url\":\"https:\/\/talentinpeople.com\/wp-content\/uploads\/2021\/03\/detalletitulo.png\",\"contentUrl\":\"https:\/\/talentinpeople.com\/wp-content\/uploads\/2021\/03\/detalletitulo.png\"},{\"@type\":\"BreadcrumbList\",\"@id\":\"https:\/\/talentinpeople.com\/blog\/#breadcrumb\",\"itemListElement\":[{\"@type\":\"ListItem\",\"position\":1,\"name\":\"Home\",\"item\":\"https:\/\/talentinpeople.com\/fr\/\"},{\"@type\":\"ListItem\",\"position\":2,\"name\":\"Blog\"}]},{\"@type\":\"WebSite\",\"@id\":\"https:\/\/talentinpeople.com\/#website\",\"url\":\"https:\/\/talentinpeople.com\/\",\"name\":\"Talent In People\",\"description\":\"Es tu momento, consigue objetivos.\",\"potentialAction\":[{\"@type\":\"SearchAction\",\"target\":{\"@type\":\"EntryPoint\",\"urlTemplate\":\"https:\/\/talentinpeople.com\/?s={search_term_string}\"},\"query-input\":{\"@type\":\"PropertyValueSpecification\",\"valueRequired\":true,\"valueName\":\"search_term_string\"}}],\"inLanguage\":\"fr-FR\"}]}<\/script>\n<!-- \/ Yoast SEO Premium plugin. -->","yoast_head_json":{"title":"Blog | Talent In People","robots":{"index":"index","follow":"follow","max-snippet":"max-snippet:-1","max-image-preview":"max-image-preview:large","max-video-preview":"max-video-preview:-1"},"canonical":"https:\/\/talentinpeople.com\/blog\/","og_locale":"fr_FR","og_type":"article","og_title":"Blog","og_description":"Blog Training Motivation Coaching","og_url":"https:\/\/talentinpeople.com\/blog\/","og_site_name":"Talent In People","article_modified_time":"2021-09-01T07:41:38+00:00","og_image":[{"url":"https:\/\/talentinpeople.com\/wp-content\/uploads\/2021\/03\/detalletitulo.png","type":"","width":"","height":""}],"twitter_card":"summary_large_image","schema":{"@context":"https:\/\/schema.org","@graph":[{"@type":"WebPage","@id":"https:\/\/talentinpeople.com\/blog\/","url":"https:\/\/talentinpeople.com\/blog\/","name":"Blog | Talent In People","isPartOf":{"@id":"https:\/\/talentinpeople.com\/#website"},"primaryImageOfPage":{"@id":"https:\/\/talentinpeople.com\/blog\/#primaryimage"},"image":{"@id":"https:\/\/talentinpeople.com\/blog\/#primaryimage"},"thumbnailUrl":"https:\/\/talentinpeople.com\/wp-content\/uploads\/2021\/03\/detalletitulo.png","datePublished":"2021-08-31T10:59:53+00:00","dateModified":"2021-09-01T07:41:38+00:00","breadcrumb":{"@id":"https:\/\/talentinpeople.com\/blog\/#breadcrumb"},"inLanguage":"fr-FR","potentialAction":[{"@type":"ReadAction","target":["https:\/\/talentinpeople.com\/blog\/"]}]},{"@type":"ImageObject","inLanguage":"fr-FR","@id":"https:\/\/talentinpeople.com\/blog\/#primaryimage","url":"https:\/\/talentinpeople.com\/wp-content\/uploads\/2021\/03\/detalletitulo.png","contentUrl":"https:\/\/talentinpeople.com\/wp-content\/uploads\/2021\/03\/detalletitulo.png"},{"@type":"BreadcrumbList","@id":"https:\/\/talentinpeople.com\/blog\/#breadcrumb","itemListElement":[{"@type":"ListItem","position":1,"name":"Home","item":"https:\/\/talentinpeople.com\/fr\/"},{"@type":"ListItem","position":2,"name":"Blog"}]},{"@type":"WebSite","@id":"https:\/\/talentinpeople.com\/#website","url":"https:\/\/talentinpeople.com\/","name":"Talent In People","description":"Es tu momento, consigue objetivos.","potentialAction":[{"@type":"SearchAction","target":{"@type":"EntryPoint","urlTemplate":"https:\/\/talentinpeople.com\/?s={search_term_string}"},"query-input":{"@type":"PropertyValueSpecification","valueRequired":true,"valueName":"search_term_string"}}],"inLanguage":"fr-FR"}]}},"_links":{"self":[{"href":"https:\/\/talentinpeople.com\/fr\/wp-json\/wp\/v2\/pages\/2896","targetHints":{"allow":["GET"]}}],"collection":[{"href":"https:\/\/talentinpeople.com\/fr\/wp-json\/wp\/v2\/pages"}],"about":[{"href":"https:\/\/talentinpeople.com\/fr\/wp-json\/wp\/v2\/types\/page"}],"author":[{"embeddable":true,"href":"https:\/\/talentinpeople.com\/fr\/wp-json\/wp\/v2\/users\/2"}],"replies":[{"embeddable":true,"href":"https:\/\/talentinpeople.com\/fr\/wp-json\/wp\/v2\/comments?post=2896"}],"version-history":[{"count":3,"href":"https:\/\/talentinpeople.com\/fr\/wp-json\/wp\/v2\/pages\/2896\/revisions"}],"predecessor-version":[{"id":2909,"href":"https:\/\/talentinpeople.com\/fr\/wp-json\/wp\/v2\/pages\/2896\/revisions\/2909"}],"wp:attachment":[{"href":"https:\/\/talentinpeople.com\/fr\/wp-json\/wp\/v2\/media?parent=2896"}],"curies":[{"name":"wp","href":"https:\/\/api.w.org\/{rel}","templated":true}]}}